{"id":28650,"date":"2019-07-03T16:29:50","date_gmt":"2019-07-03T14:29:50","guid":{"rendered":"https:\/\/www.chiavariturismo.it\/?page_id=28650"},"modified":"2024-11-27T14:23:34","modified_gmt":"2024-11-27T13:23:34","slug":"gallery","status":"publish","type":"page","link":"https:\/\/www.chiavariturismo.it\/fr\/gallery\/","title":{"rendered":"Gallery"},"content":{"rendered":"<div class=\"wpb-content-wrapper\">[vc_row full_width=&#8221;stretch_row&#8221;][vc_column]\n\t\t\t<!-- START gallery REVOLUTION SLIDER 6.7.35 --><p class=\"rs-p-wp-fix\"><\/p>\n\t\t\t<rs-module-wrap id=\"rev_slider_57_1_wrapper\" data-source=\"gallery\" style=\"visibility:hidden;background:#ffffff;padding:0;margin:0px auto;margin-top:0;margin-bottom:0;\">\n\t\t\t\t<rs-module id=\"rev_slider_57_1\" style=\"\" data-version=\"6.7.35\">\n\t\t\t\t\t<rs-slides style=\"overflow: hidden; position: absolute;\">\n\t\t\t\t\t\t<rs-slide style=\"position: absolute;\" data-key=\"rs-93\" data-title=\"Slide\" data-duration=\"9000\" data-anim=\"ms:10;\" data-in=\"o:1;\" data-out=\"a:false;\" data-hal=\"500\">\n\t\t\t\t\t\t\t<img src=\"\/\/www.chiavariturismo.it\/wp-content\/plugins\/revslider\/sr6\/assets\/assets\/dummy.png\" alt=\"gallery\" title=\"gallery\" width=\"2200\" height=\"1103\" class=\"rev-slidebg tp-rs-img rs-lazyload\" data-lazyload=\"\/\/www.chiavariturismo.it\/wp-content\/uploads\/2024\/11\/gallery.jpg\" data-bg=\"p:center bottom;\" data-parallax=\"15\" data-no-retina>\n<!--\n\t\t\t\t\t\t\t--><h1\n\t\t\t\t\t\t\t\tid=\"slider-57-slide-93-layer-1\" \n\t\t\t\t\t\t\t\tclass=\"rs-layer text-shadow\"\n\t\t\t\t\t\t\t\tdata-type=\"text\"\n\t\t\t\t\t\t\t\tdata-rsp_ch=\"on\"\n\t\t\t\t\t\t\t\ttitle=\"Eventi e Manifestazioni\"\n\t\t\t\t\t\t\t\tdata-xy=\"x:c;y:m;\"\n\t\t\t\t\t\t\t\tdata-text=\"s:80,66,51,32;l:85,64,42,32;a:center;\"\n\t\t\t\t\t\t\t\tdata-frame_1=\"x:0,0px,0px,0px;y:0,0px,0px,0px;\"\n\t\t\t\t\t\t\t\tdata-frame_999=\"o:0;st:w;sR:8700;\"\n\t\t\t\t\t\t\t\tstyle=\"z-index:5;font-family:'Georgia', 'serif';\"\n\t\t\t\t\t\t\t>GALLERY \n\t\t\t\t\t\t\t<\/h1><!--\n-->\t\t\t\t\t<\/rs-slide>\n\t\t\t\t\t<\/rs-slides>\n\t\t\t\t<\/rs-module>\n\t\t\t\t<script>\n\t\t\t\t\tsetREVStartSize({c: 'rev_slider_57_1',rl:[1240,1024,778,480],el:[950,767.986,960,720],gw:[1920,1024,778,480],gh:[950,768,960,720],type:'hero',justify:'',layout:'fullwidth',mh:\"0\"});if (window.RS_MODULES!==undefined && window.RS_MODULES.modules!==undefined && window.RS_MODULES.modules[\"revslider571\"]!==undefined) {window.RS_MODULES.modules[\"revslider571\"].once = false;window.revapi57 = undefined;if (window.RS_MODULES.checkMinimal!==undefined) window.RS_MODULES.checkMinimal()}\n\t\t\t\t<\/script>\n\t\t\t<\/rs-module-wrap>\n\t\t\t<!-- END REVOLUTION SLIDER -->\n[vc_empty_space][\/vc_column][\/vc_row][vc_row css_animation=&#8221;slideInLeft&#8221;][vc_column][vc_raw_html]JTNDZGl2JTIwc3R5bGUlM0QlMjJwYWRkaW5nJTNBNTYuMjUlMjUlMjAwJTIwMCUyMDAlM0Jwb3NpdGlvbiUzQXJlbGF0aXZlJTNCJTIyJTNFJTNDaWZyYW1lJTIwc3JjJTNEJTIyaHR0cHMlM0ElMkYlMkZwbGF5ZXIudmltZW8uY29tJTJGdmlkZW8lMkYzMDE4MjE4MjElM0ZhdXRvcGxheSUzRDElMjZ0aXRsZSUzRDAlMjZieWxpbmUlM0QwJTI2cG9ydHJhaXQlM0QwJTI2bG9vcCUzRDAlMjIlMjBzdHlsZSUzRCUyMnBvc2l0aW9uJTNBYWJzb2x1dGUlM0J0b3AlM0EwJTNCbGVmdCUzQTAlM0J3aWR0aCUzQTEwMCUyNSUzQmhlaWdodCUzQTEwMCUyNSUzQiUyMiUyMGZyYW1lYm9yZGVyJTNEJTIyMCUyMiUyMHdlYmtpdGFsbG93ZnVsbHNjcmVlbiUyMG1vemFsbG93ZnVsbHNjcmVlbiUyMGFsbG93ZnVsbHNjcmVlbiUyMGFsbG93JTNEJTIyYXV0b3BsYXklMjIlM0UlM0MlMkZpZnJhbWUlM0UlM0MlMkZkaXYlM0UlM0NzY3JpcHQlMjBzcmMlM0QlMjJodHRwcyUzQSUyRiUyRnBsYXllci52aW1lby5jb20lMkZhcGklMkZwbGF5ZXIuanMlMjIlM0UlM0MlMkZzY3JpcHQlM0U=[\/vc_raw_html][vc_text_separator title_level=&#8221;h3&#8243; title=&#8221;Histoire&#8221; css_animation=&#8221;fadeIn&#8221; css=&#8221;.vc_custom_1562163879916{margin-bottom: 0px !important;border-bottom-width: 0px !important;}&#8221;]<style>.gem-gallery-grid#style-69f4385a75e43 .gallery-item { padding: calc(5px\/2) !important; }.gem-gallery-grid#style-69f4385a75e43 .gallery-set { margin-top: calc(-5px\/2); margin-bottom: calc(-5px\/2); }.gem-gallery-grid#style-69f4385a75e43 .not-fullwidth-block .gallery-set, .gem-gallery-grid#style-69f4385a75e43 .not-fullwidth-block .portfolio-item-size-container { margin-left: calc(-5px\/2); margin-right: calc(-5px\/2); }.gem-gallery-grid#style-69f4385a75e43 .fullwidth-block { padding-left: calc(5px\/2); padding-right: calc(5px\/2); }.gem-gallery-grid#style-69f4385a75e43 .portfolio-filters { text-align: center }<\/style><div id=\"style-preloader-69f4385a75e43\" class=\"preloader save-space\"><div class=\"preloader-spin\"><\/div><\/div> <div class=\"gallery-preloader-wrapper\"> <div class=\"row\"> <div id=\"style-69f4385a75e43\" class=\"gem-gallery-grid col-lg-12 col-md-12 col-sm-12 gallery-style-metro hover-horizontal-sliding loading-animation item-animation-move-up metro columns-4 columns-tablet-2 columns-mobile-1 without-padding metro-item-style-default \" data-hover=\"horizontal-sliding\" data-uid=\"69f4385a75e43\" data-filter=\"[]\"> <div class=\"portfolio not-fullwidth-block \"> <ul class=\"gallery-set clearfix\" data-max-row-height=\"280\"> <li class=\"gallery-item gallery-0 col-xs-12 col-sm-6 col-md-3 item-animations-not-inited single-icon post-28650 page type-page status-publish\" style=\"\"> <div class=\"wrap gem-wrapbox-style-default\"> <div class=\"overlay-wrap\"> <div class=\"image-wrap \"> <picture> <source srcset=\"https:\/\/www.chiavariturismo.it\/wp-content\/uploads\/2018\/07\/chiavari-turismo-storia-thegem-portfolio-metro.jpg 1x\" sizes=\"100vw\"> <img src=\"https:\/\/www.chiavariturismo.it\/wp-content\/uploads\/2018\/07\/chiavari-turismo-storia-thegem-portfolio-metro.jpg\" width=\"785\" height=\"500\" class=\"attachment-thegem-portfolio-metro\" alt=\"Chiavari: sur la plage\" \/> <\/picture> <\/div> <div class=\"overlay \"> <div class=\"overlay-circle\"><\/div> <a href=\"https:\/\/www.chiavariturismo.it\/wp-content\/uploads\/2018\/07\/chiavari-turismo-storia.jpg\" class=\"gallery-item-link fancy-gallery\" data-fancybox=\"gallery-69f4385a75e43\"> <span class=\"slide-info\"> <span class=\"slide-info-title\"> Chiavari: sur la plage <\/span> <\/span> <\/a> <div class=\"overlay-content\"> <div class=\"overlay-content-center\"> <div class=\"overlay-content-inner\"> <a href=\"https:\/\/www.chiavariturismo.it\/wp-content\/uploads\/2018\/07\/chiavari-turismo-storia.jpg\" class=\"icon photo \" > <\/a> <div class=\"overlay-line\"><\/div> <div class=\"title\"> Chiavari: sur la plage <\/div> <\/div> <\/div> <\/div> <\/div> <\/div> <\/div> <\/li> <li class=\"gallery-item gallery-0 col-xs-12 col-sm-6 col-md-3 item-animations-not-inited single-icon post-28650 page type-page status-publish\" style=\"\"> <div class=\"wrap gem-wrapbox-style-default\"> <div class=\"overlay-wrap\"> <div class=\"image-wrap \"> <picture> <source srcset=\"https:\/\/www.chiavariturismo.it\/wp-content\/uploads\/2018\/07\/chiavari-turismo-storia-ricordo-di-chiavari-thegem-portfolio-metro.jpg 1x\" sizes=\"100vw\"> <img src=\"https:\/\/www.chiavariturismo.it\/wp-content\/uploads\/2018\/07\/chiavari-turismo-storia-ricordo-di-chiavari-thegem-portfolio-metro.jpg\" width=\"778\" height=\"500\" class=\"attachment-thegem-portfolio-metro\" alt=\"Chiavari, 1900: Piazza Vittorio Emanuele\" \/> <\/picture> <\/div> <div class=\"overlay \"> <div class=\"overlay-circle\"><\/div> <a href=\"https:\/\/www.chiavariturismo.it\/wp-content\/uploads\/2018\/07\/chiavari-turismo-storia-ricordo-di-chiavari.jpg\" class=\"gallery-item-link fancy-gallery\" data-fancybox=\"gallery-69f4385a75e43\"> <span class=\"slide-info\"> <span class=\"slide-info-title\"> Chiavari, 1900: Piazza Vittorio Emanuele <\/span> <\/span> <\/a> <div class=\"overlay-content\"> <div class=\"overlay-content-center\"> <div class=\"overlay-content-inner\"> <a href=\"https:\/\/www.chiavariturismo.it\/wp-content\/uploads\/2018\/07\/chiavari-turismo-storia-ricordo-di-chiavari.jpg\" class=\"icon photo \" > <\/a> <div class=\"overlay-line\"><\/div> <div class=\"title\"> Chiavari, 1900: Piazza Vittorio Emanuele <\/div> <\/div> <\/div> <\/div> <\/div> <\/div> <\/div> <\/li> <li class=\"gallery-item gallery-0 col-xs-12 col-sm-6 col-md-3 item-animations-not-inited single-icon post-28650 page type-page status-publish\" style=\"\"> <div class=\"wrap gem-wrapbox-style-default\"> <div class=\"overlay-wrap\"> <div class=\"image-wrap \"> <picture> <source srcset=\"https:\/\/www.chiavariturismo.it\/wp-content\/uploads\/2018\/07\/chiavari-turismo-storia-carniglia-thegem-portfolio-metro.jpg 1x\" sizes=\"100vw\"> <img src=\"https:\/\/www.chiavariturismo.it\/wp-content\/uploads\/2018\/07\/chiavari-turismo-storia-carniglia-thegem-portfolio-metro.jpg\" width=\"786\" height=\"500\" class=\"attachment-thegem-portfolio-metro\" alt=\"Chiavari, 1906\" \/> <\/picture> <\/div> <div class=\"overlay \"> <div class=\"overlay-circle\"><\/div> <a href=\"https:\/\/www.chiavariturismo.it\/wp-content\/uploads\/2018\/07\/chiavari-turismo-storia-carniglia.jpg\" class=\"gallery-item-link fancy-gallery\" data-fancybox=\"gallery-69f4385a75e43\"> <span class=\"slide-info\"> <span class=\"slide-info-title\"> Chiavari, 1906 <\/span> <\/span> <\/a> <div class=\"overlay-content\"> <div class=\"overlay-content-center\"> <div class=\"overlay-content-inner\"> <a href=\"https:\/\/www.chiavariturismo.it\/wp-content\/uploads\/2018\/07\/chiavari-turismo-storia-carniglia.jpg\" class=\"icon photo \" > <\/a> <div class=\"overlay-line\"><\/div> <div class=\"title\"> Chiavari, 1906 <\/div> <\/div> <\/div> <\/div> <\/div> <\/div> <\/div> <\/li> <li class=\"gallery-item gallery-0 col-xs-12 col-sm-6 col-md-3 item-animations-not-inited single-icon post-28650 page type-page status-publish\" style=\"\"> <div class=\"wrap gem-wrapbox-style-default\"> <div class=\"overlay-wrap\"> <div class=\"image-wrap \"> <picture> <source srcset=\"https:\/\/www.chiavariturismo.it\/wp-content\/uploads\/2018\/07\/chiavari-turismo-storia-2-thegem-portfolio-metro.jpg 1x\" sizes=\"100vw\"> <img src=\"https:\/\/www.chiavariturismo.it\/wp-content\/uploads\/2018\/07\/chiavari-turismo-storia-2-thegem-portfolio-metro.jpg\" width=\"773\" height=\"500\" class=\"attachment-thegem-portfolio-metro\" alt=\"Chiavari, 1903\" \/> <\/picture> <\/div> <div class=\"overlay \"> <div class=\"overlay-circle\"><\/div> <a href=\"https:\/\/www.chiavariturismo.it\/wp-content\/uploads\/2018\/07\/chiavari-turismo-storia-2.jpg\" class=\"gallery-item-link fancy-gallery\" data-fancybox=\"gallery-69f4385a75e43\"> <span class=\"slide-info\"> <span class=\"slide-info-title\"> Chiavari, 1903 <\/span> <\/span> <\/a> <div class=\"overlay-content\"> <div class=\"overlay-content-center\"> <div class=\"overlay-content-inner\"> <a href=\"https:\/\/www.chiavariturismo.it\/wp-content\/uploads\/2018\/07\/chiavari-turismo-storia-2.jpg\" class=\"icon photo \" > <\/a> <div class=\"overlay-line\"><\/div> <div class=\"title\"> Chiavari, 1903 <\/div> <\/div> <\/div> <\/div> <\/div> <\/div> <\/div> <\/li> <li class=\"gallery-item gallery-0 col-xs-12 col-sm-6 col-md-3 item-animations-not-inited single-icon post-28650 page type-page status-publish\" style=\"\"> <div class=\"wrap gem-wrapbox-style-default\"> <div class=\"overlay-wrap\"> <div class=\"image-wrap \"> <picture> <source srcset=\"https:\/\/www.chiavariturismo.it\/wp-content\/uploads\/2018\/07\/chiavari-turismo-storia-ponte-napoleone-entella-thegem-portfolio-metro.jpg 1x\" sizes=\"100vw\"> <img src=\"https:\/\/www.chiavariturismo.it\/wp-content\/uploads\/2018\/07\/chiavari-turismo-storia-ponte-napoleone-entella-thegem-portfolio-metro.jpg\" width=\"772\" height=\"500\" class=\"attachment-thegem-portfolio-metro\" alt=\"Chiavari 1909, Pont Napol\u00e9on sur le fleuve Entella\" \/> <\/picture> <\/div> <div class=\"overlay \"> <div class=\"overlay-circle\"><\/div> <a href=\"https:\/\/www.chiavariturismo.it\/wp-content\/uploads\/2018\/07\/chiavari-turismo-storia-ponte-napoleone-entella.jpg\" class=\"gallery-item-link fancy-gallery\" data-fancybox=\"gallery-69f4385a75e43\"> <span class=\"slide-info\"> <span class=\"slide-info-title\"> Chiavari 1909, Pont Napol\u00e9on sur le fleuve Entella <\/span> <\/span> <\/a> <div class=\"overlay-content\"> <div class=\"overlay-content-center\"> <div class=\"overlay-content-inner\"> <a href=\"https:\/\/www.chiavariturismo.it\/wp-content\/uploads\/2018\/07\/chiavari-turismo-storia-ponte-napoleone-entella.jpg\" class=\"icon photo \" > <\/a> <div class=\"overlay-line\"><\/div> <div class=\"title\"> Chiavari 1909, Pont Napol\u00e9on sur le fleuve Entella <\/div> <\/div> <\/div> <\/div> <\/div> <\/div> <\/div> <\/li> <li class=\"gallery-item gallery-0 col-xs-12 col-sm-6 col-md-3 item-animations-not-inited single-icon post-28650 page type-page status-publish\" style=\"\"> <div class=\"wrap gem-wrapbox-style-default\"> <div class=\"overlay-wrap\"> <div class=\"image-wrap \"> <picture> <source srcset=\"https:\/\/www.chiavariturismo.it\/wp-content\/uploads\/2018\/07\/chiavari-turismo-storia-stazione-thegem-portfolio-metro.jpg 1x\" sizes=\"100vw\"> <img src=\"https:\/\/www.chiavariturismo.it\/wp-content\/uploads\/2018\/07\/chiavari-turismo-storia-stazione-thegem-portfolio-metro.jpg\" width=\"755\" height=\"500\" class=\"attachment-thegem-portfolio-metro\" alt=\"Chiavari 1918, la gare\" \/> <\/picture> <\/div> <div class=\"overlay \"> <div class=\"overlay-circle\"><\/div> <a href=\"https:\/\/www.chiavariturismo.it\/wp-content\/uploads\/2018\/07\/chiavari-turismo-storia-stazione.jpg\" class=\"gallery-item-link fancy-gallery\" data-fancybox=\"gallery-69f4385a75e43\"> <span class=\"slide-info\"> <span class=\"slide-info-title\"> Chiavari 1918, la gare <\/span> <\/span> <\/a> <div class=\"overlay-content\"> <div class=\"overlay-content-center\"> <div class=\"overlay-content-inner\"> <a href=\"https:\/\/www.chiavariturismo.it\/wp-content\/uploads\/2018\/07\/chiavari-turismo-storia-stazione.jpg\" class=\"icon photo \" > <\/a> <div class=\"overlay-line\"><\/div> <div class=\"title\"> Chiavari 1918, la gare <\/div> <\/div> <\/div> <\/div> <\/div> <\/div> <\/div> <\/li> <li class=\"gallery-item gallery-0 col-xs-12 col-sm-6 col-md-3 item-animations-not-inited single-icon post-28650 page type-page status-publish\" style=\"\"> <div class=\"wrap gem-wrapbox-style-default\"> <div class=\"overlay-wrap\"> <div class=\"image-wrap \"> <picture> <source srcset=\"https:\/\/www.chiavariturismo.it\/wp-content\/uploads\/2018\/07\/chiavari-turismo-storia-notturno-thegem-portfolio-metro.jpg 1x\" sizes=\"100vw\"> <img src=\"https:\/\/www.chiavariturismo.it\/wp-content\/uploads\/2018\/07\/chiavari-turismo-storia-notturno-thegem-portfolio-metro.jpg\" width=\"712\" height=\"500\" class=\"attachment-thegem-portfolio-metro\" alt=\"Chiavari 1963, vue la nuit\" \/> <\/picture> <\/div> <div class=\"overlay \"> <div class=\"overlay-circle\"><\/div> <a href=\"https:\/\/www.chiavariturismo.it\/wp-content\/uploads\/2018\/07\/chiavari-turismo-storia-notturno.jpg\" class=\"gallery-item-link fancy-gallery\" data-fancybox=\"gallery-69f4385a75e43\"> <span class=\"slide-info\"> <span class=\"slide-info-title\"> Chiavari 1963, vue la nuit <\/span> <\/span> <\/a> <div class=\"overlay-content\"> <div class=\"overlay-content-center\"> <div class=\"overlay-content-inner\"> <a href=\"https:\/\/www.chiavariturismo.it\/wp-content\/uploads\/2018\/07\/chiavari-turismo-storia-notturno.jpg\" class=\"icon photo \" > <\/a> <div class=\"overlay-line\"><\/div> <div class=\"title\"> Chiavari 1963, vue la nuit <\/div> <\/div> <\/div> <\/div> <\/div> <\/div> <\/div> <\/li> <li class=\"gallery-item gallery-0 col-xs-12 col-sm-6 col-md-3 item-animations-not-inited single-icon post-28650 page type-page status-publish\" style=\"\"> <div class=\"wrap gem-wrapbox-style-default\"> <div class=\"overlay-wrap\"> <div class=\"image-wrap \"> <picture> <source srcset=\"https:\/\/www.chiavariturismo.it\/wp-content\/uploads\/2018\/07\/chiavari-turismo-storia-3-thegem-portfolio-metro.jpg 1x\" sizes=\"100vw\"> <img src=\"https:\/\/www.chiavariturismo.it\/wp-content\/uploads\/2018\/07\/chiavari-turismo-storia-3-thegem-portfolio-metro.jpg\" width=\"756\" height=\"500\" class=\"attachment-thegem-portfolio-metro\" alt=\"Chiavari, 1950: Corso Dante\" \/> <\/picture> <\/div> <div class=\"overlay \"> <div class=\"overlay-circle\"><\/div> <a href=\"https:\/\/www.chiavariturismo.it\/wp-content\/uploads\/2018\/07\/chiavari-turismo-storia-3.jpg\" class=\"gallery-item-link fancy-gallery\" data-fancybox=\"gallery-69f4385a75e43\"> <span class=\"slide-info\"> <span class=\"slide-info-title\"> Chiavari, 1950: Corso Dante <\/span> <\/span> <\/a> <div class=\"overlay-content\"> <div class=\"overlay-content-center\"> <div class=\"overlay-content-inner\"> <a href=\"https:\/\/www.chiavariturismo.it\/wp-content\/uploads\/2018\/07\/chiavari-turismo-storia-3.jpg\" class=\"icon photo \" > <\/a> <div class=\"overlay-line\"><\/div> <div class=\"title\"> Chiavari, 1950: Corso Dante <\/div> <\/div> <\/div> <\/div> <\/div> <\/div> <\/div> <\/li> <li class=\"gallery-item gallery-0 col-xs-12 col-sm-6 col-md-3 item-animations-not-inited single-icon post-28650 page type-page status-publish\" style=\"\"> <div class=\"wrap gem-wrapbox-style-default\"> <div class=\"overlay-wrap\"> <div class=\"image-wrap \"> <picture> <source srcset=\"https:\/\/www.chiavariturismo.it\/wp-content\/uploads\/2018\/07\/chiavari-turismo-storia-riviera-di-levante-thegem-portfolio-metro.jpg 1x\" sizes=\"100vw\"> <img src=\"https:\/\/www.chiavariturismo.it\/wp-content\/uploads\/2018\/07\/chiavari-turismo-storia-riviera-di-levante-thegem-portfolio-metro.jpg\" width=\"780\" height=\"500\" class=\"attachment-thegem-portfolio-metro\" alt=\"Chiavari, 1902: Piazza Garibaldi\" \/> <\/picture> <\/div> <div class=\"overlay \"> <div class=\"overlay-circle\"><\/div> <a href=\"https:\/\/www.chiavariturismo.it\/wp-content\/uploads\/2018\/07\/chiavari-turismo-storia-riviera-di-levante.jpg\" class=\"gallery-item-link fancy-gallery\" data-fancybox=\"gallery-69f4385a75e43\"> <span class=\"slide-info\"> <span class=\"slide-info-title\"> Chiavari, 1902: Piazza Garibaldi <\/span> <\/span> <\/a> <div class=\"overlay-content\"> <div class=\"overlay-content-center\"> <div class=\"overlay-content-inner\"> <a href=\"https:\/\/www.chiavariturismo.it\/wp-content\/uploads\/2018\/07\/chiavari-turismo-storia-riviera-di-levante.jpg\" class=\"icon photo \" > <\/a> <div class=\"overlay-line\"><\/div> <div class=\"title\"> Chiavari, 1902: Piazza Garibaldi <\/div> <\/div> <\/div> <\/div> <\/div> <\/div> <\/div> <\/li> <li class=\"gallery-item gallery-0 col-xs-12 col-sm-6 col-md-3 item-animations-not-inited single-icon post-28650 page type-page status-publish\" style=\"\"> <div class=\"wrap gem-wrapbox-style-default\"> <div class=\"overlay-wrap\"> <div class=\"image-wrap \"> <picture> <source srcset=\"https:\/\/www.chiavariturismo.it\/wp-content\/uploads\/2018\/07\/chiavari-turismo-storia-piazza-xx-settembre-thegem-portfolio-metro.jpg 1x\" sizes=\"100vw\"> <img src=\"https:\/\/www.chiavariturismo.it\/wp-content\/uploads\/2018\/07\/chiavari-turismo-storia-piazza-xx-settembre-thegem-portfolio-metro.jpg\" width=\"778\" height=\"500\" class=\"attachment-thegem-portfolio-metro\" alt=\"Chiavari, 1920: Piazza XX Settembre\" \/> <\/picture> <\/div> <div class=\"overlay \"> <div class=\"overlay-circle\"><\/div> <a href=\"https:\/\/www.chiavariturismo.it\/wp-content\/uploads\/2018\/07\/chiavari-turismo-storia-piazza-xx-settembre.jpg\" class=\"gallery-item-link fancy-gallery\" data-fancybox=\"gallery-69f4385a75e43\"> <span class=\"slide-info\"> <span class=\"slide-info-title\"> Chiavari, 1920: Piazza XX Settembre <\/span> <\/span> <\/a> <div class=\"overlay-content\"> <div class=\"overlay-content-center\"> <div class=\"overlay-content-inner\"> <a href=\"https:\/\/www.chiavariturismo.it\/wp-content\/uploads\/2018\/07\/chiavari-turismo-storia-piazza-xx-settembre.jpg\" class=\"icon photo \" > <\/a> <div class=\"overlay-line\"><\/div> <div class=\"title\"> Chiavari, 1920: Piazza XX Settembre <\/div> <\/div> <\/div> <\/div> <\/div> <\/div> <\/div> <\/li> <li class=\"gallery-item gallery-0 col-xs-12 col-sm-6 col-md-3 item-animations-not-inited single-icon post-28650 page type-page status-publish\" style=\"\"> <div class=\"wrap gem-wrapbox-style-default\"> <div class=\"overlay-wrap\"> <div class=\"image-wrap \"> <picture> <source srcset=\"https:\/\/www.chiavariturismo.it\/wp-content\/uploads\/2018\/07\/chiavari-turismo-storia-benedizione-campane-rupinaro-thegem-portfolio-metro.jpg 1x\" sizes=\"100vw\"> <img src=\"https:\/\/www.chiavariturismo.it\/wp-content\/uploads\/2018\/07\/chiavari-turismo-storia-benedizione-campane-rupinaro-thegem-portfolio-metro.jpg\" width=\"757\" height=\"500\" class=\"attachment-thegem-portfolio-metro\" alt=\"Chiavari 1912, Nouvelles cloches de Rupinaro apr\u00e8s la B\u00e9nediciton\" \/> <\/picture> <\/div> <div class=\"overlay \"> <div class=\"overlay-circle\"><\/div> <a href=\"https:\/\/www.chiavariturismo.it\/wp-content\/uploads\/2018\/07\/chiavari-turismo-storia-benedizione-campane-rupinaro.jpg\" class=\"gallery-item-link fancy-gallery\" data-fancybox=\"gallery-69f4385a75e43\"> <span class=\"slide-info\"> <span class=\"slide-info-title\"> Chiavari 1912, Nouvelles cloches de Rupinaro apr\u00e8s la B\u00e9nediciton <\/span> <\/span> <\/a> <div class=\"overlay-content\"> <div class=\"overlay-content-center\"> <div class=\"overlay-content-inner\"> <a href=\"https:\/\/www.chiavariturismo.it\/wp-content\/uploads\/2018\/07\/chiavari-turismo-storia-benedizione-campane-rupinaro.jpg\" class=\"icon photo \" > <\/a> <div class=\"overlay-line\"><\/div> <div class=\"title\"> Chiavari 1912, Nouvelles cloches de Rupinaro apr\u00e8s la B\u00e9nediciton <\/div> <\/div> <\/div> <\/div> <\/div> <\/div> <\/div> <\/li> <li class=\"gallery-item gallery-0 col-xs-12 col-sm-6 col-md-3 item-animations-not-inited single-icon post-28650 page type-page status-publish\" style=\"\"> <div class=\"wrap gem-wrapbox-style-default\"> <div class=\"overlay-wrap\"> <div class=\"image-wrap \"> <picture> <source srcset=\"https:\/\/www.chiavariturismo.it\/wp-content\/uploads\/2018\/07\/chiavari-turismo-storia-corso-dante-thegem-portfolio-metro.jpg 1x\" sizes=\"100vw\"> <img src=\"https:\/\/www.chiavariturismo.it\/wp-content\/uploads\/2018\/07\/chiavari-turismo-storia-corso-dante-thegem-portfolio-metro.jpg\" width=\"782\" height=\"500\" class=\"attachment-thegem-portfolio-metro\" alt=\"Chiavari, 1938: Corso Dante\" \/> <\/picture> <\/div> <div class=\"overlay \"> <div class=\"overlay-circle\"><\/div> <a href=\"https:\/\/www.chiavariturismo.it\/wp-content\/uploads\/2018\/07\/chiavari-turismo-storia-corso-dante.jpg\" class=\"gallery-item-link fancy-gallery\" data-fancybox=\"gallery-69f4385a75e43\"> <span class=\"slide-info\"> <span class=\"slide-info-title\"> Chiavari, 1938: Corso Dante <\/span> <\/span> <\/a> <div class=\"overlay-content\"> <div class=\"overlay-content-center\"> <div class=\"overlay-content-inner\"> <a href=\"https:\/\/www.chiavariturismo.it\/wp-content\/uploads\/2018\/07\/chiavari-turismo-storia-corso-dante.jpg\" class=\"icon photo \" > <\/a> <div class=\"overlay-line\"><\/div> <div class=\"title\"> Chiavari, 1938: Corso Dante <\/div> <\/div> <\/div> <\/div> <\/div> <\/div> <\/div> <\/li> <li class=\"gallery-item gallery-0 col-xs-12 col-sm-6 col-md-3 item-animations-not-inited single-icon post-28650 page type-page status-publish\" style=\"\"> <div class=\"wrap gem-wrapbox-style-default\"> <div class=\"overlay-wrap\"> <div class=\"image-wrap \"> <picture> <source srcset=\"https:\/\/www.chiavariturismo.it\/wp-content\/uploads\/2018\/07\/chiavari-turismo-storia-fiume-entella-thegem-portfolio-metro.jpg 1x\" sizes=\"100vw\"> <img src=\"https:\/\/www.chiavariturismo.it\/wp-content\/uploads\/2018\/07\/chiavari-turismo-storia-fiume-entella-thegem-portfolio-metro.jpg\" width=\"793\" height=\"500\" class=\"attachment-thegem-portfolio-metro\" alt=\"Chiavari 1907, fleuve Entella\" \/> <\/picture> <\/div> <div class=\"overlay \"> <div class=\"overlay-circle\"><\/div> <a href=\"https:\/\/www.chiavariturismo.it\/wp-content\/uploads\/2018\/07\/chiavari-turismo-storia-fiume-entella.jpg\" class=\"gallery-item-link fancy-gallery\" data-fancybox=\"gallery-69f4385a75e43\"> <span class=\"slide-info\"> <span class=\"slide-info-title\"> Chiavari 1907, fleuve Entella <\/span> <\/span> <\/a> <div class=\"overlay-content\"> <div class=\"overlay-content-center\"> <div class=\"overlay-content-inner\"> <a href=\"https:\/\/www.chiavariturismo.it\/wp-content\/uploads\/2018\/07\/chiavari-turismo-storia-fiume-entella.jpg\" class=\"icon photo \" > <\/a> <div class=\"overlay-line\"><\/div> <div class=\"title\"> Chiavari 1907, fleuve Entella <\/div> <\/div> <\/div> <\/div> <\/div> <\/div> <\/div> <\/li> <li class=\"gallery-item gallery-0 col-xs-12 col-sm-6 col-md-3 item-animations-not-inited single-icon post-28650 page type-page status-publish\" style=\"\"> <div class=\"wrap gem-wrapbox-style-default\"> <div class=\"overlay-wrap\"> <div class=\"image-wrap \"> <picture> <source srcset=\"https:\/\/www.chiavariturismo.it\/wp-content\/uploads\/2018\/07\/chiavari-turismo-storia-golfo-del-tigullio-thegem-portfolio-metro.jpg 1x\" sizes=\"100vw\"> <img src=\"https:\/\/www.chiavariturismo.it\/wp-content\/uploads\/2018\/07\/chiavari-turismo-storia-golfo-del-tigullio-thegem-portfolio-metro.jpg\" width=\"773\" height=\"500\" class=\"attachment-thegem-portfolio-metro\" alt=\"Panorama\" \/> <\/picture> <\/div> <div class=\"overlay \"> <div class=\"overlay-circle\"><\/div> <a href=\"https:\/\/www.chiavariturismo.it\/wp-content\/uploads\/2018\/07\/chiavari-turismo-storia-golfo-del-tigullio.jpg\" class=\"gallery-item-link fancy-gallery\" data-fancybox=\"gallery-69f4385a75e43\"> <span class=\"slide-info\"> <span class=\"slide-info-title\"> Panorama <\/span> <\/span> <\/a> <div class=\"overlay-content\"> <div class=\"overlay-content-center\"> <div class=\"overlay-content-inner\"> <a href=\"https:\/\/www.chiavariturismo.it\/wp-content\/uploads\/2018\/07\/chiavari-turismo-storia-golfo-del-tigullio.jpg\" class=\"icon photo \" > <\/a> <div class=\"overlay-line\"><\/div> <div class=\"title\"> Panorama <\/div> <\/div> <\/div> <\/div> <\/div> <\/div> <\/div> <\/li> <li class=\"gallery-item gallery-0 col-xs-12 col-sm-6 col-md-3 item-animations-not-inited single-icon post-28650 page type-page status-publish\" style=\"\"> <div class=\"wrap gem-wrapbox-style-default\"> <div class=\"overlay-wrap\"> <div class=\"image-wrap \"> <picture> <source srcset=\"https:\/\/www.chiavariturismo.it\/wp-content\/uploads\/2018\/09\/chiavari-via-vittorio-veneto-1900-parrucchiere-figari-thegem-portfolio-metro.jpg 1x\" sizes=\"100vw\"> <img src=\"https:\/\/www.chiavariturismo.it\/wp-content\/uploads\/2018\/09\/chiavari-via-vittorio-veneto-1900-parrucchiere-figari-thegem-portfolio-metro.jpg\" width=\"784\" height=\"500\" class=\"attachment-thegem-portfolio-metro\" alt=\"Chiavari 1900: Via Vittorio Veneto - Le coiffeur L. Figari - photo de Riccardo Penna\" \/> <\/picture> <\/div> <div class=\"overlay \"> <div class=\"overlay-circle\"><\/div> <a href=\"https:\/\/www.chiavariturismo.it\/wp-content\/uploads\/2018\/09\/chiavari-via-vittorio-veneto-1900-parrucchiere-figari.jpg\" class=\"gallery-item-link fancy-gallery\" data-fancybox=\"gallery-69f4385a75e43\"> <span class=\"slide-info\"> <span class=\"slide-info-title\"> Chiavari 1900: Via Vittorio Veneto - Le coiffeur L. Figari - photo de Riccardo Penna <\/span> <\/span> <\/a> <div class=\"overlay-content\"> <div class=\"overlay-content-center\"> <div class=\"overlay-content-inner\"> <a href=\"https:\/\/www.chiavariturismo.it\/wp-content\/uploads\/2018\/09\/chiavari-via-vittorio-veneto-1900-parrucchiere-figari.jpg\" class=\"icon photo \" > <\/a> <div class=\"overlay-line\"><\/div> <div class=\"title\"> Chiavari 1900: Via Vittorio Veneto - Le coiffeur L. Figari - photo de Riccardo Penna <\/div> <\/div> <\/div> <\/div> <\/div> <\/div> <\/div> <\/li> <li class=\"gallery-item gallery-0 col-xs-12 col-sm-6 col-md-3 item-animations-not-inited single-icon post-28650 page type-page status-publish\" style=\"\"> <div class=\"wrap gem-wrapbox-style-default\"> <div class=\"overlay-wrap\"> <div class=\"image-wrap \"> <picture> <source srcset=\"https:\/\/www.chiavariturismo.it\/wp-content\/uploads\/2018\/09\/chiavari-1910-piazza-roma-stadio-entella-thegem-portfolio-metro.jpg 1x\" sizes=\"100vw\"> <img src=\"https:\/\/www.chiavariturismo.it\/wp-content\/uploads\/2018\/09\/chiavari-1910-piazza-roma-stadio-entella-thegem-portfolio-metro.jpg\" width=\"800\" height=\"500\" class=\"attachment-thegem-portfolio-metro\" alt=\"Chiavari 1910: Piazza Roma - \u00e0 l&#039;\u00e9poque Stadio dell&#039;Entella - photo de Riccardo Penna\" \/> <\/picture> <\/div> <div class=\"overlay \"> <div class=\"overlay-circle\"><\/div> <a href=\"https:\/\/www.chiavariturismo.it\/wp-content\/uploads\/2018\/09\/chiavari-1910-piazza-roma-stadio-entella.jpg\" class=\"gallery-item-link fancy-gallery\" data-fancybox=\"gallery-69f4385a75e43\"> <span class=\"slide-info\"> <span class=\"slide-info-title\"> Chiavari 1910: Piazza Roma - \u00e0 l'\u00e9poque Stadio dell'Entella - photo de Riccardo Penna <\/span> <\/span> <\/a> <div class=\"overlay-content\"> <div class=\"overlay-content-center\"> <div class=\"overlay-content-inner\"> <a href=\"https:\/\/www.chiavariturismo.it\/wp-content\/uploads\/2018\/09\/chiavari-1910-piazza-roma-stadio-entella.jpg\" class=\"icon photo \" > <\/a> <div class=\"overlay-line\"><\/div> <div class=\"title\"> Chiavari 1910: Piazza Roma - \u00e0 l'\u00e9poque Stadio dell'Entella - photo de Riccardo Penna <\/div> <\/div> <\/div> <\/div> <\/div> <\/div> <\/div> <\/li> <li class=\"gallery-item gallery-0 col-xs-12 col-sm-6 col-md-3 item-animations-not-inited single-icon post-28650 page type-page status-publish\" style=\"\"> <div class=\"wrap gem-wrapbox-style-default\"> <div class=\"overlay-wrap\"> <div class=\"image-wrap \"> <picture> <source srcset=\"https:\/\/www.chiavariturismo.it\/wp-content\/uploads\/2018\/09\/chiavari-1936-1937-a-c-entella-squadra-calcio-thegem-portfolio-metro.jpg 1x\" sizes=\"100vw\"> <img src=\"https:\/\/www.chiavariturismo.it\/wp-content\/uploads\/2018\/09\/chiavari-1936-1937-a-c-entella-squadra-calcio-thegem-portfolio-metro.jpg\" width=\"720\" height=\"500\" class=\"attachment-thegem-portfolio-metro\" alt=\"Chiavari 1936 - 1937: av. Entella, l&#039;\u00e9quipe de football - photo de Riccardo Penna\" \/> <\/picture> <\/div> <div class=\"overlay \"> <div class=\"overlay-circle\"><\/div> <a href=\"https:\/\/www.chiavariturismo.it\/wp-content\/uploads\/2018\/09\/chiavari-1936-1937-a-c-entella-squadra-calcio.jpg\" class=\"gallery-item-link fancy-gallery\" data-fancybox=\"gallery-69f4385a75e43\"> <span class=\"slide-info\"> <span class=\"slide-info-title\"> Chiavari 1936 - 1937: av. Entella, l'\u00e9quipe de football - photo de Riccardo Penna <\/span> <\/span> <\/a> <div class=\"overlay-content\"> <div class=\"overlay-content-center\"> <div class=\"overlay-content-inner\"> <a href=\"https:\/\/www.chiavariturismo.it\/wp-content\/uploads\/2018\/09\/chiavari-1936-1937-a-c-entella-squadra-calcio.jpg\" class=\"icon photo \" > <\/a> <div class=\"overlay-line\"><\/div> <div class=\"title\"> Chiavari 1936 - 1937: av. Entella, l'\u00e9quipe de football - photo de Riccardo Penna <\/div> <\/div> <\/div> <\/div> <\/div> <\/div> <\/div> <\/li> <li class=\"gallery-item gallery-0 col-xs-12 col-sm-6 col-md-3 item-animations-not-inited single-icon post-28650 page type-page status-publish\" style=\"\"> <div class=\"wrap gem-wrapbox-style-default\"> <div class=\"overlay-wrap\"> <div class=\"image-wrap \"> <picture> <source srcset=\"https:\/\/www.chiavariturismo.it\/wp-content\/uploads\/2018\/09\/chiavari-1916-Stazione-Ferroviaria-thegem-portfolio-metro.jpg 1x\" sizes=\"100vw\"> <img src=\"https:\/\/www.chiavariturismo.it\/wp-content\/uploads\/2018\/09\/chiavari-1916-Stazione-Ferroviaria-thegem-portfolio-metro.jpg\" width=\"788\" height=\"500\" class=\"attachment-thegem-portfolio-metro\" alt=\"Chiavari 1916: gare, passage sup\u00e9rieur - photo de Riccardo Penna\" \/> <\/picture> <\/div> <div class=\"overlay \"> <div class=\"overlay-circle\"><\/div> <a href=\"https:\/\/www.chiavariturismo.it\/wp-content\/uploads\/2018\/09\/chiavari-1916-Stazione-Ferroviaria.jpg\" class=\"gallery-item-link fancy-gallery\" data-fancybox=\"gallery-69f4385a75e43\"> <span class=\"slide-info\"> <span class=\"slide-info-title\"> Chiavari 1916: gare, passage sup\u00e9rieur - photo de Riccardo Penna <\/span> <\/span> <\/a> <div class=\"overlay-content\"> <div class=\"overlay-content-center\"> <div class=\"overlay-content-inner\"> <a href=\"https:\/\/www.chiavariturismo.it\/wp-content\/uploads\/2018\/09\/chiavari-1916-Stazione-Ferroviaria.jpg\" class=\"icon photo \" > <\/a> <div class=\"overlay-line\"><\/div> <div class=\"title\"> Chiavari 1916: gare, passage sup\u00e9rieur - photo de Riccardo Penna <\/div> <\/div> <\/div> <\/div> <\/div> <\/div> <\/div> <\/li> <li class=\"gallery-item gallery-0 col-xs-12 col-sm-6 col-md-3 item-animations-not-inited single-icon post-28650 page type-page status-publish\" style=\"\"> <div class=\"wrap gem-wrapbox-style-default\"> <div class=\"overlay-wrap\"> <div class=\"image-wrap \"> <picture> <source srcset=\"https:\/\/www.chiavariturismo.it\/wp-content\/uploads\/2018\/09\/chiavari-1907-piazza-mazzini-agenzia-sambuceti-thegem-portfolio-metro.jpg 1x\" sizes=\"100vw\"> <img src=\"https:\/\/www.chiavariturismo.it\/wp-content\/uploads\/2018\/09\/chiavari-1907-piazza-mazzini-agenzia-sambuceti-thegem-portfolio-metro.jpg\" width=\"805\" height=\"500\" class=\"attachment-thegem-portfolio-metro\" alt=\"Chiavari 1907: Piazza G. Mazzini - Agence Domenico Sambuceti - photo de Riccardo Penna\" \/> <\/picture> <\/div> <div class=\"overlay \"> <div class=\"overlay-circle\"><\/div> <a href=\"https:\/\/www.chiavariturismo.it\/wp-content\/uploads\/2018\/09\/chiavari-1907-piazza-mazzini-agenzia-sambuceti.jpg\" class=\"gallery-item-link fancy-gallery\" data-fancybox=\"gallery-69f4385a75e43\"> <span class=\"slide-info\"> <span class=\"slide-info-title\"> Chiavari 1907: Piazza G. Mazzini - Agence Domenico Sambuceti - photo de Riccardo Penna <\/span> <\/span> <\/a> <div class=\"overlay-content\"> <div class=\"overlay-content-center\"> <div class=\"overlay-content-inner\"> <a href=\"https:\/\/www.chiavariturismo.it\/wp-content\/uploads\/2018\/09\/chiavari-1907-piazza-mazzini-agenzia-sambuceti.jpg\" class=\"icon photo \" > <\/a> <div class=\"overlay-line\"><\/div> <div class=\"title\"> Chiavari 1907: Piazza G. Mazzini - Agence Domenico Sambuceti - photo de Riccardo Penna <\/div> <\/div> <\/div> <\/div> <\/div> <\/div> <\/div> <\/li> <li class=\"gallery-item gallery-0 col-xs-12 col-sm-6 col-md-3 item-animations-not-inited single-icon post-28650 page type-page status-publish\" style=\"\"> <div class=\"wrap gem-wrapbox-style-default\"> <div class=\"overlay-wrap\"> <div class=\"image-wrap \"> <picture> <source srcset=\"https:\/\/www.chiavariturismo.it\/wp-content\/uploads\/2018\/09\/Chiavari-1912-Piazza-xx-settembre-equilibrista-strohfchneider-thegem-portfolio-metro.jpg 1x\" sizes=\"100vw\"> <img src=\"https:\/\/www.chiavariturismo.it\/wp-content\/uploads\/2018\/09\/Chiavari-1912-Piazza-xx-settembre-equilibrista-strohfchneider-thegem-portfolio-metro.jpg\" width=\"604\" height=\"500\" class=\"attachment-thegem-portfolio-metro\" alt=\"Chiavari 1912: Piazza XX Settembre, l\u2019\u00e9quilibriste Strohfneider - photo de Riccardo Penna\" \/> <\/picture> <\/div> <div class=\"overlay \"> <div class=\"overlay-circle\"><\/div> <a href=\"https:\/\/www.chiavariturismo.it\/wp-content\/uploads\/2018\/09\/Chiavari-1912-Piazza-xx-settembre-equilibrista-strohfchneider.jpg\" class=\"gallery-item-link fancy-gallery\" data-fancybox=\"gallery-69f4385a75e43\"> <span class=\"slide-info\"> <span class=\"slide-info-title\"> Chiavari 1912: Piazza XX Settembre, l\u2019\u00e9quilibriste Strohfneider - photo de Riccardo Penna <\/span> <\/span> <\/a> <div class=\"overlay-content\"> <div class=\"overlay-content-center\"> <div class=\"overlay-content-inner\"> <a href=\"https:\/\/www.chiavariturismo.it\/wp-content\/uploads\/2018\/09\/Chiavari-1912-Piazza-xx-settembre-equilibrista-strohfchneider.jpg\" class=\"icon photo \" > <\/a> <div class=\"overlay-line\"><\/div> <div class=\"title\"> Chiavari 1912: Piazza XX Settembre, l\u2019\u00e9quilibriste Strohfneider - photo de Riccardo Penna <\/div> <\/div> <\/div> <\/div> <\/div> <\/div> <\/div> <\/li> <li class=\"gallery-item gallery-0 col-xs-12 col-sm-6 col-md-3 item-animations-not-inited single-icon post-28650 page type-page status-publish\" style=\"\"> <div class=\"wrap gem-wrapbox-style-default\"> <div class=\"overlay-wrap\"> <div class=\"image-wrap \"> <picture> <source srcset=\"https:\/\/www.chiavariturismo.it\/wp-content\/uploads\/2018\/09\/Chiavari-1905-corso-vittorio-emanuele-carugio-drito-thegem-portfolio-metro.jpg 1x\" sizes=\"100vw\"> <img src=\"https:\/\/www.chiavariturismo.it\/wp-content\/uploads\/2018\/09\/Chiavari-1905-corso-vittorio-emanuele-carugio-drito-thegem-portfolio-metro.jpg\" width=\"776\" height=\"500\" class=\"attachment-thegem-portfolio-metro\" alt=\"Chiavari 1905: Corso Vittorio Emanuele, Carugio Drito - photo de Riccardo Penna\" \/> <\/picture> <\/div> <div class=\"overlay \"> <div class=\"overlay-circle\"><\/div> <a href=\"https:\/\/www.chiavariturismo.it\/wp-content\/uploads\/2018\/09\/Chiavari-1905-corso-vittorio-emanuele-carugio-drito.jpg\" class=\"gallery-item-link fancy-gallery\" data-fancybox=\"gallery-69f4385a75e43\"> <span class=\"slide-info\"> <span class=\"slide-info-title\"> Chiavari 1905: Corso Vittorio Emanuele, Carugio Drito - photo de Riccardo Penna <\/span> <\/span> <\/a> <div class=\"overlay-content\"> <div class=\"overlay-content-center\"> <div class=\"overlay-content-inner\"> <a href=\"https:\/\/www.chiavariturismo.it\/wp-content\/uploads\/2018\/09\/Chiavari-1905-corso-vittorio-emanuele-carugio-drito.jpg\" class=\"icon photo \" > <\/a> <div class=\"overlay-line\"><\/div> <div class=\"title\"> Chiavari 1905: Corso Vittorio Emanuele, Carugio Drito - photo de Riccardo Penna <\/div> <\/div> <\/div> <\/div> <\/div> <\/div> <\/div> <\/li> <li class=\"gallery-item gallery-0 col-xs-12 col-sm-6 col-md-3 item-animations-not-inited single-icon post-28650 page type-page status-publish\" style=\"\"> <div class=\"wrap gem-wrapbox-style-default\"> <div class=\"overlay-wrap\"> <div class=\"image-wrap \"> <picture> <source srcset=\"https:\/\/www.chiavariturismo.it\/wp-content\/uploads\/2018\/09\/Chiavari-1908-Corso-Floreale-battaglia-dei-fiori-thegem-portfolio-metro.jpg 1x\" sizes=\"100vw\"> <img src=\"https:\/\/www.chiavariturismo.it\/wp-content\/uploads\/2018\/09\/Chiavari-1908-Corso-Floreale-battaglia-dei-fiori-thegem-portfolio-metro.jpg\" width=\"796\" height=\"500\" class=\"attachment-thegem-portfolio-metro\" alt=\"Chiavari 15 mai 1908: parcours floral, la bataille des fleurs, photo de Riccardo Penna\" \/> <\/picture> <\/div> <div class=\"overlay \"> <div class=\"overlay-circle\"><\/div> <a href=\"https:\/\/www.chiavariturismo.it\/wp-content\/uploads\/2018\/09\/Chiavari-1908-Corso-Floreale-battaglia-dei-fiori.jpg\" class=\"gallery-item-link fancy-gallery\" data-fancybox=\"gallery-69f4385a75e43\"> <span class=\"slide-info\"> <span class=\"slide-info-title\"> Chiavari 15 mai 1908: parcours floral, la bataille des fleurs, photo de Riccardo Penna <\/span> <\/span> <\/a> <div class=\"overlay-content\"> <div class=\"overlay-content-center\"> <div class=\"overlay-content-inner\"> <a href=\"https:\/\/www.chiavariturismo.it\/wp-content\/uploads\/2018\/09\/Chiavari-1908-Corso-Floreale-battaglia-dei-fiori.jpg\" class=\"icon photo \" > <\/a> <div class=\"overlay-line\"><\/div> <div class=\"title\"> Chiavari 15 mai 1908: parcours floral, la bataille des fleurs, photo de Riccardo Penna <\/div> <\/div> <\/div> <\/div> <\/div> <\/div> <\/div> <\/li> <\/ul> <div class=\"portfolio-item-size-container\"> <li class=\"gallery-item size-item col-xs-12 col-sm-6 col-md-3 post-28650 page type-page status-publish\" style=\"\"> <\/li> <\/div> <\/div> <\/div> <\/div> <\/div>[vc_empty_space height=&#8221;50px&#8221; el_class=&#8221;none&#8221;][vc_text_separator title_level=&#8221;h3&#8243; title=&#8221;Port de Plaisance &amp; Promenade sur la Mer&#8221; css_animation=&#8221;fadeIn&#8221;]<style>.gem-gallery-grid#style-69f4385a7aef1 .gallery-item { padding: calc(5px\/2) !important; }.gem-gallery-grid#style-69f4385a7aef1 .gallery-set { margin-top: calc(-5px\/2); margin-bottom: calc(-5px\/2); }.gem-gallery-grid#style-69f4385a7aef1 .not-fullwidth-block .gallery-set, .gem-gallery-grid#style-69f4385a7aef1 .not-fullwidth-block .portfolio-item-size-container { margin-left: calc(-5px\/2); margin-right: calc(-5px\/2); }.gem-gallery-grid#style-69f4385a7aef1 .fullwidth-block { padding-left: calc(5px\/2); padding-right: calc(5px\/2); }.gem-gallery-grid#style-69f4385a7aef1 .portfolio-filters { text-align: center }<\/style><div id=\"style-preloader-69f4385a7aef1\" class=\"preloader save-space\"><div class=\"preloader-spin\"><\/div><\/div> <div class=\"gallery-preloader-wrapper\"> <div class=\"row\"> <div id=\"style-69f4385a7aef1\" class=\"gem-gallery-grid col-lg-12 col-md-12 col-sm-12 gallery-style-metro hover-horizontal-sliding loading-animation item-animation-move-up metro columns-4 columns-tablet-2 columns-mobile-1 without-padding metro-item-style-default \" data-hover=\"horizontal-sliding\" data-uid=\"69f4385a7aef1\" data-filter=\"[]\"> <div class=\"portfolio not-fullwidth-block \"> <ul class=\"gallery-set clearfix\" data-max-row-height=\"280\"> <li class=\"gallery-item gallery-0 col-xs-12 col-sm-6 col-md-3 item-animations-not-inited single-icon post-28650 page type-page status-publish\" style=\"\"> <div class=\"wrap gem-wrapbox-style-default\"> <div class=\"overlay-wrap\"> <div class=\"image-wrap \"> <picture> <source srcset=\"https:\/\/www.chiavariturismo.it\/wp-content\/uploads\/2019\/08\/chiavari-spiagge-thegem-portfolio-metro.jpg 1x\" sizes=\"100vw\"> <img src=\"https:\/\/www.chiavariturismo.it\/wp-content\/uploads\/2019\/08\/chiavari-spiagge-thegem-portfolio-metro.jpg\" width=\"752\" height=\"500\" class=\"attachment-thegem-portfolio-metro\" alt=\"Plages\" \/> <\/picture> <\/div> <div class=\"overlay \"> <div class=\"overlay-circle\"><\/div> <a href=\"https:\/\/www.chiavariturismo.it\/wp-content\/uploads\/2019\/08\/chiavari-spiagge.jpg\" class=\"gallery-item-link fancy-gallery\" data-fancybox=\"gallery-69f4385a7aef1\"> <span class=\"slide-info\"> <span class=\"slide-info-title\"> Plages <\/span> <\/span> <\/a> <div class=\"overlay-content\"> <div class=\"overlay-content-center\"> <div class=\"overlay-content-inner\"> <a href=\"https:\/\/www.chiavariturismo.it\/wp-content\/uploads\/2019\/08\/chiavari-spiagge.jpg\" class=\"icon photo \" > <\/a> <div class=\"overlay-line\"><\/div> <div class=\"title\"> Plages <\/div> <\/div> <\/div> <\/div> <\/div> <\/div> <\/div> <\/li> <li class=\"gallery-item gallery-0 col-xs-12 col-sm-6 col-md-3 item-animations-not-inited single-icon post-28650 page type-page status-publish\" style=\"\"> <div class=\"wrap gem-wrapbox-style-default\"> <div class=\"overlay-wrap\"> <div class=\"image-wrap \"> <picture> <source srcset=\"https:\/\/www.chiavariturismo.it\/wp-content\/uploads\/2018\/07\/marina-chiavari-thegem-portfolio-metro.jpg 1x\" sizes=\"100vw\"> <img src=\"https:\/\/www.chiavariturismo.it\/wp-content\/uploads\/2018\/07\/marina-chiavari-thegem-portfolio-metro.jpg\" width=\"750\" height=\"500\" class=\"attachment-thegem-portfolio-metro\" alt=\"Marina\" \/> <\/picture> <\/div> <div class=\"overlay \"> <div class=\"overlay-circle\"><\/div> <a href=\"https:\/\/www.chiavariturismo.it\/wp-content\/uploads\/2018\/07\/marina-chiavari.jpg\" class=\"gallery-item-link fancy-gallery\" data-fancybox=\"gallery-69f4385a7aef1\"> <span class=\"slide-info\"> <span class=\"slide-info-title\"> Marina <\/span> <\/span> <\/a> <div class=\"overlay-content\"> <div class=\"overlay-content-center\"> <div class=\"overlay-content-inner\"> <a href=\"https:\/\/www.chiavariturismo.it\/wp-content\/uploads\/2018\/07\/marina-chiavari.jpg\" class=\"icon photo \" > <\/a> <div class=\"overlay-line\"><\/div> <div class=\"title\"> Marina <\/div> <\/div> <\/div> <\/div> <\/div> <\/div> <\/div> <\/li> <li class=\"gallery-item gallery-0 col-xs-12 col-sm-6 col-md-3 item-animations-not-inited single-icon post-28650 page type-page status-publish\" style=\"\"> <div class=\"wrap gem-wrapbox-style-default\"> <div class=\"overlay-wrap\"> <div class=\"image-wrap \"> <picture> <source srcset=\"https:\/\/www.chiavariturismo.it\/wp-content\/uploads\/2018\/07\/chiavari-piazza-gagliardo-thegem-portfolio-metro.jpg 1x\" sizes=\"100vw\"> <img src=\"https:\/\/www.chiavariturismo.it\/wp-content\/uploads\/2018\/07\/chiavari-piazza-gagliardo-thegem-portfolio-metro.jpg\" width=\"667\" height=\"500\" class=\"attachment-thegem-portfolio-metro\" alt=\"Piazza Gagliardo\" \/> <\/picture> <\/div> <div class=\"overlay \"> <div class=\"overlay-circle\"><\/div> <a href=\"https:\/\/www.chiavariturismo.it\/wp-content\/uploads\/2018\/07\/chiavari-piazza-gagliardo.jpg\" class=\"gallery-item-link fancy-gallery\" data-fancybox=\"gallery-69f4385a7aef1\"> <span class=\"slide-info\"> <span class=\"slide-info-title\"> Piazza Gagliardo <\/span> <\/span> <\/a> <div class=\"overlay-content\"> <div class=\"overlay-content-center\"> <div class=\"overlay-content-inner\"> <a href=\"https:\/\/www.chiavariturismo.it\/wp-content\/uploads\/2018\/07\/chiavari-piazza-gagliardo.jpg\" class=\"icon photo \" > <\/a> <div class=\"overlay-line\"><\/div> <div class=\"title\"> Piazza Gagliardo <\/div> <\/div> <\/div> <\/div> <\/div> <\/div> <\/div> <\/li> <li class=\"gallery-item gallery-0 col-xs-12 col-sm-6 col-md-3 item-animations-not-inited single-icon post-28650 page type-page status-publish\" style=\"\"> <div class=\"wrap gem-wrapbox-style-default\"> <div class=\"overlay-wrap\"> <div class=\"image-wrap \"> <picture> <source srcset=\"https:\/\/www.chiavariturismo.it\/wp-content\/uploads\/2018\/07\/passeggiata-mare-chiavari-thegem-portfolio-metro.jpg 1x\" sizes=\"100vw\"> <img src=\"https:\/\/www.chiavariturismo.it\/wp-content\/uploads\/2018\/07\/passeggiata-mare-chiavari-thegem-portfolio-metro.jpg\" width=\"750\" height=\"500\" class=\"attachment-thegem-portfolio-metro\" alt=\"Promenade du bord de mer\" \/> <\/picture> <\/div> <div class=\"overlay \"> <div class=\"overlay-circle\"><\/div> <a href=\"https:\/\/www.chiavariturismo.it\/wp-content\/uploads\/2018\/07\/passeggiata-mare-chiavari.jpg\" class=\"gallery-item-link fancy-gallery\" data-fancybox=\"gallery-69f4385a7aef1\"> <span class=\"slide-info\"> <span class=\"slide-info-title\"> Promenade du bord de mer <\/span> <\/span> <\/a> <div class=\"overlay-content\"> <div class=\"overlay-content-center\"> <div class=\"overlay-content-inner\"> <a href=\"https:\/\/www.chiavariturismo.it\/wp-content\/uploads\/2018\/07\/passeggiata-mare-chiavari.jpg\" class=\"icon photo \" > <\/a> <div class=\"overlay-line\"><\/div> <div class=\"title\"> Promenade du bord de mer <\/div> <\/div> <\/div> <\/div> <\/div> <\/div> <\/div> <\/li> <li class=\"gallery-item gallery-0 col-xs-12 col-sm-6 col-md-3 item-animations-not-inited single-icon post-28650 page type-page status-publish\" style=\"\"> <div class=\"wrap gem-wrapbox-style-default\"> <div class=\"overlay-wrap\"> <div class=\"image-wrap \"> <picture> <source srcset=\"https:\/\/www.chiavariturismo.it\/wp-content\/uploads\/2018\/07\/La-vista-dalla-passeggiata-thegem-portfolio-metro.jpg 1x\" sizes=\"100vw\"> <img src=\"https:\/\/www.chiavariturismo.it\/wp-content\/uploads\/2018\/07\/La-vista-dalla-passeggiata-thegem-portfolio-metro.jpg\" width=\"752\" height=\"500\" class=\"attachment-thegem-portfolio-metro\" alt=\"Promenade du bord de mer\" \/> <\/picture> <\/div> <div class=\"overlay \"> <div class=\"overlay-circle\"><\/div> <a href=\"https:\/\/www.chiavariturismo.it\/wp-content\/uploads\/2018\/07\/La-vista-dalla-passeggiata.jpg\" class=\"gallery-item-link fancy-gallery\" data-fancybox=\"gallery-69f4385a7aef1\"> <span class=\"slide-info\"> <span class=\"slide-info-title\"> Promenade du bord de mer <\/span> <\/span> <\/a> <div class=\"overlay-content\"> <div class=\"overlay-content-center\"> <div class=\"overlay-content-inner\"> <a href=\"https:\/\/www.chiavariturismo.it\/wp-content\/uploads\/2018\/07\/La-vista-dalla-passeggiata.jpg\" class=\"icon photo \" > <\/a> <div class=\"overlay-line\"><\/div> <div class=\"title\"> Promenade du bord de mer <\/div> <\/div> <\/div> <\/div> <\/div> <\/div> <\/div> <\/li> <li class=\"gallery-item gallery-0 col-xs-12 col-sm-6 col-md-3 item-animations-not-inited single-icon post-28650 page type-page status-publish\" style=\"\"> <div class=\"wrap gem-wrapbox-style-default\"> <div class=\"overlay-wrap\"> <div class=\"image-wrap \"> <picture> <source srcset=\"https:\/\/www.chiavariturismo.it\/wp-content\/uploads\/2018\/07\/Surf-thegem-portfolio-metro.jpg 1x\" sizes=\"100vw\"> <img src=\"https:\/\/www.chiavariturismo.it\/wp-content\/uploads\/2018\/07\/Surf-thegem-portfolio-metro.jpg\" width=\"753\" height=\"500\" class=\"attachment-thegem-portfolio-metro\" alt=\"Surf\" \/> <\/picture> <\/div> <div class=\"overlay \"> <div class=\"overlay-circle\"><\/div> <a href=\"https:\/\/www.chiavariturismo.it\/wp-content\/uploads\/2018\/07\/Surf.jpg\" class=\"gallery-item-link fancy-gallery\" data-fancybox=\"gallery-69f4385a7aef1\"> <span class=\"slide-info\"> <span class=\"slide-info-title\"> Surf <\/span> <\/span> <\/a> <div class=\"overlay-content\"> <div class=\"overlay-content-center\"> <div class=\"overlay-content-inner\"> <a href=\"https:\/\/www.chiavariturismo.it\/wp-content\/uploads\/2018\/07\/Surf.jpg\" class=\"icon photo \" > <\/a> <div class=\"overlay-line\"><\/div> <div class=\"title\"> Surf <\/div> <\/div> <\/div> <\/div> <\/div> <\/div> <\/div> <\/li> <li class=\"gallery-item gallery-0 col-xs-12 col-sm-6 col-md-3 item-animations-not-inited single-icon post-28650 page type-page status-publish\" style=\"\"> <div class=\"wrap gem-wrapbox-style-default\"> <div class=\"overlay-wrap\"> <div class=\"image-wrap \"> <picture> <source srcset=\"https:\/\/www.chiavariturismo.it\/wp-content\/uploads\/2018\/07\/Fontana-di-notte-thegem-portfolio-metro.jpg 1x\" sizes=\"100vw\"> <img src=\"https:\/\/www.chiavariturismo.it\/wp-content\/uploads\/2018\/07\/Fontana-di-notte-thegem-portfolio-metro.jpg\" width=\"750\" height=\"500\" class=\"attachment-thegem-portfolio-metro\" alt=\"Vue des fontaines la nuit\" \/> <\/picture> <\/div> <div class=\"overlay \"> <div class=\"overlay-circle\"><\/div> <a href=\"https:\/\/www.chiavariturismo.it\/wp-content\/uploads\/2018\/07\/Fontana-di-notte.jpg\" class=\"gallery-item-link fancy-gallery\" data-fancybox=\"gallery-69f4385a7aef1\"> <span class=\"slide-info\"> <span class=\"slide-info-title\"> Vue des fontaines la nuit <\/span> <\/span> <\/a> <div class=\"overlay-content\"> <div class=\"overlay-content-center\"> <div class=\"overlay-content-inner\"> <a href=\"https:\/\/www.chiavariturismo.it\/wp-content\/uploads\/2018\/07\/Fontana-di-notte.jpg\" class=\"icon photo \" > <\/a> <div class=\"overlay-line\"><\/div> <div class=\"title\"> Vue des fontaines la nuit <\/div> <\/div> <\/div> <\/div> <\/div> <\/div> <\/div> <\/li> <li class=\"gallery-item gallery-0 col-xs-12 col-sm-6 col-md-3 item-animations-not-inited single-icon post-28650 page type-page status-publish\" style=\"\"> <div class=\"wrap gem-wrapbox-style-default\"> <div class=\"overlay-wrap\"> <div class=\"image-wrap \"> <picture> <source srcset=\"https:\/\/www.chiavariturismo.it\/wp-content\/uploads\/2018\/07\/chiavari-spiagge-2-thegem-portfolio-metro.jpg 1x\" sizes=\"100vw\"> <img src=\"https:\/\/www.chiavariturismo.it\/wp-content\/uploads\/2018\/07\/chiavari-spiagge-2-thegem-portfolio-metro.jpg\" width=\"755\" height=\"500\" class=\"attachment-thegem-portfolio-metro\" alt=\"Plages\" \/> <\/picture> <\/div> <div class=\"overlay \"> <div class=\"overlay-circle\"><\/div> <a href=\"https:\/\/www.chiavariturismo.it\/wp-content\/uploads\/2018\/07\/chiavari-spiagge-2.jpg\" class=\"gallery-item-link fancy-gallery\" data-fancybox=\"gallery-69f4385a7aef1\"> <span class=\"slide-info\"> <span class=\"slide-info-title\"> Plages <\/span> <\/span> <\/a> <div class=\"overlay-content\"> <div class=\"overlay-content-center\"> <div class=\"overlay-content-inner\"> <a href=\"https:\/\/www.chiavariturismo.it\/wp-content\/uploads\/2018\/07\/chiavari-spiagge-2.jpg\" class=\"icon photo \" > <\/a> <div class=\"overlay-line\"><\/div> <div class=\"title\"> Plages <\/div> <\/div> <\/div> <\/div> <\/div> <\/div> <\/div> <\/li> <li class=\"gallery-item gallery-0 col-xs-12 col-sm-6 col-md-3 item-animations-not-inited single-icon post-28650 page type-page status-publish\" style=\"\"> <div class=\"wrap gem-wrapbox-style-default\"> <div class=\"overlay-wrap\"> <div class=\"image-wrap \"> <picture> <source srcset=\"https:\/\/www.chiavariturismo.it\/wp-content\/uploads\/2018\/07\/Barche-sul-mare-thegem-portfolio-metro.jpg 1x\" sizes=\"100vw\"> <img src=\"https:\/\/www.chiavariturismo.it\/wp-content\/uploads\/2018\/07\/Barche-sul-mare-thegem-portfolio-metro.jpg\" width=\"752\" height=\"500\" class=\"attachment-thegem-portfolio-metro\" alt=\"Bateaux sur la rive\" \/> <\/picture> <\/div> <div class=\"overlay \"> <div class=\"overlay-circle\"><\/div> <a href=\"https:\/\/www.chiavariturismo.it\/wp-content\/uploads\/2018\/07\/Barche-sul-mare.jpg\" class=\"gallery-item-link fancy-gallery\" data-fancybox=\"gallery-69f4385a7aef1\"> <span class=\"slide-info\"> <span class=\"slide-info-title\"> Bateaux sur la rive <\/span> <\/span> <\/a> <div class=\"overlay-content\"> <div class=\"overlay-content-center\"> <div class=\"overlay-content-inner\"> <a href=\"https:\/\/www.chiavariturismo.it\/wp-content\/uploads\/2018\/07\/Barche-sul-mare.jpg\" class=\"icon photo \" > <\/a> <div class=\"overlay-line\"><\/div> <div class=\"title\"> Bateaux sur la rive <\/div> <\/div> <\/div> <\/div> <\/div> <\/div> <\/div> <\/li> <li class=\"gallery-item gallery-0 col-xs-12 col-sm-6 col-md-3 item-animations-not-inited single-icon post-28650 page type-page status-publish\" style=\"\"> <div class=\"wrap gem-wrapbox-style-default\"> <div class=\"overlay-wrap\"> <div class=\"image-wrap \"> <picture> <source srcset=\"https:\/\/www.chiavariturismo.it\/wp-content\/uploads\/2018\/07\/piazza-pescatori-chiavari-thegem-portfolio-metro.jpg 1x\" sizes=\"100vw\"> <img src=\"https:\/\/www.chiavariturismo.it\/wp-content\/uploads\/2018\/07\/piazza-pescatori-chiavari-thegem-portfolio-metro.jpg\" width=\"750\" height=\"500\" class=\"attachment-thegem-portfolio-metro\" alt=\"Piazza Pescatori\" \/> <\/picture> <\/div> <div class=\"overlay \"> <div class=\"overlay-circle\"><\/div> <a href=\"https:\/\/www.chiavariturismo.it\/wp-content\/uploads\/2018\/07\/piazza-pescatori-chiavari.jpg\" class=\"gallery-item-link fancy-gallery\" data-fancybox=\"gallery-69f4385a7aef1\"> <span class=\"slide-info\"> <span class=\"slide-info-title\"> Piazza Pescatori <\/span> <\/span> <\/a> <div class=\"overlay-content\"> <div class=\"overlay-content-center\"> <div class=\"overlay-content-inner\"> <a href=\"https:\/\/www.chiavariturismo.it\/wp-content\/uploads\/2018\/07\/piazza-pescatori-chiavari.jpg\" class=\"icon photo \" > <\/a> <div class=\"overlay-line\"><\/div> <div class=\"title\"> Piazza Pescatori <\/div> <\/div> <\/div> <\/div> <\/div> <\/div> <\/div> <\/li> <li class=\"gallery-item gallery-0 col-xs-12 col-sm-6 col-md-3 item-animations-not-inited single-icon post-28650 page type-page status-publish\" style=\"\"> <div class=\"wrap gem-wrapbox-style-default\"> <div class=\"overlay-wrap\"> <div class=\"image-wrap \"> <picture> <source srcset=\"https:\/\/www.chiavariturismo.it\/wp-content\/uploads\/2018\/07\/porto-di-chiavari-thegem-portfolio-metro.jpg 1x\" sizes=\"100vw\"> <img src=\"https:\/\/www.chiavariturismo.it\/wp-content\/uploads\/2018\/07\/porto-di-chiavari-thegem-portfolio-metro.jpg\" width=\"744\" height=\"500\" class=\"attachment-thegem-portfolio-metro\" alt=\"Bateau\" \/> <\/picture> <\/div> <div class=\"overlay \"> <div class=\"overlay-circle\"><\/div> <a href=\"https:\/\/www.chiavariturismo.it\/wp-content\/uploads\/2018\/07\/porto-di-chiavari.jpg\" class=\"gallery-item-link fancy-gallery\" data-fancybox=\"gallery-69f4385a7aef1\"> <span class=\"slide-info\"> <span class=\"slide-info-title\"> Bateau <\/span> <\/span> <\/a> <div class=\"overlay-content\"> <div class=\"overlay-content-center\"> <div class=\"overlay-content-inner\"> <a href=\"https:\/\/www.chiavariturismo.it\/wp-content\/uploads\/2018\/07\/porto-di-chiavari.jpg\" class=\"icon photo \" > <\/a> <div class=\"overlay-line\"><\/div> <div class=\"title\"> Bateau <\/div> <\/div> <\/div> <\/div> <\/div> <\/div> <\/div> <\/li> <li class=\"gallery-item gallery-0 col-xs-12 col-sm-6 col-md-3 item-animations-not-inited single-icon post-28650 page type-page status-publish\" style=\"\"> <div class=\"wrap gem-wrapbox-style-default\"> <div class=\"overlay-wrap\"> <div class=\"image-wrap \"> <picture> <source srcset=\"https:\/\/www.chiavariturismo.it\/wp-content\/uploads\/2019\/08\/chiavari-porto-thegem-portfolio-metro.jpg 1x\" sizes=\"100vw\"> <img src=\"https:\/\/www.chiavariturismo.it\/wp-content\/uploads\/2019\/08\/chiavari-porto-thegem-portfolio-metro.jpg\" width=\"353\" height=\"500\" class=\"attachment-thegem-portfolio-metro\" alt=\"chiavari porto\" \/> <\/picture> <\/div> <div class=\"overlay \"> <div class=\"overlay-circle\"><\/div> <a href=\"https:\/\/www.chiavariturismo.it\/wp-content\/uploads\/2019\/08\/chiavari-porto.jpg\" class=\"gallery-item-link fancy-gallery\" data-fancybox=\"gallery-69f4385a7aef1\"> <span class=\"slide-info\"> <span class=\"slide-info-title\"> chiavari porto <\/span> <\/span> <\/a> <div class=\"overlay-content\"> <div class=\"overlay-content-center\"> <div class=\"overlay-content-inner\"> <a href=\"https:\/\/www.chiavariturismo.it\/wp-content\/uploads\/2019\/08\/chiavari-porto.jpg\" class=\"icon photo \" > <\/a> <div class=\"overlay-line\"><\/div> <div class=\"title\"> chiavari porto <\/div> <\/div> <\/div> <\/div> <\/div> <\/div> <\/div> <\/li> <li class=\"gallery-item gallery-0 col-xs-12 col-sm-6 col-md-3 item-animations-not-inited single-icon post-28650 page type-page status-publish\" style=\"\"> <div class=\"wrap gem-wrapbox-style-default\"> <div class=\"overlay-wrap\"> <div class=\"image-wrap \"> <picture> <source srcset=\"https:\/\/www.chiavariturismo.it\/wp-content\/uploads\/2018\/09\/chiavari-passeggiata-mare-spiaggia-thegem-portfolio-metro.jpg 1x\" sizes=\"100vw\"> <img src=\"https:\/\/www.chiavariturismo.it\/wp-content\/uploads\/2018\/09\/chiavari-passeggiata-mare-spiaggia-thegem-portfolio-metro.jpg\" width=\"353\" height=\"500\" class=\"attachment-thegem-portfolio-metro\" alt=\"Chiavari, le bord de mer \u2013 photo de Riccardo Penna\" \/> <\/picture> <\/div> <div class=\"overlay \"> <div class=\"overlay-circle\"><\/div> <a href=\"https:\/\/www.chiavariturismo.it\/wp-content\/uploads\/2018\/09\/chiavari-passeggiata-mare-spiaggia.jpg\" class=\"gallery-item-link fancy-gallery\" data-fancybox=\"gallery-69f4385a7aef1\"> <span class=\"slide-info\"> <span class=\"slide-info-title\"> Chiavari, le bord de mer\u2013 photo de Riccardo Penna <\/span> <\/span> <\/a> <div class=\"overlay-content\"> <div class=\"overlay-content-center\"> <div class=\"overlay-content-inner\"> <a href=\"https:\/\/www.chiavariturismo.it\/wp-content\/uploads\/2018\/09\/chiavari-passeggiata-mare-spiaggia.jpg\" class=\"icon photo \" > <\/a> <div class=\"overlay-line\"><\/div> <div class=\"title\"> Chiavari, le bord de mer\u2013 photo de Riccardo Penna <\/div> <\/div> <\/div> <\/div> <\/div> <\/div> <\/div> <\/li> <li class=\"gallery-item gallery-0 col-xs-12 col-sm-6 col-md-3 item-animations-not-inited single-icon post-28650 page type-page status-publish\" style=\"\"> <div class=\"wrap gem-wrapbox-style-default\"> <div class=\"overlay-wrap\"> <div class=\"image-wrap \"> <picture> <source srcset=\"https:\/\/www.chiavariturismo.it\/wp-content\/uploads\/2018\/09\/chiavari-fontana-passeggiata-mare-thegem-portfolio-metro.jpg 1x\" sizes=\"100vw\"> <img src=\"https:\/\/www.chiavariturismo.it\/wp-content\/uploads\/2018\/09\/chiavari-fontana-passeggiata-mare-thegem-portfolio-metro.jpg\" width=\"743\" height=\"500\" class=\"attachment-thegem-portfolio-metro\" alt=\"Chiavari, la fontaine du bord de mer \u2013 photo by Riccardo Penna\" \/> <\/picture> <\/div> <div class=\"overlay \"> <div class=\"overlay-circle\"><\/div> <a href=\"https:\/\/www.chiavariturismo.it\/wp-content\/uploads\/2018\/09\/chiavari-fontana-passeggiata-mare.jpg\" class=\"gallery-item-link fancy-gallery\" data-fancybox=\"gallery-69f4385a7aef1\"> <span class=\"slide-info\"> <span class=\"slide-info-title\"> Chiavari, la fontaine du bord de mer \u2013 photo by Riccardo Penna <\/span> <\/span> <\/a> <div class=\"overlay-content\"> <div class=\"overlay-content-center\"> <div class=\"overlay-content-inner\"> <a href=\"https:\/\/www.chiavariturismo.it\/wp-content\/uploads\/2018\/09\/chiavari-fontana-passeggiata-mare.jpg\" class=\"icon photo \" > <\/a> <div class=\"overlay-line\"><\/div> <div class=\"title\"> Chiavari, la fontaine du bord de mer \u2013 photo by Riccardo Penna <\/div> <\/div> <\/div> <\/div> <\/div> <\/div> <\/div> <\/li> <\/ul> <div class=\"portfolio-item-size-container\"> <li class=\"gallery-item size-item col-xs-12 col-sm-6 col-md-3 post-28650 page type-page status-publish\" style=\"\"> <\/li> <\/div> <\/div> <\/div> <\/div> <\/div>[vc_empty_space height=&#8221;50px&#8221; el_class=&#8221;none&#8221;][vc_text_separator title_level=&#8221;h3&#8243; title=&#8221;Vues de la ville&#8221; css_animation=&#8221;fadeIn&#8221;]<style>.gem-gallery-grid#style-69f4385a7e19f .gallery-item { padding: calc(5px\/2) !important; }.gem-gallery-grid#style-69f4385a7e19f .gallery-set { margin-top: calc(-5px\/2); margin-bottom: calc(-5px\/2); }.gem-gallery-grid#style-69f4385a7e19f .not-fullwidth-block .gallery-set, .gem-gallery-grid#style-69f4385a7e19f .not-fullwidth-block .portfolio-item-size-container { margin-left: calc(-5px\/2); margin-right: calc(-5px\/2); }.gem-gallery-grid#style-69f4385a7e19f .fullwidth-block { padding-left: calc(5px\/2); padding-right: calc(5px\/2); }.gem-gallery-grid#style-69f4385a7e19f .portfolio-filters { text-align: center }<\/style><div id=\"style-preloader-69f4385a7e19f\" class=\"preloader save-space\"><div class=\"preloader-spin\"><\/div><\/div> <div class=\"gallery-preloader-wrapper\"> <div class=\"row\"> <div id=\"style-69f4385a7e19f\" class=\"gem-gallery-grid col-lg-12 col-md-12 col-sm-12 gallery-style-metro hover-horizontal-sliding loading-animation item-animation-move-up metro columns-4 columns-tablet-2 columns-mobile-1 without-padding metro-item-style-default \" data-hover=\"horizontal-sliding\" data-uid=\"69f4385a7e19f\" data-filter=\"[]\"> <div class=\"portfolio not-fullwidth-block \"> <ul class=\"gallery-set clearfix\" data-max-row-height=\"280\"> <li class=\"gallery-item gallery-0 col-xs-12 col-sm-6 col-md-3 item-animations-not-inited single-icon post-28650 page type-page status-publish\" style=\"\"> <div class=\"wrap gem-wrapbox-style-default\"> <div class=\"overlay-wrap\"> <div class=\"image-wrap \"> <picture> <source srcset=\"https:\/\/www.chiavariturismo.it\/wp-content\/uploads\/2018\/07\/chiavari-panorama-2-thegem-portfolio-metro.jpg 1x\" sizes=\"100vw\"> <img src=\"https:\/\/www.chiavariturismo.it\/wp-content\/uploads\/2018\/07\/chiavari-panorama-2-thegem-portfolio-metro.jpg\" width=\"750\" height=\"500\" class=\"attachment-thegem-portfolio-metro\" alt=\"Panorama\" \/> <\/picture> <\/div> <div class=\"overlay \"> <div class=\"overlay-circle\"><\/div> <a href=\"https:\/\/www.chiavariturismo.it\/wp-content\/uploads\/2018\/07\/chiavari-panorama-2.jpg\" class=\"gallery-item-link fancy-gallery\" data-fancybox=\"gallery-69f4385a7e19f\"> <span class=\"slide-info\"> <span class=\"slide-info-title\"> Panorama <\/span> <\/span> <\/a> <div class=\"overlay-content\"> <div class=\"overlay-content-center\"> <div class=\"overlay-content-inner\"> <a href=\"https:\/\/www.chiavariturismo.it\/wp-content\/uploads\/2018\/07\/chiavari-panorama-2.jpg\" class=\"icon photo \" > <\/a> <div class=\"overlay-line\"><\/div> <div class=\"title\"> Panorama <\/div> <\/div> <\/div> <\/div> <\/div> <\/div> <\/div> <\/li> <li class=\"gallery-item gallery-0 col-xs-12 col-sm-6 col-md-3 item-animations-not-inited single-icon post-28650 page type-page status-publish\" style=\"\"> <div class=\"wrap gem-wrapbox-style-default\"> <div class=\"overlay-wrap\"> <div class=\"image-wrap \"> <picture> <source srcset=\"https:\/\/www.chiavariturismo.it\/wp-content\/uploads\/2018\/07\/chiavari-panorama-3-thegem-portfolio-metro.jpg 1x\" sizes=\"100vw\"> <img src=\"https:\/\/www.chiavariturismo.it\/wp-content\/uploads\/2018\/07\/chiavari-panorama-3-thegem-portfolio-metro.jpg\" width=\"750\" height=\"500\" class=\"attachment-thegem-portfolio-metro\" alt=\"Panorama\" \/> <\/picture> <\/div> <div class=\"overlay \"> <div class=\"overlay-circle\"><\/div> <a href=\"https:\/\/www.chiavariturismo.it\/wp-content\/uploads\/2018\/07\/chiavari-panorama-3.jpg\" class=\"gallery-item-link fancy-gallery\" data-fancybox=\"gallery-69f4385a7e19f\"> <span class=\"slide-info\"> <span class=\"slide-info-title\"> Panorama <\/span> <\/span> <\/a> <div class=\"overlay-content\"> <div class=\"overlay-content-center\"> <div class=\"overlay-content-inner\"> <a href=\"https:\/\/www.chiavariturismo.it\/wp-content\/uploads\/2018\/07\/chiavari-panorama-3.jpg\" class=\"icon photo \" > <\/a> <div class=\"overlay-line\"><\/div> <div class=\"title\"> Panorama <\/div> <\/div> <\/div> <\/div> <\/div> <\/div> <\/div> <\/li> <li class=\"gallery-item gallery-0 col-xs-12 col-sm-6 col-md-3 item-animations-not-inited single-icon post-28650 page type-page status-publish\" style=\"\"> <div class=\"wrap gem-wrapbox-style-default\"> <div class=\"overlay-wrap\"> <div class=\"image-wrap \"> <picture> <source srcset=\"https:\/\/www.chiavariturismo.it\/wp-content\/uploads\/2018\/07\/chiavari-panorama-4-thegem-portfolio-metro.jpg 1x\" sizes=\"100vw\"> <img src=\"https:\/\/www.chiavariturismo.it\/wp-content\/uploads\/2018\/07\/chiavari-panorama-4-thegem-portfolio-metro.jpg\" width=\"750\" height=\"500\" class=\"attachment-thegem-portfolio-metro\" alt=\"Vue de la ville\" \/> <\/picture> <\/div> <div class=\"overlay \"> <div class=\"overlay-circle\"><\/div> <a href=\"https:\/\/www.chiavariturismo.it\/wp-content\/uploads\/2018\/07\/chiavari-panorama-4.jpg\" class=\"gallery-item-link fancy-gallery\" data-fancybox=\"gallery-69f4385a7e19f\"> <span class=\"slide-info\"> <span class=\"slide-info-title\"> Vue de la ville - photo de Agnese Ghisellini <\/span> <\/span> <\/a> <div class=\"overlay-content\"> <div class=\"overlay-content-center\"> <div class=\"overlay-content-inner\"> <a href=\"https:\/\/www.chiavariturismo.it\/wp-content\/uploads\/2018\/07\/chiavari-panorama-4.jpg\" class=\"icon photo \" > <\/a> <div class=\"overlay-line\"><\/div> <div class=\"title\"> Vue de la ville - photo de Agnese Ghisellini <\/div> <\/div> <\/div> <\/div> <\/div> <\/div> <\/div> <\/li> <li class=\"gallery-item gallery-0 col-xs-12 col-sm-6 col-md-3 item-animations-not-inited single-icon post-28650 page type-page status-publish\" style=\"\"> <div class=\"wrap gem-wrapbox-style-default\"> <div class=\"overlay-wrap\"> <div class=\"image-wrap \"> <picture> <source srcset=\"https:\/\/www.chiavariturismo.it\/wp-content\/uploads\/2018\/07\/chiavari-panorama-5-thegem-portfolio-metro.jpg 1x\" sizes=\"100vw\"> <img src=\"https:\/\/www.chiavariturismo.it\/wp-content\/uploads\/2018\/07\/chiavari-panorama-5-thegem-portfolio-metro.jpg\" width=\"750\" height=\"500\" class=\"attachment-thegem-portfolio-metro\" alt=\"Panorama\" \/> <\/picture> <\/div> <div class=\"overlay \"> <div class=\"overlay-circle\"><\/div> <a href=\"https:\/\/www.chiavariturismo.it\/wp-content\/uploads\/2018\/07\/chiavari-panorama-5.jpg\" class=\"gallery-item-link fancy-gallery\" data-fancybox=\"gallery-69f4385a7e19f\"> <span class=\"slide-info\"> <span class=\"slide-info-title\"> Panorama - photo de Agnese Ghisellini <\/span> <\/span> <\/a> <div class=\"overlay-content\"> <div class=\"overlay-content-center\"> <div class=\"overlay-content-inner\"> <a href=\"https:\/\/www.chiavariturismo.it\/wp-content\/uploads\/2018\/07\/chiavari-panorama-5.jpg\" class=\"icon photo \" > <\/a> <div class=\"overlay-line\"><\/div> <div class=\"title\"> Panorama - photo de Agnese Ghisellini <\/div> <\/div> <\/div> <\/div> <\/div> <\/div> <\/div> <\/li> <li class=\"gallery-item gallery-0 col-xs-12 col-sm-6 col-md-3 item-animations-not-inited single-icon post-28650 page type-page status-publish\" style=\"\"> <div class=\"wrap gem-wrapbox-style-default\"> <div class=\"overlay-wrap\"> <div class=\"image-wrap \"> <picture> <source srcset=\"https:\/\/www.chiavariturismo.it\/wp-content\/uploads\/2018\/07\/chiavari-panorama-6-thegem-portfolio-metro.jpg 1x\" sizes=\"100vw\"> <img src=\"https:\/\/www.chiavariturismo.it\/wp-content\/uploads\/2018\/07\/chiavari-panorama-6-thegem-portfolio-metro.jpg\" width=\"750\" height=\"500\" class=\"attachment-thegem-portfolio-metro\" alt=\"Panorama\" \/> <\/picture> <\/div> <div class=\"overlay \"> <div class=\"overlay-circle\"><\/div> <a href=\"https:\/\/www.chiavariturismo.it\/wp-content\/uploads\/2018\/07\/chiavari-panorama-6.jpg\" class=\"gallery-item-link fancy-gallery\" data-fancybox=\"gallery-69f4385a7e19f\"> <span class=\"slide-info\"> <span class=\"slide-info-title\"> Panorama - photo de Agnese Ghisellini <\/span> <\/span> <\/a> <div class=\"overlay-content\"> <div class=\"overlay-content-center\"> <div class=\"overlay-content-inner\"> <a href=\"https:\/\/www.chiavariturismo.it\/wp-content\/uploads\/2018\/07\/chiavari-panorama-6.jpg\" class=\"icon photo \" > <\/a> <div class=\"overlay-line\"><\/div> <div class=\"title\"> Panorama - photo de Agnese Ghisellini <\/div> <\/div> <\/div> <\/div> <\/div> <\/div> <\/div> <\/li> <li class=\"gallery-item gallery-0 col-xs-12 col-sm-6 col-md-3 item-animations-not-inited single-icon post-28650 page type-page status-publish\" style=\"\"> <div class=\"wrap gem-wrapbox-style-default\"> <div class=\"overlay-wrap\"> <div class=\"image-wrap \"> <picture> <source srcset=\"https:\/\/www.chiavariturismo.it\/wp-content\/uploads\/2018\/07\/chiavari-monumento-caduti-prima-guerra-mondiale-2-thegem-portfolio-metro.jpg 1x\" sizes=\"100vw\"> <img src=\"https:\/\/www.chiavariturismo.it\/wp-content\/uploads\/2018\/07\/chiavari-monumento-caduti-prima-guerra-mondiale-2-thegem-portfolio-metro.jpg\" width=\"750\" height=\"500\" class=\"attachment-thegem-portfolio-metro\" alt=\"Monument au soldats de la Premi\u00e8re guerre Mondiale\" \/> <\/picture> <\/div> <div class=\"overlay \"> <div class=\"overlay-circle\"><\/div> <a href=\"https:\/\/www.chiavariturismo.it\/wp-content\/uploads\/2018\/07\/chiavari-monumento-caduti-prima-guerra-mondiale-2.jpg\" class=\"gallery-item-link fancy-gallery\" data-fancybox=\"gallery-69f4385a7e19f\"> <span class=\"slide-info\"> <span class=\"slide-info-title\"> Monument au soldats de la Premi\u00e8re guerre Mondiale - photo de Agnese Ghisellini <\/span> <\/span> <\/a> <div class=\"overlay-content\"> <div class=\"overlay-content-center\"> <div class=\"overlay-content-inner\"> <a href=\"https:\/\/www.chiavariturismo.it\/wp-content\/uploads\/2018\/07\/chiavari-monumento-caduti-prima-guerra-mondiale-2.jpg\" class=\"icon photo \" > <\/a> <div class=\"overlay-line\"><\/div> <div class=\"title\"> Monument au soldats de la Premi\u00e8re guerre Mondiale - photo de Agnese Ghisellini <\/div> <\/div> <\/div> <\/div> <\/div> <\/div> <\/div> <\/li> <li class=\"gallery-item gallery-0 col-xs-12 col-sm-6 col-md-3 item-animations-not-inited single-icon post-28650 page type-page status-publish\" style=\"\"> <div class=\"wrap gem-wrapbox-style-default\"> <div class=\"overlay-wrap\"> <div class=\"image-wrap \"> <picture> <source srcset=\"https:\/\/www.chiavariturismo.it\/wp-content\/uploads\/2018\/07\/chiavari-monumento-caduti-prima-guerra-mondiale-thegem-portfolio-metro.jpg 1x\" sizes=\"100vw\"> <img src=\"https:\/\/www.chiavariturismo.it\/wp-content\/uploads\/2018\/07\/chiavari-monumento-caduti-prima-guerra-mondiale-thegem-portfolio-metro.jpg\" width=\"750\" height=\"500\" class=\"attachment-thegem-portfolio-metro\" alt=\"Monument au soldats de la Premi\u00e8re guerre Mondiale\" \/> <\/picture> <\/div> <div class=\"overlay \"> <div class=\"overlay-circle\"><\/div> <a href=\"https:\/\/www.chiavariturismo.it\/wp-content\/uploads\/2018\/07\/chiavari-monumento-caduti-prima-guerra-mondiale.jpg\" class=\"gallery-item-link fancy-gallery\" data-fancybox=\"gallery-69f4385a7e19f\"> <span class=\"slide-info\"> <span class=\"slide-info-title\"> Monument au soldats de la Premi\u00e8re guerre Mondiale - photo de Agnese Ghisellini <\/span> <\/span> <\/a> <div class=\"overlay-content\"> <div class=\"overlay-content-center\"> <div class=\"overlay-content-inner\"> <a href=\"https:\/\/www.chiavariturismo.it\/wp-content\/uploads\/2018\/07\/chiavari-monumento-caduti-prima-guerra-mondiale.jpg\" class=\"icon photo \" > <\/a> <div class=\"overlay-line\"><\/div> <div class=\"title\"> Monument au soldats de la Premi\u00e8re guerre Mondiale - photo de Agnese Ghisellini <\/div> <\/div> <\/div> <\/div> <\/div> <\/div> <\/div> <\/li> <li class=\"gallery-item gallery-0 col-xs-12 col-sm-6 col-md-3 item-animations-not-inited single-icon post-28650 page type-page status-publish\" style=\"\"> <div class=\"wrap gem-wrapbox-style-default\"> <div class=\"overlay-wrap\"> <div class=\"image-wrap \"> <picture> <source srcset=\"https:\/\/www.chiavariturismo.it\/wp-content\/uploads\/2018\/07\/chiavari-scorci-citta-7-thegem-portfolio-metro.jpg 1x\" sizes=\"100vw\"> <img src=\"https:\/\/www.chiavariturismo.it\/wp-content\/uploads\/2018\/07\/chiavari-scorci-citta-7-thegem-portfolio-metro.jpg\" width=\"750\" height=\"500\" class=\"attachment-thegem-portfolio-metro\" alt=\"Vue de la ville\" \/> <\/picture> <\/div> <div class=\"overlay \"> <div class=\"overlay-circle\"><\/div> <a href=\"https:\/\/www.chiavariturismo.it\/wp-content\/uploads\/2018\/07\/chiavari-scorci-citta-7.jpg\" class=\"gallery-item-link fancy-gallery\" data-fancybox=\"gallery-69f4385a7e19f\"> <span class=\"slide-info\"> <span class=\"slide-info-title\"> Vue de la ville - photo de Agnese Ghisellini <\/span> <\/span> <\/a> <div class=\"overlay-content\"> <div class=\"overlay-content-center\"> <div class=\"overlay-content-inner\"> <a href=\"https:\/\/www.chiavariturismo.it\/wp-content\/uploads\/2018\/07\/chiavari-scorci-citta-7.jpg\" class=\"icon photo \" > <\/a> <div class=\"overlay-line\"><\/div> <div class=\"title\"> Vue de la ville - photo de Agnese Ghisellini <\/div> <\/div> <\/div> <\/div> <\/div> <\/div> <\/div> <\/li> <li class=\"gallery-item gallery-0 col-xs-12 col-sm-6 col-md-3 item-animations-not-inited single-icon post-28650 page type-page status-publish\" style=\"\"> <div class=\"wrap gem-wrapbox-style-default\"> <div class=\"overlay-wrap\"> <div class=\"image-wrap \"> <picture> <source srcset=\"https:\/\/www.chiavariturismo.it\/wp-content\/uploads\/2018\/07\/chiavari-scorci-citta-6-thegem-portfolio-metro.jpg 1x\" sizes=\"100vw\"> <img src=\"https:\/\/www.chiavariturismo.it\/wp-content\/uploads\/2018\/07\/chiavari-scorci-citta-6-thegem-portfolio-metro.jpg\" width=\"750\" height=\"500\" class=\"attachment-thegem-portfolio-metro\" alt=\"Vue de la ville\" \/> <\/picture> <\/div> <div class=\"overlay \"> <div class=\"overlay-circle\"><\/div> <a href=\"https:\/\/www.chiavariturismo.it\/wp-content\/uploads\/2018\/07\/chiavari-scorci-citta-6.jpg\" class=\"gallery-item-link fancy-gallery\" data-fancybox=\"gallery-69f4385a7e19f\"> <span class=\"slide-info\"> <span class=\"slide-info-title\"> Vue de la ville - photo de Agnese Ghisellini <\/span> <\/span> <\/a> <div class=\"overlay-content\"> <div class=\"overlay-content-center\"> <div class=\"overlay-content-inner\"> <a href=\"https:\/\/www.chiavariturismo.it\/wp-content\/uploads\/2018\/07\/chiavari-scorci-citta-6.jpg\" class=\"icon photo \" > <\/a> <div class=\"overlay-line\"><\/div> <div class=\"title\"> Vue de la ville - photo de Agnese Ghisellini <\/div> <\/div> <\/div> <\/div> <\/div> <\/div> <\/div> <\/li> <li class=\"gallery-item gallery-0 col-xs-12 col-sm-6 col-md-3 item-animations-not-inited single-icon post-28650 page type-page status-publish\" style=\"\"> <div class=\"wrap gem-wrapbox-style-default\"> <div class=\"overlay-wrap\"> <div class=\"image-wrap \"> <picture> <source srcset=\"https:\/\/www.chiavariturismo.it\/wp-content\/uploads\/2018\/07\/chiavari-scorci-citta-15-thegem-portfolio-metro.jpg 1x\" sizes=\"100vw\"> <img src=\"https:\/\/www.chiavariturismo.it\/wp-content\/uploads\/2018\/07\/chiavari-scorci-citta-15-thegem-portfolio-metro.jpg\" width=\"750\" height=\"500\" class=\"attachment-thegem-portfolio-metro\" alt=\"Vues de la ville\" \/> <\/picture> <\/div> <div class=\"overlay \"> <div class=\"overlay-circle\"><\/div> <a href=\"https:\/\/www.chiavariturismo.it\/wp-content\/uploads\/2018\/07\/chiavari-scorci-citta-15.jpg\" class=\"gallery-item-link fancy-gallery\" data-fancybox=\"gallery-69f4385a7e19f\"> <span class=\"slide-info\"> <span class=\"slide-info-title\"> Vues de la ville - photo de Agnese Ghisellini <\/span> <\/span> <\/a> <div class=\"overlay-content\"> <div class=\"overlay-content-center\"> <div class=\"overlay-content-inner\"> <a href=\"https:\/\/www.chiavariturismo.it\/wp-content\/uploads\/2018\/07\/chiavari-scorci-citta-15.jpg\" class=\"icon photo \" > <\/a> <div class=\"overlay-line\"><\/div> <div class=\"title\"> Vues de la ville - photo de Agnese Ghisellini <\/div> <\/div> <\/div> <\/div> <\/div> <\/div> <\/div> <\/li> <li class=\"gallery-item gallery-0 col-xs-12 col-sm-6 col-md-3 item-animations-not-inited single-icon post-28650 page type-page status-publish\" style=\"\"> <div class=\"wrap gem-wrapbox-style-default\"> <div class=\"overlay-wrap\"> <div class=\"image-wrap \"> <picture> <source srcset=\"https:\/\/www.chiavariturismo.it\/wp-content\/uploads\/2018\/07\/chiavari-scorci-citta-13-thegem-portfolio-metro.jpg 1x\" sizes=\"100vw\"> <img src=\"https:\/\/www.chiavariturismo.it\/wp-content\/uploads\/2018\/07\/chiavari-scorci-citta-13-thegem-portfolio-metro.jpg\" width=\"750\" height=\"500\" class=\"attachment-thegem-portfolio-metro\" alt=\"Scorci della citt\u00e0\" \/> <\/picture> <\/div> <div class=\"overlay \"> <div class=\"overlay-circle\"><\/div> <a href=\"https:\/\/www.chiavariturismo.it\/wp-content\/uploads\/2018\/07\/chiavari-scorci-citta-13.jpg\" class=\"gallery-item-link fancy-gallery\" data-fancybox=\"gallery-69f4385a7e19f\"> <span class=\"slide-info\"> <\/span> <\/a> <div class=\"overlay-content\"> <div class=\"overlay-content-center\"> <div class=\"overlay-content-inner\"> <a href=\"https:\/\/www.chiavariturismo.it\/wp-content\/uploads\/2018\/07\/chiavari-scorci-citta-13.jpg\" class=\"icon photo \" > <\/a> <div class=\"overlay-line\"><\/div> <\/div> <\/div> <\/div> <\/div> <\/div> <\/div> <\/li> <li class=\"gallery-item gallery-0 col-xs-12 col-sm-6 col-md-3 item-animations-not-inited single-icon post-28650 page type-page status-publish\" style=\"\"> <div class=\"wrap gem-wrapbox-style-default\"> <div class=\"overlay-wrap\"> <div class=\"image-wrap \"> <picture> <source srcset=\"https:\/\/www.chiavariturismo.it\/wp-content\/uploads\/2018\/07\/chiavari-scorci-citta-2-thegem-portfolio-metro.jpg 1x\" sizes=\"100vw\"> <img src=\"https:\/\/www.chiavariturismo.it\/wp-content\/uploads\/2018\/07\/chiavari-scorci-citta-2-thegem-portfolio-metro.jpg\" width=\"750\" height=\"500\" class=\"attachment-thegem-portfolio-metro\" alt=\"Vue de la ville\" \/> <\/picture> <\/div> <div class=\"overlay \"> <div class=\"overlay-circle\"><\/div> <a href=\"https:\/\/www.chiavariturismo.it\/wp-content\/uploads\/2018\/07\/chiavari-scorci-citta-2.jpg\" class=\"gallery-item-link fancy-gallery\" data-fancybox=\"gallery-69f4385a7e19f\"> <span class=\"slide-info\"> <span class=\"slide-info-title\"> Vue de la ville - photo de Agnese Ghisellini <\/span> <\/span> <\/a> <div class=\"overlay-content\"> <div class=\"overlay-content-center\"> <div class=\"overlay-content-inner\"> <a href=\"https:\/\/www.chiavariturismo.it\/wp-content\/uploads\/2018\/07\/chiavari-scorci-citta-2.jpg\" class=\"icon photo \" > <\/a> <div class=\"overlay-line\"><\/div> <div class=\"title\"> Vue de la ville - photo de Agnese Ghisellini <\/div> <\/div> <\/div> <\/div> <\/div> <\/div> <\/div> <\/li> <li class=\"gallery-item gallery-0 col-xs-12 col-sm-6 col-md-3 item-animations-not-inited single-icon post-28650 page type-page status-publish\" style=\"\"> <div class=\"wrap gem-wrapbox-style-default\"> <div class=\"overlay-wrap\"> <div class=\"image-wrap \"> <picture> <source srcset=\"https:\/\/www.chiavariturismo.it\/wp-content\/uploads\/2018\/07\/chiavari-scorci-citta-8-thegem-portfolio-metro.jpg 1x\" sizes=\"100vw\"> <img src=\"https:\/\/www.chiavariturismo.it\/wp-content\/uploads\/2018\/07\/chiavari-scorci-citta-8-thegem-portfolio-metro.jpg\" width=\"750\" height=\"500\" class=\"attachment-thegem-portfolio-metro\" alt=\"Vue de la ville\" \/> <\/picture> <\/div> <div class=\"overlay \"> <div class=\"overlay-circle\"><\/div> <a href=\"https:\/\/www.chiavariturismo.it\/wp-content\/uploads\/2018\/07\/chiavari-scorci-citta-8.jpg\" class=\"gallery-item-link fancy-gallery\" data-fancybox=\"gallery-69f4385a7e19f\"> <span class=\"slide-info\"> <span class=\"slide-info-title\"> Vue de la ville - photo de Agnese Ghisellini <\/span> <\/span> <\/a> <div class=\"overlay-content\"> <div class=\"overlay-content-center\"> <div class=\"overlay-content-inner\"> <a href=\"https:\/\/www.chiavariturismo.it\/wp-content\/uploads\/2018\/07\/chiavari-scorci-citta-8.jpg\" class=\"icon photo \" > <\/a> <div class=\"overlay-line\"><\/div> <div class=\"title\"> Vue de la ville - photo de Agnese Ghisellini <\/div> <\/div> <\/div> <\/div> <\/div> <\/div> <\/div> <\/li> <li class=\"gallery-item gallery-0 col-xs-12 col-sm-6 col-md-3 item-animations-not-inited single-icon post-28650 page type-page status-publish\" style=\"\"> <div class=\"wrap gem-wrapbox-style-default\"> <div class=\"overlay-wrap\"> <div class=\"image-wrap \"> <picture> <source srcset=\"https:\/\/www.chiavariturismo.it\/wp-content\/uploads\/2018\/07\/chiavari-scorci-citta-14-thegem-portfolio-metro.jpg 1x\" sizes=\"100vw\"> <img src=\"https:\/\/www.chiavariturismo.it\/wp-content\/uploads\/2018\/07\/chiavari-scorci-citta-14-thegem-portfolio-metro.jpg\" width=\"750\" height=\"500\" class=\"attachment-thegem-portfolio-metro\" alt=\"Piazza Matteotti\" \/> <\/picture> <\/div> <div class=\"overlay \"> <div class=\"overlay-circle\"><\/div> <a href=\"https:\/\/www.chiavariturismo.it\/wp-content\/uploads\/2018\/07\/chiavari-scorci-citta-14.jpg\" class=\"gallery-item-link fancy-gallery\" data-fancybox=\"gallery-69f4385a7e19f\"> <span class=\"slide-info\"> <span class=\"slide-info-title\"> Piazza Matteotti - photo de Agnese Ghisellini <\/span> <\/span> <\/a> <div class=\"overlay-content\"> <div class=\"overlay-content-center\"> <div class=\"overlay-content-inner\"> <a href=\"https:\/\/www.chiavariturismo.it\/wp-content\/uploads\/2018\/07\/chiavari-scorci-citta-14.jpg\" class=\"icon photo \" > <\/a> <div class=\"overlay-line\"><\/div> <div class=\"title\"> Piazza Matteotti - photo de Agnese Ghisellini <\/div> <\/div> <\/div> <\/div> <\/div> <\/div> <\/div> <\/li> <li class=\"gallery-item gallery-0 col-xs-12 col-sm-6 col-md-3 item-animations-not-inited single-icon post-28650 page type-page status-publish\" style=\"\"> <div class=\"wrap gem-wrapbox-style-default\"> <div class=\"overlay-wrap\"> <div class=\"image-wrap \"> <picture> <source srcset=\"https:\/\/www.chiavariturismo.it\/wp-content\/uploads\/2018\/07\/chiavari-scorci-citta-10-thegem-portfolio-metro.jpg 1x\" sizes=\"100vw\"> <img src=\"https:\/\/www.chiavariturismo.it\/wp-content\/uploads\/2018\/07\/chiavari-scorci-citta-10-thegem-portfolio-metro.jpg\" width=\"750\" height=\"500\" class=\"attachment-thegem-portfolio-metro\" alt=\"Vue de la ville\" \/> <\/picture> <\/div> <div class=\"overlay \"> <div class=\"overlay-circle\"><\/div> <a href=\"https:\/\/www.chiavariturismo.it\/wp-content\/uploads\/2018\/07\/chiavari-scorci-citta-10.jpg\" class=\"gallery-item-link fancy-gallery\" data-fancybox=\"gallery-69f4385a7e19f\"> <span class=\"slide-info\"> <span class=\"slide-info-title\"> Carruggio - photo de Agnese Ghisellini <\/span> <\/span> <\/a> <div class=\"overlay-content\"> <div class=\"overlay-content-center\"> <div class=\"overlay-content-inner\"> <a href=\"https:\/\/www.chiavariturismo.it\/wp-content\/uploads\/2018\/07\/chiavari-scorci-citta-10.jpg\" class=\"icon photo \" > <\/a> <div class=\"overlay-line\"><\/div> <div class=\"title\"> Carruggio - photo de Agnese Ghisellini <\/div> <\/div> <\/div> <\/div> <\/div> <\/div> <\/div> <\/li> <li class=\"gallery-item gallery-0 col-xs-12 col-sm-6 col-md-3 item-animations-not-inited single-icon post-28650 page type-page status-publish\" style=\"\"> <div class=\"wrap gem-wrapbox-style-default\"> <div class=\"overlay-wrap\"> <div class=\"image-wrap \"> <picture> <source srcset=\"https:\/\/www.chiavariturismo.it\/wp-content\/uploads\/2018\/07\/chiavari-scorci-citta-9-thegem-portfolio-metro.jpg 1x\" sizes=\"100vw\"> <img src=\"https:\/\/www.chiavariturismo.it\/wp-content\/uploads\/2018\/07\/chiavari-scorci-citta-9-thegem-portfolio-metro.jpg\" width=\"750\" height=\"500\" class=\"attachment-thegem-portfolio-metro\" alt=\"Piazza Mazzini\" \/> <\/picture> <\/div> <div class=\"overlay \"> <div class=\"overlay-circle\"><\/div> <a href=\"https:\/\/www.chiavariturismo.it\/wp-content\/uploads\/2018\/07\/chiavari-scorci-citta-9.jpg\" class=\"gallery-item-link fancy-gallery\" data-fancybox=\"gallery-69f4385a7e19f\"> <span class=\"slide-info\"> <span class=\"slide-info-title\"> Piazza Mazzini <\/span> <\/span> <\/a> <div class=\"overlay-content\"> <div class=\"overlay-content-center\"> <div class=\"overlay-content-inner\"> <a href=\"https:\/\/www.chiavariturismo.it\/wp-content\/uploads\/2018\/07\/chiavari-scorci-citta-9.jpg\" class=\"icon photo \" > <\/a> <div class=\"overlay-line\"><\/div> <div class=\"title\"> Piazza Mazzini <\/div> <\/div> <\/div> <\/div> <\/div> <\/div> <\/div> <\/li> <li class=\"gallery-item gallery-0 col-xs-12 col-sm-6 col-md-3 item-animations-not-inited single-icon post-28650 page type-page status-publish\" style=\"\"> <div class=\"wrap gem-wrapbox-style-default\"> <div class=\"overlay-wrap\"> <div class=\"image-wrap \"> <picture> <source srcset=\"https:\/\/www.chiavariturismo.it\/wp-content\/uploads\/2018\/07\/chiavari-scorci-citta-3-thegem-portfolio-metro.jpg 1x\" sizes=\"100vw\"> <img src=\"https:\/\/www.chiavariturismo.it\/wp-content\/uploads\/2018\/07\/chiavari-scorci-citta-3-thegem-portfolio-metro.jpg\" width=\"750\" height=\"500\" class=\"attachment-thegem-portfolio-metro\" alt=\"Vue de la ville\" \/> <\/picture> <\/div> <div class=\"overlay \"> <div class=\"overlay-circle\"><\/div> <a href=\"https:\/\/www.chiavariturismo.it\/wp-content\/uploads\/2018\/07\/chiavari-scorci-citta-3.jpg\" class=\"gallery-item-link fancy-gallery\" data-fancybox=\"gallery-69f4385a7e19f\"> <span class=\"slide-info\"> <span class=\"slide-info-title\"> Vue de la ville - photo de Agnese Ghisellini <\/span> <\/span> <\/a> <div class=\"overlay-content\"> <div class=\"overlay-content-center\"> <div class=\"overlay-content-inner\"> <a href=\"https:\/\/www.chiavariturismo.it\/wp-content\/uploads\/2018\/07\/chiavari-scorci-citta-3.jpg\" class=\"icon photo \" > <\/a> <div class=\"overlay-line\"><\/div> <div class=\"title\"> Vue de la ville - photo de Agnese Ghisellini <\/div> <\/div> <\/div> <\/div> <\/div> <\/div> <\/div> <\/li> <li class=\"gallery-item gallery-0 col-xs-12 col-sm-6 col-md-3 item-animations-not-inited single-icon post-28650 page type-page status-publish\" style=\"\"> <div class=\"wrap gem-wrapbox-style-default\"> <div class=\"overlay-wrap\"> <div class=\"image-wrap \"> <picture> <source srcset=\"https:\/\/www.chiavariturismo.it\/wp-content\/uploads\/2018\/07\/chiavari-scorci-citta-5-thegem-portfolio-metro.jpg 1x\" sizes=\"100vw\"> <img src=\"https:\/\/www.chiavariturismo.it\/wp-content\/uploads\/2018\/07\/chiavari-scorci-citta-5-thegem-portfolio-metro.jpg\" width=\"750\" height=\"500\" class=\"attachment-thegem-portfolio-metro\" alt=\"Vue de la ville\" \/> <\/picture> <\/div> <div class=\"overlay \"> <div class=\"overlay-circle\"><\/div> <a href=\"https:\/\/www.chiavariturismo.it\/wp-content\/uploads\/2018\/07\/chiavari-scorci-citta-5.jpg\" class=\"gallery-item-link fancy-gallery\" data-fancybox=\"gallery-69f4385a7e19f\"> <span class=\"slide-info\"> <span class=\"slide-info-title\"> Vue de la ville - photo de Agnese Ghisellini <\/span> <\/span> <\/a> <div class=\"overlay-content\"> <div class=\"overlay-content-center\"> <div class=\"overlay-content-inner\"> <a href=\"https:\/\/www.chiavariturismo.it\/wp-content\/uploads\/2018\/07\/chiavari-scorci-citta-5.jpg\" class=\"icon photo \" > <\/a> <div class=\"overlay-line\"><\/div> <div class=\"title\"> Vue de la ville - photo de Agnese Ghisellini <\/div> <\/div> <\/div> <\/div> <\/div> <\/div> <\/div> <\/li> <li class=\"gallery-item gallery-0 col-xs-12 col-sm-6 col-md-3 item-animations-not-inited single-icon post-28650 page type-page status-publish\" style=\"\"> <div class=\"wrap gem-wrapbox-style-default\"> <div class=\"overlay-wrap\"> <div class=\"image-wrap \"> <picture> <source srcset=\"https:\/\/www.chiavariturismo.it\/wp-content\/uploads\/2018\/07\/chiavari-scorci-citta-4-thegem-portfolio-metro.jpg 1x\" sizes=\"100vw\"> <img src=\"https:\/\/www.chiavariturismo.it\/wp-content\/uploads\/2018\/07\/chiavari-scorci-citta-4-thegem-portfolio-metro.jpg\" width=\"750\" height=\"500\" class=\"attachment-thegem-portfolio-metro\" alt=\"Vue de la ville\" \/> <\/picture> <\/div> <div class=\"overlay \"> <div class=\"overlay-circle\"><\/div> <a href=\"https:\/\/www.chiavariturismo.it\/wp-content\/uploads\/2018\/07\/chiavari-scorci-citta-4.jpg\" class=\"gallery-item-link fancy-gallery\" data-fancybox=\"gallery-69f4385a7e19f\"> <span class=\"slide-info\"> <span class=\"slide-info-title\"> Vue de la ville - photo de Agnese Ghisellini <\/span> <\/span> <\/a> <div class=\"overlay-content\"> <div class=\"overlay-content-center\"> <div class=\"overlay-content-inner\"> <a href=\"https:\/\/www.chiavariturismo.it\/wp-content\/uploads\/2018\/07\/chiavari-scorci-citta-4.jpg\" class=\"icon photo \" > <\/a> <div class=\"overlay-line\"><\/div> <div class=\"title\"> Vue de la ville - photo de Agnese Ghisellini <\/div> <\/div> <\/div> <\/div> <\/div> <\/div> <\/div> <\/li> <li class=\"gallery-item gallery-0 col-xs-12 col-sm-6 col-md-3 item-animations-not-inited single-icon post-28650 page type-page status-publish\" style=\"\"> <div class=\"wrap gem-wrapbox-style-default\"> <div class=\"overlay-wrap\"> <div class=\"image-wrap \"> <picture> <source srcset=\"https:\/\/www.chiavariturismo.it\/wp-content\/uploads\/2018\/07\/chiavari-scorci-citta-thegem-portfolio-metro.jpg 1x\" sizes=\"100vw\"> <img src=\"https:\/\/www.chiavariturismo.it\/wp-content\/uploads\/2018\/07\/chiavari-scorci-citta-thegem-portfolio-metro.jpg\" width=\"750\" height=\"500\" class=\"attachment-thegem-portfolio-metro\" alt=\"Vue de la ville\" \/> <\/picture> <\/div> <div class=\"overlay \"> <div class=\"overlay-circle\"><\/div> <a href=\"https:\/\/www.chiavariturismo.it\/wp-content\/uploads\/2018\/07\/chiavari-scorci-citta.jpg\" class=\"gallery-item-link fancy-gallery\" data-fancybox=\"gallery-69f4385a7e19f\"> <span class=\"slide-info\"> <span class=\"slide-info-title\"> Vue de la ville - photo de Agnese Ghisellini <\/span> <\/span> <\/a> <div class=\"overlay-content\"> <div class=\"overlay-content-center\"> <div class=\"overlay-content-inner\"> <a href=\"https:\/\/www.chiavariturismo.it\/wp-content\/uploads\/2018\/07\/chiavari-scorci-citta.jpg\" class=\"icon photo \" > <\/a> <div class=\"overlay-line\"><\/div> <div class=\"title\"> Vue de la ville - photo de Agnese Ghisellini <\/div> <\/div> <\/div> <\/div> <\/div> <\/div> <\/div> <\/li> <li class=\"gallery-item gallery-0 col-xs-12 col-sm-6 col-md-3 item-animations-not-inited single-icon post-28650 page type-page status-publish\" style=\"\"> <div class=\"wrap gem-wrapbox-style-default\"> <div class=\"overlay-wrap\"> <div class=\"image-wrap \"> <picture> <source srcset=\"https:\/\/www.chiavariturismo.it\/wp-content\/uploads\/2018\/07\/chiavari-scorci-citta-12-thegem-portfolio-metro.jpg 1x\" sizes=\"100vw\"> <img src=\"https:\/\/www.chiavariturismo.it\/wp-content\/uploads\/2018\/07\/chiavari-scorci-citta-12-thegem-portfolio-metro.jpg\" width=\"750\" height=\"500\" class=\"attachment-thegem-portfolio-metro\" alt=\"Vues de la ville\" \/> <\/picture> <\/div> <div class=\"overlay \"> <div class=\"overlay-circle\"><\/div> <a href=\"https:\/\/www.chiavariturismo.it\/wp-content\/uploads\/2018\/07\/chiavari-scorci-citta-12.jpg\" class=\"gallery-item-link fancy-gallery\" data-fancybox=\"gallery-69f4385a7e19f\"> <span class=\"slide-info\"> <span class=\"slide-info-title\"> Carruggio - photo de Agnese Ghisellini <\/span> <\/span> <\/a> <div class=\"overlay-content\"> <div class=\"overlay-content-center\"> <div class=\"overlay-content-inner\"> <a href=\"https:\/\/www.chiavariturismo.it\/wp-content\/uploads\/2018\/07\/chiavari-scorci-citta-12.jpg\" class=\"icon photo \" > <\/a> <div class=\"overlay-line\"><\/div> <div class=\"title\"> Carruggio - photo de Agnese Ghisellini <\/div> <\/div> <\/div> <\/div> <\/div> <\/div> <\/div> <\/li> <li class=\"gallery-item gallery-0 col-xs-12 col-sm-6 col-md-3 item-animations-not-inited single-icon post-28650 page type-page status-publish\" style=\"\"> <div class=\"wrap gem-wrapbox-style-default\"> <div class=\"overlay-wrap\"> <div class=\"image-wrap \"> <picture> <source srcset=\"https:\/\/www.chiavariturismo.it\/wp-content\/uploads\/2018\/07\/chiavari-scorci-citta-11-thegem-portfolio-metro.jpg 1x\" sizes=\"100vw\"> <img src=\"https:\/\/www.chiavariturismo.it\/wp-content\/uploads\/2018\/07\/chiavari-scorci-citta-11-thegem-portfolio-metro.jpg\" width=\"750\" height=\"500\" class=\"attachment-thegem-portfolio-metro\" alt=\"Vues de la ville\" \/> <\/picture> <\/div> <div class=\"overlay \"> <div class=\"overlay-circle\"><\/div> <a href=\"https:\/\/www.chiavariturismo.it\/wp-content\/uploads\/2018\/07\/chiavari-scorci-citta-11.jpg\" class=\"gallery-item-link fancy-gallery\" data-fancybox=\"gallery-69f4385a7e19f\"> <span class=\"slide-info\"> <span class=\"slide-info-title\"> Carruggio - photo de Agnese Ghisellini <\/span> <\/span> <\/a> <div class=\"overlay-content\"> <div class=\"overlay-content-center\"> <div class=\"overlay-content-inner\"> <a href=\"https:\/\/www.chiavariturismo.it\/wp-content\/uploads\/2018\/07\/chiavari-scorci-citta-11.jpg\" class=\"icon photo \" > <\/a> <div class=\"overlay-line\"><\/div> <div class=\"title\"> Carruggio - photo de Agnese Ghisellini <\/div> <\/div> <\/div> <\/div> <\/div> <\/div> <\/div> <\/li> <li class=\"gallery-item gallery-0 col-xs-12 col-sm-6 col-md-3 item-animations-not-inited single-icon post-28650 page type-page status-publish\" style=\"\"> <div class=\"wrap gem-wrapbox-style-default\"> <div class=\"overlay-wrap\"> <div class=\"image-wrap \"> <picture> <source srcset=\"https:\/\/www.chiavariturismo.it\/wp-content\/uploads\/2018\/07\/chiavari-palazzo-di-giustizia-thegem-portfolio-metro.jpg 1x\" sizes=\"100vw\"> <img src=\"https:\/\/www.chiavariturismo.it\/wp-content\/uploads\/2018\/07\/chiavari-palazzo-di-giustizia-thegem-portfolio-metro.jpg\" width=\"750\" height=\"500\" class=\"attachment-thegem-portfolio-metro\" alt=\"Tribunal\" \/> <\/picture> <\/div> <div class=\"overlay \"> <div class=\"overlay-circle\"><\/div> <a href=\"https:\/\/www.chiavariturismo.it\/wp-content\/uploads\/2018\/07\/chiavari-palazzo-di-giustizia.jpg\" class=\"gallery-item-link fancy-gallery\" data-fancybox=\"gallery-69f4385a7e19f\"> <span class=\"slide-info\"> <\/span> <\/a> <div class=\"overlay-content\"> <div class=\"overlay-content-center\"> <div class=\"overlay-content-inner\"> <a href=\"https:\/\/www.chiavariturismo.it\/wp-content\/uploads\/2018\/07\/chiavari-palazzo-di-giustizia.jpg\" class=\"icon photo \" > <\/a> <div class=\"overlay-line\"><\/div> <\/div> <\/div> <\/div> <\/div> <\/div> <\/div> <\/li> <li class=\"gallery-item gallery-0 col-xs-12 col-sm-6 col-md-3 item-animations-not-inited single-icon post-28650 page type-page status-publish\" style=\"\"> <div class=\"wrap gem-wrapbox-style-default\"> <div class=\"overlay-wrap\"> <div class=\"image-wrap \"> <picture> <source srcset=\"https:\/\/www.chiavariturismo.it\/wp-content\/uploads\/2018\/07\/chiavari-palazzo-di-giustizia-3-thegem-portfolio-metro.jpg 1x\" sizes=\"100vw\"> <img src=\"https:\/\/www.chiavariturismo.it\/wp-content\/uploads\/2018\/07\/chiavari-palazzo-di-giustizia-3-thegem-portfolio-metro.jpg\" width=\"750\" height=\"500\" class=\"attachment-thegem-portfolio-metro\" alt=\"Tribunal\" \/> <\/picture> <\/div> <div class=\"overlay \"> <div class=\"overlay-circle\"><\/div> <a href=\"https:\/\/www.chiavariturismo.it\/wp-content\/uploads\/2018\/07\/chiavari-palazzo-di-giustizia-3.jpg\" class=\"gallery-item-link fancy-gallery\" data-fancybox=\"gallery-69f4385a7e19f\"> <span class=\"slide-info\"> <\/span> <\/a> <div class=\"overlay-content\"> <div class=\"overlay-content-center\"> <div class=\"overlay-content-inner\"> <a href=\"https:\/\/www.chiavariturismo.it\/wp-content\/uploads\/2018\/07\/chiavari-palazzo-di-giustizia-3.jpg\" class=\"icon photo \" > <\/a> <div class=\"overlay-line\"><\/div> <\/div> <\/div> <\/div> <\/div> <\/div> <\/div> <\/li> <li class=\"gallery-item gallery-0 col-xs-12 col-sm-6 col-md-3 item-animations-not-inited single-icon post-28650 page type-page status-publish\" style=\"\"> <div class=\"wrap gem-wrapbox-style-default\"> <div class=\"overlay-wrap\"> <div class=\"image-wrap \"> <picture> <source srcset=\"https:\/\/www.chiavariturismo.it\/wp-content\/uploads\/2018\/07\/chiavari-palazzo-di-giustizia-2-thegem-portfolio-metro.jpg 1x\" sizes=\"100vw\"> <img src=\"https:\/\/www.chiavariturismo.it\/wp-content\/uploads\/2018\/07\/chiavari-palazzo-di-giustizia-2-thegem-portfolio-metro.jpg\" width=\"750\" height=\"500\" class=\"attachment-thegem-portfolio-metro\" alt=\"Tribunal\" \/> <\/picture> <\/div> <div class=\"overlay \"> <div class=\"overlay-circle\"><\/div> <a href=\"https:\/\/www.chiavariturismo.it\/wp-content\/uploads\/2018\/07\/chiavari-palazzo-di-giustizia-2.jpg\" class=\"gallery-item-link fancy-gallery\" data-fancybox=\"gallery-69f4385a7e19f\"> <span class=\"slide-info\"> <\/span> <\/a> <div class=\"overlay-content\"> <div class=\"overlay-content-center\"> <div class=\"overlay-content-inner\"> <a href=\"https:\/\/www.chiavariturismo.it\/wp-content\/uploads\/2018\/07\/chiavari-palazzo-di-giustizia-2.jpg\" class=\"icon photo \" > <\/a> <div class=\"overlay-line\"><\/div> <\/div> <\/div> <\/div> <\/div> <\/div> <\/div> <\/li> <li class=\"gallery-item gallery-0 col-xs-12 col-sm-6 col-md-3 item-animations-not-inited single-icon post-28650 page type-page status-publish\" style=\"\"> <div class=\"wrap gem-wrapbox-style-default\"> <div class=\"overlay-wrap\"> <div class=\"image-wrap \"> <picture> <source srcset=\"https:\/\/www.chiavariturismo.it\/wp-content\/uploads\/2018\/07\/chiavari-passeggiata-mare-3-thegem-portfolio-metro.jpg 1x\" sizes=\"100vw\"> <img src=\"https:\/\/www.chiavariturismo.it\/wp-content\/uploads\/2018\/07\/chiavari-passeggiata-mare-3-thegem-portfolio-metro.jpg\" width=\"750\" height=\"500\" class=\"attachment-thegem-portfolio-metro\" alt=\"Bord de mer photo de Agnese Ghisellini\" \/> <\/picture> <\/div> <div class=\"overlay \"> <div class=\"overlay-circle\"><\/div> <a href=\"https:\/\/www.chiavariturismo.it\/wp-content\/uploads\/2018\/07\/chiavari-passeggiata-mare-3.jpg\" class=\"gallery-item-link fancy-gallery\" data-fancybox=\"gallery-69f4385a7e19f\"> <span class=\"slide-info\"> <span class=\"slide-info-title\"> Bord de mer photo de Agnese Ghisellini <\/span> <\/span> <\/a> <div class=\"overlay-content\"> <div class=\"overlay-content-center\"> <div class=\"overlay-content-inner\"> <a href=\"https:\/\/www.chiavariturismo.it\/wp-content\/uploads\/2018\/07\/chiavari-passeggiata-mare-3.jpg\" class=\"icon photo \" > <\/a> <div class=\"overlay-line\"><\/div> <div class=\"title\"> Bord de mer photo de Agnese Ghisellini <\/div> <\/div> <\/div> <\/div> <\/div> <\/div> <\/div> <\/li> <li class=\"gallery-item gallery-0 col-xs-12 col-sm-6 col-md-3 item-animations-not-inited single-icon post-28650 page type-page status-publish\" style=\"\"> <div class=\"wrap gem-wrapbox-style-default\"> <div class=\"overlay-wrap\"> <div class=\"image-wrap \"> <picture> <source srcset=\"https:\/\/www.chiavariturismo.it\/wp-content\/uploads\/2018\/07\/chiavari-passeggiata-mare-2-thegem-portfolio-metro.jpg 1x\" sizes=\"100vw\"> <img src=\"https:\/\/www.chiavariturismo.it\/wp-content\/uploads\/2018\/07\/chiavari-passeggiata-mare-2-thegem-portfolio-metro.jpg\" width=\"750\" height=\"500\" class=\"attachment-thegem-portfolio-metro\" alt=\"Bord de mer\" \/> <\/picture> <\/div> <div class=\"overlay \"> <div class=\"overlay-circle\"><\/div> <a href=\"https:\/\/www.chiavariturismo.it\/wp-content\/uploads\/2018\/07\/chiavari-passeggiata-mare-2.jpg\" class=\"gallery-item-link fancy-gallery\" data-fancybox=\"gallery-69f4385a7e19f\"> <span class=\"slide-info\"> <span class=\"slide-info-title\"> Bord de mer photo de Agnese Ghisellini <\/span> <\/span> <\/a> <div class=\"overlay-content\"> <div class=\"overlay-content-center\"> <div class=\"overlay-content-inner\"> <a href=\"https:\/\/www.chiavariturismo.it\/wp-content\/uploads\/2018\/07\/chiavari-passeggiata-mare-2.jpg\" class=\"icon photo \" > <\/a> <div class=\"overlay-line\"><\/div> <div class=\"title\"> Bord de mer photo de Agnese Ghisellini <\/div> <\/div> <\/div> <\/div> <\/div> <\/div> <\/div> <\/li> <li class=\"gallery-item gallery-0 col-xs-12 col-sm-6 col-md-3 item-animations-not-inited single-icon post-28650 page type-page status-publish\" style=\"\"> <div class=\"wrap gem-wrapbox-style-default\"> <div class=\"overlay-wrap\"> <div class=\"image-wrap \"> <picture> <source srcset=\"https:\/\/www.chiavariturismo.it\/wp-content\/uploads\/2018\/07\/chiavari-mare-thegem-portfolio-metro.jpg 1x\" sizes=\"100vw\"> <img src=\"https:\/\/www.chiavariturismo.it\/wp-content\/uploads\/2018\/07\/chiavari-mare-thegem-portfolio-metro.jpg\" width=\"750\" height=\"500\" class=\"attachment-thegem-portfolio-metro\" alt=\"Plages\" \/> <\/picture> <\/div> <div class=\"overlay \"> <div class=\"overlay-circle\"><\/div> <a href=\"https:\/\/www.chiavariturismo.it\/wp-content\/uploads\/2018\/07\/chiavari-mare.jpg\" class=\"gallery-item-link fancy-gallery\" data-fancybox=\"gallery-69f4385a7e19f\"> <span class=\"slide-info\"> <span class=\"slide-info-title\"> Plages <\/span> <\/span> <\/a> <div class=\"overlay-content\"> <div class=\"overlay-content-center\"> <div class=\"overlay-content-inner\"> <a href=\"https:\/\/www.chiavariturismo.it\/wp-content\/uploads\/2018\/07\/chiavari-mare.jpg\" class=\"icon photo \" > <\/a> <div class=\"overlay-line\"><\/div> <div class=\"title\"> Plages <\/div> <\/div> <\/div> <\/div> <\/div> <\/div> <\/div> <\/li> <li class=\"gallery-item gallery-0 col-xs-12 col-sm-6 col-md-3 item-animations-not-inited single-icon post-28650 page type-page status-publish\" style=\"\"> <div class=\"wrap gem-wrapbox-style-default\"> <div class=\"overlay-wrap\"> <div class=\"image-wrap \"> <picture> <source srcset=\"https:\/\/www.chiavariturismo.it\/wp-content\/uploads\/2018\/07\/chiavari-passeggiata-mare-spiaggia-thegem-portfolio-metro.jpg 1x\" sizes=\"100vw\"> <img src=\"https:\/\/www.chiavariturismo.it\/wp-content\/uploads\/2018\/07\/chiavari-passeggiata-mare-spiaggia-thegem-portfolio-metro.jpg\" width=\"750\" height=\"500\" class=\"attachment-thegem-portfolio-metro\" alt=\"Promenade du bord de mer\" \/> <\/picture> <\/div> <div class=\"overlay \"> <div class=\"overlay-circle\"><\/div> <a href=\"https:\/\/www.chiavariturismo.it\/wp-content\/uploads\/2018\/07\/chiavari-passeggiata-mare-spiaggia.jpg\" class=\"gallery-item-link fancy-gallery\" data-fancybox=\"gallery-69f4385a7e19f\"> <span class=\"slide-info\"> <span class=\"slide-info-title\"> Promenade du bord de mer <\/span> <\/span> <\/a> <div class=\"overlay-content\"> <div class=\"overlay-content-center\"> <div class=\"overlay-content-inner\"> <a href=\"https:\/\/www.chiavariturismo.it\/wp-content\/uploads\/2018\/07\/chiavari-passeggiata-mare-spiaggia.jpg\" class=\"icon photo \" > <\/a> <div class=\"overlay-line\"><\/div> <div class=\"title\"> Promenade du bord de mer <\/div> <\/div> <\/div> <\/div> <\/div> <\/div> <\/div> <\/li> <li class=\"gallery-item gallery-0 col-xs-12 col-sm-6 col-md-3 item-animations-not-inited single-icon post-28650 page type-page status-publish\" style=\"\"> <div class=\"wrap gem-wrapbox-style-default\"> <div class=\"overlay-wrap\"> <div class=\"image-wrap \"> <picture> <source srcset=\"https:\/\/www.chiavariturismo.it\/wp-content\/uploads\/2018\/07\/chiavari-mare-2-thegem-portfolio-metro.jpg 1x\" sizes=\"100vw\"> <img src=\"https:\/\/www.chiavariturismo.it\/wp-content\/uploads\/2018\/07\/chiavari-mare-2-thegem-portfolio-metro.jpg\" width=\"750\" height=\"500\" class=\"attachment-thegem-portfolio-metro\" alt=\"Mare\" \/> <\/picture> <\/div> <div class=\"overlay \"> <div class=\"overlay-circle\"><\/div> <a href=\"https:\/\/www.chiavariturismo.it\/wp-content\/uploads\/2018\/07\/chiavari-mare-2.jpg\" class=\"gallery-item-link fancy-gallery\" data-fancybox=\"gallery-69f4385a7e19f\"> <span class=\"slide-info\"> <span class=\"slide-info-title\"> Mare <\/span> <\/span> <\/a> <div class=\"overlay-content\"> <div class=\"overlay-content-center\"> <div class=\"overlay-content-inner\"> <a href=\"https:\/\/www.chiavariturismo.it\/wp-content\/uploads\/2018\/07\/chiavari-mare-2.jpg\" class=\"icon photo \" > <\/a> <div class=\"overlay-line\"><\/div> <div class=\"title\"> Mare <\/div> <\/div> <\/div> <\/div> <\/div> <\/div> <\/div> <\/li> <li class=\"gallery-item gallery-0 col-xs-12 col-sm-6 col-md-3 item-animations-not-inited single-icon post-28650 page type-page status-publish\" style=\"\"> <div class=\"wrap gem-wrapbox-style-default\"> <div class=\"overlay-wrap\"> <div class=\"image-wrap \"> <picture> <source srcset=\"https:\/\/www.chiavariturismo.it\/wp-content\/uploads\/2018\/07\/chiavari-passeggiata-mare-spiaggia-2-thegem-portfolio-metro.jpg 1x\" sizes=\"100vw\"> <img src=\"https:\/\/www.chiavariturismo.it\/wp-content\/uploads\/2018\/07\/chiavari-passeggiata-mare-spiaggia-2-thegem-portfolio-metro.jpg\" width=\"750\" height=\"500\" class=\"attachment-thegem-portfolio-metro\" alt=\"Promenade du bord de mer\" \/> <\/picture> <\/div> <div class=\"overlay \"> <div class=\"overlay-circle\"><\/div> <a href=\"https:\/\/www.chiavariturismo.it\/wp-content\/uploads\/2018\/07\/chiavari-passeggiata-mare-spiaggia-2.jpg\" class=\"gallery-item-link fancy-gallery\" data-fancybox=\"gallery-69f4385a7e19f\"> <span class=\"slide-info\"> <span class=\"slide-info-title\"> Promenade du bord de mer <\/span> <\/span> <\/a> <div class=\"overlay-content\"> <div class=\"overlay-content-center\"> <div class=\"overlay-content-inner\"> <a href=\"https:\/\/www.chiavariturismo.it\/wp-content\/uploads\/2018\/07\/chiavari-passeggiata-mare-spiaggia-2.jpg\" class=\"icon photo \" > <\/a> <div class=\"overlay-line\"><\/div> <div class=\"title\"> Promenade du bord de mer <\/div> <\/div> <\/div> <\/div> <\/div> <\/div> <\/div> <\/li> <li class=\"gallery-item gallery-0 col-xs-12 col-sm-6 col-md-3 item-animations-not-inited single-icon post-28650 page type-page status-publish\" style=\"\"> <div class=\"wrap gem-wrapbox-style-default\"> <div class=\"overlay-wrap\"> <div class=\"image-wrap \"> <picture> <source srcset=\"https:\/\/www.chiavariturismo.it\/wp-content\/uploads\/2018\/07\/chiavari-passeggiata-mare-fontana-thegem-portfolio-metro.jpg 1x\" sizes=\"100vw\"> <img src=\"https:\/\/www.chiavariturismo.it\/wp-content\/uploads\/2018\/07\/chiavari-passeggiata-mare-fontana-thegem-portfolio-metro.jpg\" width=\"750\" height=\"500\" class=\"attachment-thegem-portfolio-metro\" alt=\"Promenade du bord de mer\" \/> <\/picture> <\/div> <div class=\"overlay \"> <div class=\"overlay-circle\"><\/div> <a href=\"https:\/\/www.chiavariturismo.it\/wp-content\/uploads\/2018\/07\/chiavari-passeggiata-mare-fontana.jpg\" class=\"gallery-item-link fancy-gallery\" data-fancybox=\"gallery-69f4385a7e19f\"> <span class=\"slide-info\"> <span class=\"slide-info-title\"> Promenade du bord de mer <\/span> <\/span> <\/a> <div class=\"overlay-content\"> <div class=\"overlay-content-center\"> <div class=\"overlay-content-inner\"> <a href=\"https:\/\/www.chiavariturismo.it\/wp-content\/uploads\/2018\/07\/chiavari-passeggiata-mare-fontana.jpg\" class=\"icon photo \" > <\/a> <div class=\"overlay-line\"><\/div> <div class=\"title\"> Promenade du bord de mer <\/div> <\/div> <\/div> <\/div> <\/div> <\/div> <\/div> <\/li> <li class=\"gallery-item gallery-0 col-xs-12 col-sm-6 col-md-3 item-animations-not-inited single-icon post-28650 page type-page status-publish\" style=\"\"> <div class=\"wrap gem-wrapbox-style-default\"> <div class=\"overlay-wrap\"> <div class=\"image-wrap \"> <picture> <source srcset=\"https:\/\/www.chiavariturismo.it\/wp-content\/uploads\/2018\/07\/chiavari-monumento-cristoforo-colombo-thegem-portfolio-metro.jpg 1x\" sizes=\"100vw\"> <img src=\"https:\/\/www.chiavariturismo.it\/wp-content\/uploads\/2018\/07\/chiavari-monumento-cristoforo-colombo-thegem-portfolio-metro.jpg\" width=\"750\" height=\"500\" class=\"attachment-thegem-portfolio-metro\" alt=\"Monumento di Cristoforo Colombo\" \/> <\/picture> <\/div> <div class=\"overlay \"> <div class=\"overlay-circle\"><\/div> <a href=\"https:\/\/www.chiavariturismo.it\/wp-content\/uploads\/2018\/07\/chiavari-monumento-cristoforo-colombo.jpg\" class=\"gallery-item-link fancy-gallery\" data-fancybox=\"gallery-69f4385a7e19f\"> <span class=\"slide-info\"> <span class=\"slide-info-title\"> Monumento di Cristoforo Colombo <\/span> <\/span> <\/a> <div class=\"overlay-content\"> <div class=\"overlay-content-center\"> <div class=\"overlay-content-inner\"> <a href=\"https:\/\/www.chiavariturismo.it\/wp-content\/uploads\/2018\/07\/chiavari-monumento-cristoforo-colombo.jpg\" class=\"icon photo \" > <\/a> <div class=\"overlay-line\"><\/div> <div class=\"title\"> Monumento di Cristoforo Colombo <\/div> <\/div> <\/div> <\/div> <\/div> <\/div> <\/div> <\/li> <li class=\"gallery-item gallery-0 col-xs-12 col-sm-6 col-md-3 item-animations-not-inited single-icon post-28650 page type-page status-publish\" style=\"\"> <div class=\"wrap gem-wrapbox-style-default\"> <div class=\"overlay-wrap\"> <div class=\"image-wrap \"> <picture> <source srcset=\"https:\/\/www.chiavariturismo.it\/wp-content\/uploads\/2018\/09\/chiavari-thegem-portfolio-metro.jpg 1x\" sizes=\"100vw\"> <img src=\"https:\/\/www.chiavariturismo.it\/wp-content\/uploads\/2018\/09\/chiavari-thegem-portfolio-metro.jpg\" width=\"707\" height=\"500\" class=\"attachment-thegem-portfolio-metro\" alt=\"Vues de la ville\" \/> <\/picture> <\/div> <div class=\"overlay \"> <div class=\"overlay-circle\"><\/div> <a href=\"https:\/\/www.chiavariturismo.it\/wp-content\/uploads\/2018\/09\/chiavari.jpg\" class=\"gallery-item-link fancy-gallery\" data-fancybox=\"gallery-69f4385a7e19f\"> <span class=\"slide-info\"> <span class=\"slide-info-title\"> Vues de la ville \u2013 photo de Riccardo Penna <\/span> <\/span> <\/a> <div class=\"overlay-content\"> <div class=\"overlay-content-center\"> <div class=\"overlay-content-inner\"> <a href=\"https:\/\/www.chiavariturismo.it\/wp-content\/uploads\/2018\/09\/chiavari.jpg\" class=\"icon photo \" > <\/a> <div class=\"overlay-line\"><\/div> <div class=\"title\"> Vues de la ville \u2013 photo de Riccardo Penna <\/div> <\/div> <\/div> <\/div> <\/div> <\/div> <\/div> <\/li> <li class=\"gallery-item gallery-0 col-xs-12 col-sm-6 col-md-3 item-animations-not-inited single-icon post-28650 page type-page status-publish\" style=\"\"> <div class=\"wrap gem-wrapbox-style-default\"> <div class=\"overlay-wrap\"> <div class=\"image-wrap \"> <picture> <source srcset=\"https:\/\/www.chiavariturismo.it\/wp-content\/uploads\/2018\/09\/chiavari-scorci-citta-thegem-portfolio-metro.jpg 1x\" sizes=\"100vw\"> <img src=\"https:\/\/www.chiavariturismo.it\/wp-content\/uploads\/2018\/09\/chiavari-scorci-citta-thegem-portfolio-metro.jpg\" width=\"707\" height=\"500\" class=\"attachment-thegem-portfolio-metro\" alt=\"Vues de la ville\" \/> <\/picture> <\/div> <div class=\"overlay \"> <div class=\"overlay-circle\"><\/div> <a href=\"https:\/\/www.chiavariturismo.it\/wp-content\/uploads\/2018\/09\/chiavari-scorci-citta.jpg\" class=\"gallery-item-link fancy-gallery\" data-fancybox=\"gallery-69f4385a7e19f\"> <span class=\"slide-info\"> <span class=\"slide-info-title\"> Vues de la ville \u2013 photo de Riccardo Penna <\/span> <\/span> <\/a> <div class=\"overlay-content\"> <div class=\"overlay-content-center\"> <div class=\"overlay-content-inner\"> <a href=\"https:\/\/www.chiavariturismo.it\/wp-content\/uploads\/2018\/09\/chiavari-scorci-citta.jpg\" class=\"icon photo \" > <\/a> <div class=\"overlay-line\"><\/div> <div class=\"title\"> Vues de la ville \u2013 photo de Riccardo Penna <\/div> <\/div> <\/div> <\/div> <\/div> <\/div> <\/div> <\/li> <li class=\"gallery-item gallery-0 col-xs-12 col-sm-6 col-md-3 item-animations-not-inited single-icon post-28650 page type-page status-publish\" style=\"\"> <div class=\"wrap gem-wrapbox-style-default\"> <div class=\"overlay-wrap\"> <div class=\"image-wrap \"> <picture> <source srcset=\"https:\/\/www.chiavariturismo.it\/wp-content\/uploads\/2018\/09\/chiavari-scorci-citta-9.jpg 1x\" sizes=\"100vw\"> <img src=\"https:\/\/www.chiavariturismo.it\/wp-content\/uploads\/2018\/09\/chiavari-scorci-citta-9.jpg\" width=\"1024\" height=\"498\" class=\"attachment-thegem-portfolio-metro\" alt=\"Vues de la ville\" \/> <\/picture> <\/div> <div class=\"overlay \"> <div class=\"overlay-circle\"><\/div> <a href=\"https:\/\/www.chiavariturismo.it\/wp-content\/uploads\/2018\/09\/chiavari-scorci-citta-9.jpg\" class=\"gallery-item-link fancy-gallery\" data-fancybox=\"gallery-69f4385a7e19f\"> <span class=\"slide-info\"> <span class=\"slide-info-title\"> Vues de la ville \u2013 photo de Riccardo Penna <\/span> <\/span> <\/a> <div class=\"overlay-content\"> <div class=\"overlay-content-center\"> <div class=\"overlay-content-inner\"> <a href=\"https:\/\/www.chiavariturismo.it\/wp-content\/uploads\/2018\/09\/chiavari-scorci-citta-9.jpg\" class=\"icon photo \" > <\/a> <div class=\"overlay-line\"><\/div> <div class=\"title\"> Vues de la ville \u2013 photo de Riccardo Penna <\/div> <\/div> <\/div> <\/div> <\/div> <\/div> <\/div> <\/li> <li class=\"gallery-item gallery-0 col-xs-12 col-sm-6 col-md-3 item-animations-not-inited single-icon post-28650 page type-page status-publish\" style=\"\"> <div class=\"wrap gem-wrapbox-style-default\"> <div class=\"overlay-wrap\"> <div class=\"image-wrap \"> <picture> <source srcset=\"https:\/\/www.chiavariturismo.it\/wp-content\/uploads\/2018\/09\/chiavari-chiesa-delle-grazie-thegem-portfolio-metro.jpg 1x\" sizes=\"100vw\"> <img src=\"https:\/\/www.chiavariturismo.it\/wp-content\/uploads\/2018\/09\/chiavari-chiesa-delle-grazie-thegem-portfolio-metro.jpg\" width=\"353\" height=\"500\" class=\"attachment-thegem-portfolio-metro\" alt=\"Chiavari, Eglise des Grazie\" \/> <\/picture> <\/div> <div class=\"overlay \"> <div class=\"overlay-circle\"><\/div> <a href=\"https:\/\/www.chiavariturismo.it\/wp-content\/uploads\/2018\/09\/chiavari-chiesa-delle-grazie.jpg\" class=\"gallery-item-link fancy-gallery\" data-fancybox=\"gallery-69f4385a7e19f\"> <span class=\"slide-info\"> <span class=\"slide-info-title\"> Chiavari, Eglise des Grazie \u2013 photo de Riccardo Penna <\/span> <\/span> <\/a> <div class=\"overlay-content\"> <div class=\"overlay-content-center\"> <div class=\"overlay-content-inner\"> <a href=\"https:\/\/www.chiavariturismo.it\/wp-content\/uploads\/2018\/09\/chiavari-chiesa-delle-grazie.jpg\" class=\"icon photo \" > <\/a> <div class=\"overlay-line\"><\/div> <div class=\"title\"> Chiavari, Eglise des Grazie \u2013 photo de Riccardo Penna <\/div> <\/div> <\/div> <\/div> <\/div> <\/div> <\/div> <\/li> <\/ul> <div class=\"portfolio-item-size-container\"> <li class=\"gallery-item size-item col-xs-12 col-sm-6 col-md-3 post-28650 page type-page status-publish\" style=\"\"> <\/li> <\/div> <\/div> <\/div> <\/div> <\/div>[vc_empty_space height=&#8221;50px&#8221; el_class=&#8221;none&#8221;][vc_text_separator title_level=&#8221;h3&#8243; title=&#8221;\u00c9v\u00e8nements et manifestations&#8221; css_animation=&#8221;fadeIn&#8221;]<style>.gem-gallery-grid#style-69f4385a860d4 .gallery-item { padding: calc(5px\/2) !important; }.gem-gallery-grid#style-69f4385a860d4 .gallery-set { margin-top: calc(-5px\/2); margin-bottom: calc(-5px\/2); }.gem-gallery-grid#style-69f4385a860d4 .not-fullwidth-block .gallery-set, .gem-gallery-grid#style-69f4385a860d4 .not-fullwidth-block .portfolio-item-size-container { margin-left: calc(-5px\/2); margin-right: calc(-5px\/2); }.gem-gallery-grid#style-69f4385a860d4 .fullwidth-block { padding-left: calc(5px\/2); padding-right: calc(5px\/2); }.gem-gallery-grid#style-69f4385a860d4 .portfolio-filters { text-align: center }<\/style><div id=\"style-preloader-69f4385a860d4\" class=\"preloader save-space\"><div class=\"preloader-spin\"><\/div><\/div> <div class=\"gallery-preloader-wrapper\"> <div class=\"row\"> <div id=\"style-69f4385a860d4\" class=\"gem-gallery-grid col-lg-12 col-md-12 col-sm-12 gallery-style-metro hover-horizontal-sliding loading-animation item-animation-move-up metro columns-4 columns-tablet-2 columns-mobile-1 without-padding metro-item-style-default \" data-hover=\"horizontal-sliding\" data-uid=\"69f4385a860d4\" data-filter=\"[]\"> <div class=\"portfolio not-fullwidth-block \"> <ul class=\"gallery-set clearfix\" data-max-row-height=\"280\"> <li class=\"gallery-item gallery-0 col-xs-12 col-sm-6 col-md-3 item-animations-not-inited single-icon post-28650 page type-page status-publish\" style=\"\"> <div class=\"wrap gem-wrapbox-style-default\"> <div class=\"overlay-wrap\"> <div class=\"image-wrap \"> <picture> <source srcset=\"https:\/\/www.chiavariturismo.it\/wp-content\/uploads\/2018\/07\/La-grande-abbuffata-2-thegem-portfolio-metro.jpg 1x\" sizes=\"100vw\"> <img src=\"https:\/\/www.chiavariturismo.it\/wp-content\/uploads\/2018\/07\/La-grande-abbuffata-2-thegem-portfolio-metro.jpg\" width=\"667\" height=\"500\" class=\"attachment-thegem-portfolio-metro\" alt=\"La grande bouffe\" \/> <\/picture> <\/div> <div class=\"overlay \"> <div class=\"overlay-circle\"><\/div> <a href=\"https:\/\/www.chiavariturismo.it\/wp-content\/uploads\/2018\/07\/La-grande-abbuffata-2.jpg\" class=\"gallery-item-link fancy-gallery\" data-fancybox=\"gallery-69f4385a860d4\"> <span class=\"slide-info\"> <span class=\"slide-info-title\"> La grande bouffe <\/span> <\/span> <\/a> <div class=\"overlay-content\"> <div class=\"overlay-content-center\"> <div class=\"overlay-content-inner\"> <a href=\"https:\/\/www.chiavariturismo.it\/wp-content\/uploads\/2018\/07\/La-grande-abbuffata-2.jpg\" class=\"icon photo \" > <\/a> <div class=\"overlay-line\"><\/div> <div class=\"title\"> La grande bouffe <\/div> <\/div> <\/div> <\/div> <\/div> <\/div> <\/div> <\/li> <li class=\"gallery-item gallery-0 col-xs-12 col-sm-6 col-md-3 item-animations-not-inited single-icon post-28650 page type-page status-publish\" style=\"\"> <div class=\"wrap gem-wrapbox-style-default\"> <div class=\"overlay-wrap\"> <div class=\"image-wrap \"> <picture> <source srcset=\"https:\/\/www.chiavariturismo.it\/wp-content\/uploads\/2018\/07\/La-grande-abbuffata-3-thegem-portfolio-metro.jpg 1x\" sizes=\"100vw\"> <img src=\"https:\/\/www.chiavariturismo.it\/wp-content\/uploads\/2018\/07\/La-grande-abbuffata-3-thegem-portfolio-metro.jpg\" width=\"667\" height=\"500\" class=\"attachment-thegem-portfolio-metro\" alt=\"La grande bouffe\" \/> <\/picture> <\/div> <div class=\"overlay \"> <div class=\"overlay-circle\"><\/div> <a href=\"https:\/\/www.chiavariturismo.it\/wp-content\/uploads\/2018\/07\/La-grande-abbuffata-3.jpg\" class=\"gallery-item-link fancy-gallery\" data-fancybox=\"gallery-69f4385a860d4\"> <span class=\"slide-info\"> <span class=\"slide-info-title\"> La grande bouffe <\/span> <\/span> <\/a> <div class=\"overlay-content\"> <div class=\"overlay-content-center\"> <div class=\"overlay-content-inner\"> <a href=\"https:\/\/www.chiavariturismo.it\/wp-content\/uploads\/2018\/07\/La-grande-abbuffata-3.jpg\" class=\"icon photo \" > <\/a> <div class=\"overlay-line\"><\/div> <div class=\"title\"> La grande bouffe <\/div> <\/div> <\/div> <\/div> <\/div> <\/div> <\/div> <\/li> <li class=\"gallery-item gallery-0 col-xs-12 col-sm-6 col-md-3 item-animations-not-inited single-icon post-28650 page type-page status-publish\" style=\"\"> <div class=\"wrap gem-wrapbox-style-default\"> <div class=\"overlay-wrap\"> <div class=\"image-wrap \"> <picture> <source srcset=\"https:\/\/www.chiavariturismo.it\/wp-content\/uploads\/2018\/07\/Campionati-di-scherma-chiavari-thegem-portfolio-metro.jpg 1x\" sizes=\"100vw\"> <img src=\"https:\/\/www.chiavariturismo.it\/wp-content\/uploads\/2018\/07\/Campionati-di-scherma-chiavari-thegem-portfolio-metro.jpg\" width=\"667\" height=\"500\" class=\"attachment-thegem-portfolio-metro\" alt=\"Championnat d\u2019escrime\" \/> <\/picture> <\/div> <div class=\"overlay \"> <div class=\"overlay-circle\"><\/div> <a href=\"https:\/\/www.chiavariturismo.it\/wp-content\/uploads\/2018\/07\/Campionati-di-scherma-chiavari.jpg\" class=\"gallery-item-link fancy-gallery\" data-fancybox=\"gallery-69f4385a860d4\"> <span class=\"slide-info\"> <span class=\"slide-info-title\"> Championnat d\u2019escrime <\/span> <span class=\"slide-info-summary\"> Championnat d\u2019escrime <\/span> <\/span> <\/a> <div class=\"overlay-content\"> <div class=\"overlay-content-center\"> <div class=\"overlay-content-inner\"> <a href=\"https:\/\/www.chiavariturismo.it\/wp-content\/uploads\/2018\/07\/Campionati-di-scherma-chiavari.jpg\" class=\"icon photo \" > <\/a> <div class=\"overlay-line\"><\/div> <div class=\"title\"> Championnat d\u2019escrime <\/div> <div class=\"subtitle\"> Championnat d\u2019escrime <\/div> <\/div> <\/div> <\/div> <\/div> <\/div> <\/div> <\/li> <li class=\"gallery-item gallery-0 col-xs-12 col-sm-6 col-md-3 item-animations-not-inited single-icon post-28650 page type-page status-publish\" style=\"\"> <div class=\"wrap gem-wrapbox-style-default\"> <div class=\"overlay-wrap\"> <div class=\"image-wrap \"> <picture> <source srcset=\"https:\/\/www.chiavariturismo.it\/wp-content\/uploads\/2018\/07\/Palio-marinaro-chiavari-thegem-portfolio-metro.jpg 1x\" sizes=\"100vw\"> <img src=\"https:\/\/www.chiavariturismo.it\/wp-content\/uploads\/2018\/07\/Palio-marinaro-chiavari-thegem-portfolio-metro.jpg\" width=\"667\" height=\"500\" class=\"attachment-thegem-portfolio-metro\" alt=\"Palio Marinaro\" \/> <\/picture> <\/div> <div class=\"overlay \"> <div class=\"overlay-circle\"><\/div> <a href=\"https:\/\/www.chiavariturismo.it\/wp-content\/uploads\/2018\/07\/Palio-marinaro-chiavari.jpg\" class=\"gallery-item-link fancy-gallery\" data-fancybox=\"gallery-69f4385a860d4\"> <span class=\"slide-info\"> <span class=\"slide-info-title\"> Palio Marinaro <\/span> <\/span> <\/a> <div class=\"overlay-content\"> <div class=\"overlay-content-center\"> <div class=\"overlay-content-inner\"> <a href=\"https:\/\/www.chiavariturismo.it\/wp-content\/uploads\/2018\/07\/Palio-marinaro-chiavari.jpg\" class=\"icon photo \" > <\/a> <div class=\"overlay-line\"><\/div> <div class=\"title\"> Palio Marinaro <\/div> <\/div> <\/div> <\/div> <\/div> <\/div> <\/div> <\/li> <li class=\"gallery-item gallery-0 col-xs-12 col-sm-6 col-md-3 item-animations-not-inited single-icon post-28650 page type-page status-publish\" style=\"\"> <div class=\"wrap gem-wrapbox-style-default\"> <div class=\"overlay-wrap\"> <div class=\"image-wrap \"> <picture> <source srcset=\"https:\/\/www.chiavariturismo.it\/wp-content\/uploads\/2018\/07\/Palio-marinaro-chiavari-2-thegem-portfolio-metro.jpg 1x\" sizes=\"100vw\"> <img src=\"https:\/\/www.chiavariturismo.it\/wp-content\/uploads\/2018\/07\/Palio-marinaro-chiavari-2-thegem-portfolio-metro.jpg\" width=\"667\" height=\"500\" class=\"attachment-thegem-portfolio-metro\" alt=\"Palio Marinaro\" \/> <\/picture> <\/div> <div class=\"overlay \"> <div class=\"overlay-circle\"><\/div> <a href=\"https:\/\/www.chiavariturismo.it\/wp-content\/uploads\/2018\/07\/Palio-marinaro-chiavari-2.jpg\" class=\"gallery-item-link fancy-gallery\" data-fancybox=\"gallery-69f4385a860d4\"> <span class=\"slide-info\"> <span class=\"slide-info-title\"> Palio Marinaro <\/span> <\/span> <\/a> <div class=\"overlay-content\"> <div class=\"overlay-content-center\"> <div class=\"overlay-content-inner\"> <a href=\"https:\/\/www.chiavariturismo.it\/wp-content\/uploads\/2018\/07\/Palio-marinaro-chiavari-2.jpg\" class=\"icon photo \" > <\/a> <div class=\"overlay-line\"><\/div> <div class=\"title\"> Palio Marinaro <\/div> <\/div> <\/div> <\/div> <\/div> <\/div> <\/div> <\/li> <li class=\"gallery-item gallery-0 col-xs-12 col-sm-6 col-md-3 item-animations-not-inited single-icon post-28650 page type-page status-publish\" style=\"\"> <div class=\"wrap gem-wrapbox-style-default\"> <div class=\"overlay-wrap\"> <div class=\"image-wrap \"> <picture> <source srcset=\"https:\/\/www.chiavariturismo.it\/wp-content\/uploads\/2018\/07\/Gara-Di-Enduro-chiavari-thegem-portfolio-metro.jpg 1x\" sizes=\"100vw\"> <img src=\"https:\/\/www.chiavariturismo.it\/wp-content\/uploads\/2018\/07\/Gara-Di-Enduro-chiavari-thegem-portfolio-metro.jpg\" width=\"750\" height=\"500\" class=\"attachment-thegem-portfolio-metro\" alt=\"Enduro trial\" \/> <\/picture> <\/div> <div class=\"overlay \"> <div class=\"overlay-circle\"><\/div> <a href=\"https:\/\/www.chiavariturismo.it\/wp-content\/uploads\/2018\/07\/Gara-Di-Enduro-chiavari.jpg\" class=\"gallery-item-link fancy-gallery\" data-fancybox=\"gallery-69f4385a860d4\"> <span class=\"slide-info\"> <span class=\"slide-info-title\"> Enduro trial <\/span> <\/span> <\/a> <div class=\"overlay-content\"> <div class=\"overlay-content-center\"> <div class=\"overlay-content-inner\"> <a href=\"https:\/\/www.chiavariturismo.it\/wp-content\/uploads\/2018\/07\/Gara-Di-Enduro-chiavari.jpg\" class=\"icon photo \" > <\/a> <div class=\"overlay-line\"><\/div> <div class=\"title\"> Enduro trial <\/div> <\/div> <\/div> <\/div> <\/div> <\/div> <\/div> <\/li> <li class=\"gallery-item gallery-0 col-xs-12 col-sm-6 col-md-3 item-animations-not-inited single-icon post-28650 page type-page status-publish\" style=\"\"> <div class=\"wrap gem-wrapbox-style-default\"> <div class=\"overlay-wrap\"> <div class=\"image-wrap \"> <picture> <source srcset=\"https:\/\/www.chiavariturismo.it\/wp-content\/uploads\/2018\/07\/Fuochi-di-luglio-chiavari-thegem-portfolio-metro.jpg 1x\" sizes=\"100vw\"> <img src=\"https:\/\/www.chiavariturismo.it\/wp-content\/uploads\/2018\/07\/Fuochi-di-luglio-chiavari-thegem-portfolio-metro.jpg\" width=\"667\" height=\"500\" class=\"attachment-thegem-portfolio-metro\" alt=\"Feux d&#039;artifice de juillet\" \/> <\/picture> <\/div> <div class=\"overlay \"> <div class=\"overlay-circle\"><\/div> <a href=\"https:\/\/www.chiavariturismo.it\/wp-content\/uploads\/2018\/07\/Fuochi-di-luglio-chiavari.jpg\" class=\"gallery-item-link fancy-gallery\" data-fancybox=\"gallery-69f4385a860d4\"> <span class=\"slide-info\"> <span class=\"slide-info-title\"> Feux d'artifice de juillet <\/span> <span class=\"slide-info-summary\"> Championnats d'escrime <\/span> <\/span> <\/a> <div class=\"overlay-content\"> <div class=\"overlay-content-center\"> <div class=\"overlay-content-inner\"> <a href=\"https:\/\/www.chiavariturismo.it\/wp-content\/uploads\/2018\/07\/Fuochi-di-luglio-chiavari.jpg\" class=\"icon photo \" > <\/a> <div class=\"overlay-line\"><\/div> <div class=\"title\"> Feux d'artifice de juillet <\/div> <div class=\"subtitle\"> Championnats d'escrime <\/div> <\/div> <\/div> <\/div> <\/div> <\/div> <\/div> <\/li> <li class=\"gallery-item gallery-0 col-xs-12 col-sm-6 col-md-3 item-animations-not-inited single-icon post-28650 page type-page status-publish\" style=\"\"> <div class=\"wrap gem-wrapbox-style-default\"> <div class=\"overlay-wrap\"> <div class=\"image-wrap \"> <picture> <source srcset=\"https:\/\/www.chiavariturismo.it\/wp-content\/uploads\/2018\/07\/Confuego-chiavari-thegem-portfolio-metro.jpg 1x\" sizes=\"100vw\"> <img src=\"https:\/\/www.chiavariturismo.it\/wp-content\/uploads\/2018\/07\/Confuego-chiavari-thegem-portfolio-metro.jpg\" width=\"752\" height=\"500\" class=\"attachment-thegem-portfolio-metro\" alt=\"Confuego\" \/> <\/picture> <\/div> <div class=\"overlay \"> <div class=\"overlay-circle\"><\/div> <a href=\"https:\/\/www.chiavariturismo.it\/wp-content\/uploads\/2018\/07\/Confuego-chiavari.jpg\" class=\"gallery-item-link fancy-gallery\" data-fancybox=\"gallery-69f4385a860d4\"> <span class=\"slide-info\"> <span class=\"slide-info-title\"> Confuego <\/span> <\/span> <\/a> <div class=\"overlay-content\"> <div class=\"overlay-content-center\"> <div class=\"overlay-content-inner\"> <a href=\"https:\/\/www.chiavariturismo.it\/wp-content\/uploads\/2018\/07\/Confuego-chiavari.jpg\" class=\"icon photo \" > <\/a> <div class=\"overlay-line\"><\/div> <div class=\"title\"> Confuego <\/div> <\/div> <\/div> <\/div> <\/div> <\/div> <\/div> <\/li> <li class=\"gallery-item gallery-0 col-xs-12 col-sm-6 col-md-3 item-animations-not-inited single-icon post-28650 page type-page status-publish\" style=\"\"> <div class=\"wrap gem-wrapbox-style-default\"> <div class=\"overlay-wrap\"> <div class=\"image-wrap \"> <picture> <source srcset=\"https:\/\/www.chiavariturismo.it\/wp-content\/uploads\/2018\/07\/Confuego-chiavari-3-thegem-portfolio-metro.jpg 1x\" sizes=\"100vw\"> <img src=\"https:\/\/www.chiavariturismo.it\/wp-content\/uploads\/2018\/07\/Confuego-chiavari-3-thegem-portfolio-metro.jpg\" width=\"667\" height=\"500\" class=\"attachment-thegem-portfolio-metro\" alt=\"Confuego\" \/> <\/picture> <\/div> <div class=\"overlay \"> <div class=\"overlay-circle\"><\/div> <a href=\"https:\/\/www.chiavariturismo.it\/wp-content\/uploads\/2018\/07\/Confuego-chiavari-3.jpg\" class=\"gallery-item-link fancy-gallery\" data-fancybox=\"gallery-69f4385a860d4\"> <span class=\"slide-info\"> <span class=\"slide-info-title\"> Confuego <\/span> <\/span> <\/a> <div class=\"overlay-content\"> <div class=\"overlay-content-center\"> <div class=\"overlay-content-inner\"> <a href=\"https:\/\/www.chiavariturismo.it\/wp-content\/uploads\/2018\/07\/Confuego-chiavari-3.jpg\" class=\"icon photo \" > <\/a> <div class=\"overlay-line\"><\/div> <div class=\"title\"> Confuego <\/div> <\/div> <\/div> <\/div> <\/div> <\/div> <\/div> <\/li> <li class=\"gallery-item gallery-0 col-xs-12 col-sm-6 col-md-3 item-animations-not-inited single-icon post-28650 page type-page status-publish\" style=\"\"> <div class=\"wrap gem-wrapbox-style-default\"> <div class=\"overlay-wrap\"> <div class=\"image-wrap \"> <picture> <source srcset=\"https:\/\/www.chiavariturismo.it\/wp-content\/uploads\/2018\/07\/Campionato-Italiano-Ping-Pong-chiavari-thegem-portfolio-metro.jpg 1x\" sizes=\"100vw\"> <img src=\"https:\/\/www.chiavariturismo.it\/wp-content\/uploads\/2018\/07\/Campionato-Italiano-Ping-Pong-chiavari-thegem-portfolio-metro.jpg\" width=\"752\" height=\"500\" class=\"attachment-thegem-portfolio-metro\" alt=\"Championnat italien de ping pong\" \/> <\/picture> <\/div> <div class=\"overlay \"> <div class=\"overlay-circle\"><\/div> <a href=\"https:\/\/www.chiavariturismo.it\/wp-content\/uploads\/2018\/07\/Campionato-Italiano-Ping-Pong-chiavari.jpg\" class=\"gallery-item-link fancy-gallery\" data-fancybox=\"gallery-69f4385a860d4\"> <span class=\"slide-info\"> <span class=\"slide-info-title\"> Championnat italien de ping pong <\/span> <\/span> <\/a> <div class=\"overlay-content\"> <div class=\"overlay-content-center\"> <div class=\"overlay-content-inner\"> <a href=\"https:\/\/www.chiavariturismo.it\/wp-content\/uploads\/2018\/07\/Campionato-Italiano-Ping-Pong-chiavari.jpg\" class=\"icon photo \" > <\/a> <div class=\"overlay-line\"><\/div> <div class=\"title\"> Championnat italien de ping pong <\/div> <\/div> <\/div> <\/div> <\/div> <\/div> <\/div> <\/li> <\/ul> <div class=\"portfolio-item-size-container\"> <li class=\"gallery-item size-item col-xs-12 col-sm-6 col-md-3 post-28650 page type-page status-publish\" style=\"\"> <\/li> <\/div> <\/div> <\/div> <\/div> <\/div>[vc_empty_space height=&#8221;50px&#8221; el_class=&#8221;none&#8221;][vc_text_separator title_level=&#8221;h3&#8243; title=&#8221;Nature et Parcours&#8221; css_animation=&#8221;fadeIn&#8221;]<style>.gem-gallery-grid#style-69f4385a886d3 .gallery-item { padding: calc(5px\/2) !important; }.gem-gallery-grid#style-69f4385a886d3 .gallery-set { margin-top: calc(-5px\/2); margin-bottom: calc(-5px\/2); }.gem-gallery-grid#style-69f4385a886d3 .not-fullwidth-block .gallery-set, .gem-gallery-grid#style-69f4385a886d3 .not-fullwidth-block .portfolio-item-size-container { margin-left: calc(-5px\/2); margin-right: calc(-5px\/2); }.gem-gallery-grid#style-69f4385a886d3 .fullwidth-block { padding-left: calc(5px\/2); padding-right: calc(5px\/2); }.gem-gallery-grid#style-69f4385a886d3 .portfolio-filters { text-align: center }<\/style><div id=\"style-preloader-69f4385a886d3\" class=\"preloader save-space\"><div class=\"preloader-spin\"><\/div><\/div> <div class=\"gallery-preloader-wrapper\"> <div class=\"row\"> <div id=\"style-69f4385a886d3\" class=\"gem-gallery-grid col-lg-12 col-md-12 col-sm-12 gallery-style-metro hover-horizontal-sliding loading-animation item-animation-move-up metro columns-4 columns-tablet-2 columns-mobile-1 without-padding metro-item-style-default \" data-hover=\"horizontal-sliding\" data-uid=\"69f4385a886d3\" data-filter=\"[]\"> <div class=\"portfolio not-fullwidth-block \"> <ul class=\"gallery-set clearfix\" data-max-row-height=\"280\"> <li class=\"gallery-item gallery-0 col-xs-12 col-sm-6 col-md-3 item-animations-not-inited single-icon post-28650 page type-page status-publish\" style=\"\"> <div class=\"wrap gem-wrapbox-style-default\"> <div class=\"overlay-wrap\"> <div class=\"image-wrap \"> <picture> <source srcset=\"https:\/\/www.chiavariturismo.it\/wp-content\/uploads\/2018\/07\/chiavari-panorama-8-thegem-portfolio-metro.jpg 1x\" sizes=\"100vw\"> <img src=\"https:\/\/www.chiavariturismo.it\/wp-content\/uploads\/2018\/07\/chiavari-panorama-8-thegem-portfolio-metro.jpg\" width=\"753\" height=\"500\" class=\"attachment-thegem-portfolio-metro\" alt=\"Panorama\" \/> <\/picture> <\/div> <div class=\"overlay \"> <div class=\"overlay-circle\"><\/div> <a href=\"https:\/\/www.chiavariturismo.it\/wp-content\/uploads\/2018\/07\/chiavari-panorama-8.jpg\" class=\"gallery-item-link fancy-gallery\" data-fancybox=\"gallery-69f4385a886d3\"> <span class=\"slide-info\"> <span class=\"slide-info-title\"> Panorama <\/span> <\/span> <\/a> <div class=\"overlay-content\"> <div class=\"overlay-content-center\"> <div class=\"overlay-content-inner\"> <a href=\"https:\/\/www.chiavariturismo.it\/wp-content\/uploads\/2018\/07\/chiavari-panorama-8.jpg\" class=\"icon photo \" > <\/a> <div class=\"overlay-line\"><\/div> <div class=\"title\"> Panorama <\/div> <\/div> <\/div> <\/div> <\/div> <\/div> <\/div> <\/li> <li class=\"gallery-item gallery-0 col-xs-12 col-sm-6 col-md-3 item-animations-not-inited single-icon post-28650 page type-page status-publish\" style=\"\"> <div class=\"wrap gem-wrapbox-style-default\"> <div class=\"overlay-wrap\"> <div class=\"image-wrap \"> <picture> <source srcset=\"https:\/\/www.chiavariturismo.it\/wp-content\/uploads\/2018\/07\/chiavari-panorama-1-1-thegem-portfolio-metro.jpg 1x\" sizes=\"100vw\"> <img src=\"https:\/\/www.chiavariturismo.it\/wp-content\/uploads\/2018\/07\/chiavari-panorama-1-1-thegem-portfolio-metro.jpg\" width=\"753\" height=\"500\" class=\"attachment-thegem-portfolio-metro\" alt=\"Panorama\" \/> <\/picture> <\/div> <div class=\"overlay \"> <div class=\"overlay-circle\"><\/div> <a href=\"https:\/\/www.chiavariturismo.it\/wp-content\/uploads\/2018\/07\/chiavari-panorama-1-1.jpg\" class=\"gallery-item-link fancy-gallery\" data-fancybox=\"gallery-69f4385a886d3\"> <span class=\"slide-info\"> <span class=\"slide-info-title\"> Panorama <\/span> <\/span> <\/a> <div class=\"overlay-content\"> <div class=\"overlay-content-center\"> <div class=\"overlay-content-inner\"> <a href=\"https:\/\/www.chiavariturismo.it\/wp-content\/uploads\/2018\/07\/chiavari-panorama-1-1.jpg\" class=\"icon photo \" > <\/a> <div class=\"overlay-line\"><\/div> <div class=\"title\"> Panorama <\/div> <\/div> <\/div> <\/div> <\/div> <\/div> <\/div> <\/li> <li class=\"gallery-item gallery-0 col-xs-12 col-sm-6 col-md-3 item-animations-not-inited single-icon post-28650 page type-page status-publish\" style=\"\"> <div class=\"wrap gem-wrapbox-style-default\"> <div class=\"overlay-wrap\"> <div class=\"image-wrap \"> <picture> <source srcset=\"https:\/\/www.chiavariturismo.it\/wp-content\/uploads\/2018\/07\/chiavari-oasi-faunistica-entella-thegem-portfolio-metro.jpg 1x\" sizes=\"100vw\"> <img src=\"https:\/\/www.chiavariturismo.it\/wp-content\/uploads\/2018\/07\/chiavari-oasi-faunistica-entella-thegem-portfolio-metro.jpg\" width=\"750\" height=\"500\" class=\"attachment-thegem-portfolio-metro\" alt=\"Oasis naturelle du Fleuve Entella\" \/> <\/picture> <\/div> <div class=\"overlay \"> <div class=\"overlay-circle\"><\/div> <a href=\"https:\/\/www.chiavariturismo.it\/wp-content\/uploads\/2018\/07\/chiavari-oasi-faunistica-entella.jpg\" class=\"gallery-item-link fancy-gallery\" data-fancybox=\"gallery-69f4385a886d3\"> <span class=\"slide-info\"> <span class=\"slide-info-title\"> Oasis naturelle du Fleuve Entella <\/span> <\/span> <\/a> <div class=\"overlay-content\"> <div class=\"overlay-content-center\"> <div class=\"overlay-content-inner\"> <a href=\"https:\/\/www.chiavariturismo.it\/wp-content\/uploads\/2018\/07\/chiavari-oasi-faunistica-entella.jpg\" class=\"icon photo \" > <\/a> <div class=\"overlay-line\"><\/div> <div class=\"title\"> Oasis naturelle du Fleuve Entella <\/div> <\/div> <\/div> <\/div> <\/div> <\/div> <\/div> <\/li> <li class=\"gallery-item gallery-0 col-xs-12 col-sm-6 col-md-3 item-animations-not-inited single-icon post-28650 page type-page status-publish\" style=\"\"> <div class=\"wrap gem-wrapbox-style-default\"> <div class=\"overlay-wrap\"> <div class=\"image-wrap \"> <picture> <source srcset=\"https:\/\/www.chiavariturismo.it\/wp-content\/uploads\/2018\/07\/chiavari-oasi-faunistica-entella-2-thegem-portfolio-metro.jpg 1x\" sizes=\"100vw\"> <img src=\"https:\/\/www.chiavariturismo.it\/wp-content\/uploads\/2018\/07\/chiavari-oasi-faunistica-entella-2-thegem-portfolio-metro.jpg\" width=\"750\" height=\"500\" class=\"attachment-thegem-portfolio-metro\" alt=\"Oasis naturelle du Fleuve Entella\" \/> <\/picture> <\/div> <div class=\"overlay \"> <div class=\"overlay-circle\"><\/div> <a href=\"https:\/\/www.chiavariturismo.it\/wp-content\/uploads\/2018\/07\/chiavari-oasi-faunistica-entella-2.jpg\" class=\"gallery-item-link fancy-gallery\" data-fancybox=\"gallery-69f4385a886d3\"> <span class=\"slide-info\"> <span class=\"slide-info-title\"> Oasis naturelle du Fleuve Entella <\/span> <\/span> <\/a> <div class=\"overlay-content\"> <div class=\"overlay-content-center\"> <div class=\"overlay-content-inner\"> <a href=\"https:\/\/www.chiavariturismo.it\/wp-content\/uploads\/2018\/07\/chiavari-oasi-faunistica-entella-2.jpg\" class=\"icon photo \" > <\/a> <div class=\"overlay-line\"><\/div> <div class=\"title\"> Oasis naturelle du Fleuve Entella <\/div> <\/div> <\/div> <\/div> <\/div> <\/div> <\/div> <\/li> <li class=\"gallery-item gallery-0 col-xs-12 col-sm-6 col-md-3 item-animations-not-inited single-icon post-28650 page type-page status-publish\" style=\"\"> <div class=\"wrap gem-wrapbox-style-default\"> <div class=\"overlay-wrap\"> <div class=\"image-wrap \"> <picture> <source srcset=\"https:\/\/www.chiavariturismo.it\/wp-content\/uploads\/2018\/07\/chiavari-oasi-faunistica-entella-3-thegem-portfolio-metro.jpg 1x\" sizes=\"100vw\"> <img src=\"https:\/\/www.chiavariturismo.it\/wp-content\/uploads\/2018\/07\/chiavari-oasi-faunistica-entella-3-thegem-portfolio-metro.jpg\" width=\"750\" height=\"500\" class=\"attachment-thegem-portfolio-metro\" alt=\"Villa Rocca\" \/> <\/picture> <\/div> <div class=\"overlay \"> <div class=\"overlay-circle\"><\/div> <a href=\"https:\/\/www.chiavariturismo.it\/wp-content\/uploads\/2018\/07\/chiavari-oasi-faunistica-entella-3.jpg\" class=\"gallery-item-link fancy-gallery\" data-fancybox=\"gallery-69f4385a886d3\"> <span class=\"slide-info\"> <span class=\"slide-info-title\"> Villa Rocca <\/span> <\/span> <\/a> <div class=\"overlay-content\"> <div class=\"overlay-content-center\"> <div class=\"overlay-content-inner\"> <a href=\"https:\/\/www.chiavariturismo.it\/wp-content\/uploads\/2018\/07\/chiavari-oasi-faunistica-entella-3.jpg\" class=\"icon photo \" > <\/a> <div class=\"overlay-line\"><\/div> <div class=\"title\"> Villa Rocca <\/div> <\/div> <\/div> <\/div> <\/div> <\/div> <\/div> <\/li> <li class=\"gallery-item gallery-0 col-xs-12 col-sm-6 col-md-3 item-animations-not-inited single-icon post-28650 page type-page status-publish\" style=\"\"> <div class=\"wrap gem-wrapbox-style-default\"> <div class=\"overlay-wrap\"> <div class=\"image-wrap \"> <picture> <source srcset=\"https:\/\/www.chiavariturismo.it\/wp-content\/uploads\/2018\/07\/chiavari-oasi-faunistica-entella-4-thegem-portfolio-metro.jpg 1x\" sizes=\"100vw\"> <img src=\"https:\/\/www.chiavariturismo.it\/wp-content\/uploads\/2018\/07\/chiavari-oasi-faunistica-entella-4-thegem-portfolio-metro.jpg\" width=\"750\" height=\"500\" class=\"attachment-thegem-portfolio-metro\" alt=\"Villa Rocca\" \/> <\/picture> <\/div> <div class=\"overlay \"> <div class=\"overlay-circle\"><\/div> <a href=\"https:\/\/www.chiavariturismo.it\/wp-content\/uploads\/2018\/07\/chiavari-oasi-faunistica-entella-4.jpg\" class=\"gallery-item-link fancy-gallery\" data-fancybox=\"gallery-69f4385a886d3\"> <span class=\"slide-info\"> <span class=\"slide-info-title\"> Villa Rocca - photo de Agnese Ghisellini <\/span> <\/span> <\/a> <div class=\"overlay-content\"> <div class=\"overlay-content-center\"> <div class=\"overlay-content-inner\"> <a href=\"https:\/\/www.chiavariturismo.it\/wp-content\/uploads\/2018\/07\/chiavari-oasi-faunistica-entella-4.jpg\" class=\"icon photo \" > <\/a> <div class=\"overlay-line\"><\/div> <div class=\"title\"> Villa Rocca - photo de Agnese Ghisellini <\/div> <\/div> <\/div> <\/div> <\/div> <\/div> <\/div> <\/li> <li class=\"gallery-item gallery-0 col-xs-12 col-sm-6 col-md-3 item-animations-not-inited single-icon post-28650 page type-page status-publish\" style=\"\"> <div class=\"wrap gem-wrapbox-style-default\"> <div class=\"overlay-wrap\"> <div class=\"image-wrap \"> <picture> <source srcset=\"https:\/\/www.chiavariturismo.it\/wp-content\/uploads\/2018\/07\/chiavari-oasi-faunistica-entella-5-thegem-portfolio-metro.jpg 1x\" sizes=\"100vw\"> <img src=\"https:\/\/www.chiavariturismo.it\/wp-content\/uploads\/2018\/07\/chiavari-oasi-faunistica-entella-5-thegem-portfolio-metro.jpg\" width=\"750\" height=\"500\" class=\"attachment-thegem-portfolio-metro\" alt=\"Oasis naturelle du Fleuve Entella\" \/> <\/picture> <\/div> <div class=\"overlay \"> <div class=\"overlay-circle\"><\/div> <a href=\"https:\/\/www.chiavariturismo.it\/wp-content\/uploads\/2018\/07\/chiavari-oasi-faunistica-entella-5.jpg\" class=\"gallery-item-link fancy-gallery\" data-fancybox=\"gallery-69f4385a886d3\"> <span class=\"slide-info\"> <span class=\"slide-info-title\"> Oasis naturelle du Fleuve Entella <\/span> <\/span> <\/a> <div class=\"overlay-content\"> <div class=\"overlay-content-center\"> <div class=\"overlay-content-inner\"> <a href=\"https:\/\/www.chiavariturismo.it\/wp-content\/uploads\/2018\/07\/chiavari-oasi-faunistica-entella-5.jpg\" class=\"icon photo \" > <\/a> <div class=\"overlay-line\"><\/div> <div class=\"title\"> Oasis naturelle du Fleuve Entella <\/div> <\/div> <\/div> <\/div> <\/div> <\/div> <\/div> <\/li> <li class=\"gallery-item gallery-0 col-xs-12 col-sm-6 col-md-3 item-animations-not-inited single-icon post-28650 page type-page status-publish\" style=\"\"> <div class=\"wrap gem-wrapbox-style-default\"> <div class=\"overlay-wrap\"> <div class=\"image-wrap \"> <picture> <source srcset=\"https:\/\/www.chiavariturismo.it\/wp-content\/uploads\/2018\/07\/chiavari-oasi-faunistica-entella-6-thegem-portfolio-metro.jpg 1x\" sizes=\"100vw\"> <img src=\"https:\/\/www.chiavariturismo.it\/wp-content\/uploads\/2018\/07\/chiavari-oasi-faunistica-entella-6-thegem-portfolio-metro.jpg\" width=\"750\" height=\"500\" class=\"attachment-thegem-portfolio-metro\" alt=\"Oasis naturelle du Fleuve Entella\" \/> <\/picture> <\/div> <div class=\"overlay \"> <div class=\"overlay-circle\"><\/div> <a href=\"https:\/\/www.chiavariturismo.it\/wp-content\/uploads\/2018\/07\/chiavari-oasi-faunistica-entella-6.jpg\" class=\"gallery-item-link fancy-gallery\" data-fancybox=\"gallery-69f4385a886d3\"> <span class=\"slide-info\"> <span class=\"slide-info-title\"> Oasis naturelle du Fleuve Entella <\/span> <\/span> <\/a> <div class=\"overlay-content\"> <div class=\"overlay-content-center\"> <div class=\"overlay-content-inner\"> <a href=\"https:\/\/www.chiavariturismo.it\/wp-content\/uploads\/2018\/07\/chiavari-oasi-faunistica-entella-6.jpg\" class=\"icon photo \" > <\/a> <div class=\"overlay-line\"><\/div> <div class=\"title\"> Oasis naturelle du Fleuve Entella <\/div> <\/div> <\/div> <\/div> <\/div> <\/div> <\/div> <\/li> <li class=\"gallery-item gallery-0 col-xs-12 col-sm-6 col-md-3 item-animations-not-inited single-icon post-28650 page type-page status-publish\" style=\"\"> <div class=\"wrap gem-wrapbox-style-default\"> <div class=\"overlay-wrap\"> <div class=\"image-wrap \"> <picture> <source srcset=\"https:\/\/www.chiavariturismo.it\/wp-content\/uploads\/2018\/07\/chiavari-villa-rocca-2-thegem-portfolio-metro.jpg 1x\" sizes=\"100vw\"> <img src=\"https:\/\/www.chiavariturismo.it\/wp-content\/uploads\/2018\/07\/chiavari-villa-rocca-2-thegem-portfolio-metro.jpg\" width=\"750\" height=\"500\" class=\"attachment-thegem-portfolio-metro\" alt=\"Villa Rocca\" \/> <\/picture> <\/div> <div class=\"overlay \"> <div class=\"overlay-circle\"><\/div> <a href=\"https:\/\/www.chiavariturismo.it\/wp-content\/uploads\/2018\/07\/chiavari-villa-rocca-2.jpg\" class=\"gallery-item-link fancy-gallery\" data-fancybox=\"gallery-69f4385a886d3\"> <span class=\"slide-info\"> <span class=\"slide-info-title\"> Villa Rocca <\/span> <\/span> <\/a> <div class=\"overlay-content\"> <div class=\"overlay-content-center\"> <div class=\"overlay-content-inner\"> <a href=\"https:\/\/www.chiavariturismo.it\/wp-content\/uploads\/2018\/07\/chiavari-villa-rocca-2.jpg\" class=\"icon photo \" > <\/a> <div class=\"overlay-line\"><\/div> <div class=\"title\"> Villa Rocca <\/div> <\/div> <\/div> <\/div> <\/div> <\/div> <\/div> <\/li> <li class=\"gallery-item gallery-0 col-xs-12 col-sm-6 col-md-3 item-animations-not-inited single-icon post-28650 page type-page status-publish\" style=\"\"> <div class=\"wrap gem-wrapbox-style-default\"> <div class=\"overlay-wrap\"> <div class=\"image-wrap \"> <picture> <source srcset=\"https:\/\/www.chiavariturismo.it\/wp-content\/uploads\/2018\/07\/chiavari-villa-rocca-2-verticale-thegem-portfolio-metro.jpg 1x\" sizes=\"100vw\"> <img src=\"https:\/\/www.chiavariturismo.it\/wp-content\/uploads\/2018\/07\/chiavari-villa-rocca-2-verticale-thegem-portfolio-metro.jpg\" width=\"381\" height=\"500\" class=\"attachment-thegem-portfolio-metro\" alt=\"Villa Rocca\" \/> <\/picture> <\/div> <div class=\"overlay \"> <div class=\"overlay-circle\"><\/div> <a href=\"https:\/\/www.chiavariturismo.it\/wp-content\/uploads\/2018\/07\/chiavari-villa-rocca-2-verticale.jpg\" class=\"gallery-item-link fancy-gallery\" data-fancybox=\"gallery-69f4385a886d3\"> <span class=\"slide-info\"> <span class=\"slide-info-title\"> Villa Rocca - photo de Agnese Ghisellini <\/span> <\/span> <\/a> <div class=\"overlay-content\"> <div class=\"overlay-content-center\"> <div class=\"overlay-content-inner\"> <a href=\"https:\/\/www.chiavariturismo.it\/wp-content\/uploads\/2018\/07\/chiavari-villa-rocca-2-verticale.jpg\" class=\"icon photo \" > <\/a> <div class=\"overlay-line\"><\/div> <div class=\"title\"> Villa Rocca - photo de Agnese Ghisellini <\/div> <\/div> <\/div> <\/div> <\/div> <\/div> <\/div> <\/li> <li class=\"gallery-item gallery-0 col-xs-12 col-sm-6 col-md-3 item-animations-not-inited single-icon post-28650 page type-page status-publish\" style=\"\"> <div class=\"wrap gem-wrapbox-style-default\"> <div class=\"overlay-wrap\"> <div class=\"image-wrap \"> <picture> <source srcset=\"https:\/\/www.chiavariturismo.it\/wp-content\/uploads\/2018\/07\/chiavari-villa-rocca-3-verticale-thegem-portfolio-metro.jpg 1x\" sizes=\"100vw\"> <img src=\"https:\/\/www.chiavariturismo.it\/wp-content\/uploads\/2018\/07\/chiavari-villa-rocca-3-verticale-thegem-portfolio-metro.jpg\" width=\"381\" height=\"500\" class=\"attachment-thegem-portfolio-metro\" alt=\"Villa Rocca\" \/> <\/picture> <\/div> <div class=\"overlay \"> <div class=\"overlay-circle\"><\/div> <a href=\"https:\/\/www.chiavariturismo.it\/wp-content\/uploads\/2018\/07\/chiavari-villa-rocca-3-verticale.jpg\" class=\"gallery-item-link fancy-gallery\" data-fancybox=\"gallery-69f4385a886d3\"> <span class=\"slide-info\"> <span class=\"slide-info-title\"> Villa Rocca <\/span> <\/span> <\/a> <div class=\"overlay-content\"> <div class=\"overlay-content-center\"> <div class=\"overlay-content-inner\"> <a href=\"https:\/\/www.chiavariturismo.it\/wp-content\/uploads\/2018\/07\/chiavari-villa-rocca-3-verticale.jpg\" class=\"icon photo \" > <\/a> <div class=\"overlay-line\"><\/div> <div class=\"title\"> Villa Rocca <\/div> <\/div> <\/div> <\/div> <\/div> <\/div> <\/div> <\/li> <\/ul> <div class=\"portfolio-item-size-container\"> <li class=\"gallery-item size-item col-xs-12 col-sm-6 col-md-3 post-28650 page type-page status-publish\" style=\"\"> <\/li> <\/div> <\/div> <\/div> <\/div> <\/div>[vc_empty_space height=&#8221;50px&#8221; el_class=&#8221;none&#8221;][\/vc_column][\/vc_row]<\/div>","protected":false},"excerpt":{"rendered":"<p>[vc_row full_width=&#8221;stretch_row&#8221;][vc_column][vc_empty_space][\/vc_column][\/vc_row][vc_row css_animation=&#8221;slideInLeft&#8221;][vc_column][vc_raw_html]JTNDZGl2JTIwc3R5bGUlM0QlMjJwYWRkaW5nJTNBNTYuMjUlMjUlMjAwJTIwMCUyMDAlM0Jwb3NpdGlvbiUzQXJlbGF0aXZlJTNCJTIyJTNFJTNDaWZyYW1lJTIwc3JjJTNEJTIyaHR0cHMlM0ElMkYlMkZwbGF5ZXIudmltZW8uY29tJTJGdmlkZW8lMkYzMDE4MjE4MjElM0ZhdXRvcGxheSUzRDElMjZ0aXRsZSUzRDAlMjZieWxpbmUlM0QwJTI2cG9ydHJhaXQlM0QwJTI2bG9vcCUzRDAlMjIlMjBzdHlsZSUzRCUyMnBvc2l0aW9uJTNBYWJzb2x1dGUlM0J0b3AlM0EwJTNCbGVmdCUzQTAlM0J3aWR0aCUzQTEwMCUyNSUzQmhlaWdodCUzQTEwMCUyNSUzQiUyMiUyMGZyYW1lYm9yZGVyJTNEJTIyMCUyMiUyMHdlYmtpdGFsbG93ZnVsbHNjcmVlbiUyMG1vemFsbG93ZnVsbHNjcmVlbiUyMGFsbG93ZnVsbHNjcmVlbiUyMGFsbG93JTNEJTIyYXV0b3BsYXklMjIlM0UlM0MlMkZpZnJhbWUlM0UlM0MlMkZkaXYlM0UlM0NzY3JpcHQlMjBzcmMlM0QlMjJodHRwcyUzQSUyRiUyRnBsYXllci52aW1lby5jb20lMkZhcGklMkZwbGF5ZXIuanMlMjIlM0UlM0MlMkZzY3JpcHQlM0U=[\/vc_raw_html][vc_text_separator title_level=&#8221;h3&#8243; title=&#8221;Histoire&#8221; css_animation=&#8221;fadeIn&#8221; css=&#8221;.vc_custom_1562163879916{margin-bottom: 0px !important;border-bottom-width: 0px !important;}&#8221;][vc_empty_space height=&#8221;50px&#8221; el_class=&#8221;none&#8221;][vc_text_separator title_level=&#8221;h3&#8243; title=&#8221;Port de Plaisance &amp; Promenade sur&#8230;<\/p>\n","protected":false},"author":2,"featured_media":0,"parent":0,"menu_order":0,"comment_status":"closed","ping_status":"closed","template":"","meta":{"footnotes":""},"class_list":["post-28650","page","type-page","status-publish"],"yoast_head":"<!-- This site is optimized with the Yoast SEO plugin v25.6 - https:\/\/yoast.com\/wordpress\/plugins\/seo\/ -->\n<title>Gallery | Portale Ufficiale del Turismo Comune di Chiavari<\/title>\n<meta name=\"description\" content=\"Gallerie: un ample album photo \u00e0 &quot;feuilleter&quot; pour d\u00e9couvrir toute la beaut\u00e9 de Chiavari, depuis les photos historiques jusqu\u2019\u00e0 nos jours.\" \/>\n<meta name=\"robots\" content=\"index, follow, max-snippet:-1, max-image-preview:large, max-video-preview:-1\" \/>\n<link rel=\"canonical\" href=\"https:\/\/www.chiavariturismo.it\/fr\/gallery\/\" \/>\n<meta property=\"og:locale\" content=\"fr_FR\" \/>\n<meta property=\"og:type\" content=\"article\" \/>\n<meta property=\"og:title\" content=\"Gallery | Portale Ufficiale del Turismo Comune di Chiavari\" \/>\n<meta property=\"og:description\" content=\"Gallerie: un ample album photo \u00e0 &quot;feuilleter&quot; pour d\u00e9couvrir toute la beaut\u00e9 de Chiavari, depuis les photos historiques jusqu\u2019\u00e0 nos jours.\" \/>\n<meta property=\"og:url\" content=\"https:\/\/www.chiavariturismo.it\/fr\/gallery\/\" \/>\n<meta property=\"og:site_name\" content=\"Portale Ufficiale del Turismo Comune di Chiavari\" \/>\n<meta property=\"article:publisher\" content=\"https:\/\/www.facebook.com\/comune.chiavari\/\" \/>\n<meta property=\"article:modified_time\" content=\"2024-11-27T13:23:34+00:00\" \/>\n<meta name=\"twitter:card\" content=\"summary_large_image\" \/>\n<meta name=\"twitter:label1\" content=\"Dur\u00e9e de lecture estim\u00e9e\" \/>\n\t<meta name=\"twitter:data1\" content=\"1 minute\" \/>\n<script type=\"application\/ld+json\" class=\"yoast-schema-graph\">{\"@context\":\"https:\/\/schema.org\",\"@graph\":[{\"@type\":\"WebPage\",\"@id\":\"https:\/\/www.chiavariturismo.it\/fr\/gallery\/\",\"url\":\"https:\/\/www.chiavariturismo.it\/fr\/gallery\/\",\"name\":\"Gallery | Portale Ufficiale del Turismo Comune di Chiavari\",\"isPartOf\":{\"@id\":\"https:\/\/www.chiavariturismo.it\/fr\/#website\"},\"datePublished\":\"2019-07-03T14:29:50+00:00\",\"dateModified\":\"2024-11-27T13:23:34+00:00\",\"description\":\"Gallerie: un ample album photo \u00e0 \\\"feuilleter\\\" pour d\u00e9couvrir toute la beaut\u00e9 de Chiavari, depuis les photos historiques jusqu\u2019\u00e0 nos jours.\",\"breadcrumb\":{\"@id\":\"https:\/\/www.chiavariturismo.it\/fr\/gallery\/#breadcrumb\"},\"inLanguage\":\"fr-FR\",\"potentialAction\":[{\"@type\":\"ReadAction\",\"target\":[\"https:\/\/www.chiavariturismo.it\/fr\/gallery\/\"]}]},{\"@type\":\"BreadcrumbList\",\"@id\":\"https:\/\/www.chiavariturismo.it\/fr\/gallery\/#breadcrumb\",\"itemListElement\":[{\"@type\":\"ListItem\",\"position\":1,\"name\":\"Home\",\"item\":\"https:\/\/www.chiavariturismo.it\/fr\/\"},{\"@type\":\"ListItem\",\"position\":2,\"name\":\"Gallery\"}]},{\"@type\":\"WebSite\",\"@id\":\"https:\/\/www.chiavariturismo.it\/fr\/#website\",\"url\":\"https:\/\/www.chiavariturismo.it\/fr\/\",\"name\":\"Portale Ufficiale del Turismo Comune di Chiavari\",\"description\":\"Chiavari Turismo: scopri la nostra citt\u00e0\",\"publisher\":{\"@id\":\"https:\/\/www.chiavariturismo.it\/fr\/#organization\"},\"potentialAction\":[{\"@type\":\"SearchAction\",\"target\":{\"@type\":\"EntryPoint\",\"urlTemplate\":\"https:\/\/www.chiavariturismo.it\/fr\/?s={search_term_string}\"},\"query-input\":{\"@type\":\"PropertyValueSpecification\",\"valueRequired\":true,\"valueName\":\"search_term_string\"}}],\"inLanguage\":\"fr-FR\"},{\"@type\":\"Organization\",\"@id\":\"https:\/\/www.chiavariturismo.it\/fr\/#organization\",\"name\":\"Comune di Chiavari\",\"url\":\"https:\/\/www.chiavariturismo.it\/fr\/\",\"logo\":{\"@type\":\"ImageObject\",\"inLanguage\":\"fr-FR\",\"@id\":\"https:\/\/www.chiavariturismo.it\/fr\/#\/schema\/logo\/image\/\",\"url\":\"https:\/\/www.chiavariturismo.it\/wp-content\/uploads\/2018\/10\/Chiavari-Stemma-logo.jpg\",\"contentUrl\":\"https:\/\/www.chiavariturismo.it\/wp-content\/uploads\/2018\/10\/Chiavari-Stemma-logo.jpg\",\"width\":100,\"height\":96,\"caption\":\"Comune di Chiavari\"},\"image\":{\"@id\":\"https:\/\/www.chiavariturismo.it\/fr\/#\/schema\/logo\/image\/\"},\"sameAs\":[\"https:\/\/www.facebook.com\/comune.chiavari\/\"]}]}<\/script>\n<!-- \/ Yoast SEO plugin. -->","yoast_head_json":{"title":"Gallery | Portale Ufficiale del Turismo Comune di Chiavari","description":"Gallerie: un ample album photo \u00e0 \"feuilleter\" pour d\u00e9couvrir toute la beaut\u00e9 de Chiavari, depuis les photos historiques jusqu\u2019\u00e0 nos jours.","robots":{"index":"index","follow":"follow","max-snippet":"max-snippet:-1","max-image-preview":"max-image-preview:large","max-video-preview":"max-video-preview:-1"},"canonical":"https:\/\/www.chiavariturismo.it\/fr\/gallery\/","og_locale":"fr_FR","og_type":"article","og_title":"Gallery | Portale Ufficiale del Turismo Comune di Chiavari","og_description":"Gallerie: un ample album photo \u00e0 \"feuilleter\" pour d\u00e9couvrir toute la beaut\u00e9 de Chiavari, depuis les photos historiques jusqu\u2019\u00e0 nos jours.","og_url":"https:\/\/www.chiavariturismo.it\/fr\/gallery\/","og_site_name":"Portale Ufficiale del Turismo Comune di Chiavari","article_publisher":"https:\/\/www.facebook.com\/comune.chiavari\/","article_modified_time":"2024-11-27T13:23:34+00:00","twitter_card":"summary_large_image","twitter_misc":{"Dur\u00e9e de lecture estim\u00e9e":"1 minute"},"schema":{"@context":"https:\/\/schema.org","@graph":[{"@type":"WebPage","@id":"https:\/\/www.chiavariturismo.it\/fr\/gallery\/","url":"https:\/\/www.chiavariturismo.it\/fr\/gallery\/","name":"Gallery | Portale Ufficiale del Turismo Comune di Chiavari","isPartOf":{"@id":"https:\/\/www.chiavariturismo.it\/fr\/#website"},"datePublished":"2019-07-03T14:29:50+00:00","dateModified":"2024-11-27T13:23:34+00:00","description":"Gallerie: un ample album photo \u00e0 \"feuilleter\" pour d\u00e9couvrir toute la beaut\u00e9 de Chiavari, depuis les photos historiques jusqu\u2019\u00e0 nos jours.","breadcrumb":{"@id":"https:\/\/www.chiavariturismo.it\/fr\/gallery\/#breadcrumb"},"inLanguage":"fr-FR","potentialAction":[{"@type":"ReadAction","target":["https:\/\/www.chiavariturismo.it\/fr\/gallery\/"]}]},{"@type":"BreadcrumbList","@id":"https:\/\/www.chiavariturismo.it\/fr\/gallery\/#breadcrumb","itemListElement":[{"@type":"ListItem","position":1,"name":"Home","item":"https:\/\/www.chiavariturismo.it\/fr\/"},{"@type":"ListItem","position":2,"name":"Gallery"}]},{"@type":"WebSite","@id":"https:\/\/www.chiavariturismo.it\/fr\/#website","url":"https:\/\/www.chiavariturismo.it\/fr\/","name":"Portale Ufficiale del Turismo Comune di Chiavari","description":"Chiavari Turismo: scopri la nostra citt\u00e0","publisher":{"@id":"https:\/\/www.chiavariturismo.it\/fr\/#organization"},"potentialAction":[{"@type":"SearchAction","target":{"@type":"EntryPoint","urlTemplate":"https:\/\/www.chiavariturismo.it\/fr\/?s={search_term_string}"},"query-input":{"@type":"PropertyValueSpecification","valueRequired":true,"valueName":"search_term_string"}}],"inLanguage":"fr-FR"},{"@type":"Organization","@id":"https:\/\/www.chiavariturismo.it\/fr\/#organization","name":"Comune di Chiavari","url":"https:\/\/www.chiavariturismo.it\/fr\/","logo":{"@type":"ImageObject","inLanguage":"fr-FR","@id":"https:\/\/www.chiavariturismo.it\/fr\/#\/schema\/logo\/image\/","url":"https:\/\/www.chiavariturismo.it\/wp-content\/uploads\/2018\/10\/Chiavari-Stemma-logo.jpg","contentUrl":"https:\/\/www.chiavariturismo.it\/wp-content\/uploads\/2018\/10\/Chiavari-Stemma-logo.jpg","width":100,"height":96,"caption":"Comune di Chiavari"},"image":{"@id":"https:\/\/www.chiavariturismo.it\/fr\/#\/schema\/logo\/image\/"},"sameAs":["https:\/\/www.facebook.com\/comune.chiavari\/"]}]}},"_links":{"self":[{"href":"https:\/\/www.chiavariturismo.it\/fr\/wp-json\/wp\/v2\/pages\/28650","targetHints":{"allow":["GET"]}}],"collection":[{"href":"https:\/\/www.chiavariturismo.it\/fr\/wp-json\/wp\/v2\/pages"}],"about":[{"href":"https:\/\/www.chiavariturismo.it\/fr\/wp-json\/wp\/v2\/types\/page"}],"author":[{"embeddable":true,"href":"https:\/\/www.chiavariturismo.it\/fr\/wp-json\/wp\/v2\/users\/2"}],"replies":[{"embeddable":true,"href":"https:\/\/www.chiavariturismo.it\/fr\/wp-json\/wp\/v2\/comments?post=28650"}],"version-history":[{"count":14,"href":"https:\/\/www.chiavariturismo.it\/fr\/wp-json\/wp\/v2\/pages\/28650\/revisions"}],"predecessor-version":[{"id":33922,"href":"https:\/\/www.chiavariturismo.it\/fr\/wp-json\/wp\/v2\/pages\/28650\/revisions\/33922"}],"wp:attachment":[{"href":"https:\/\/www.chiavariturismo.it\/fr\/wp-json\/wp\/v2\/media?parent=28650"}],"curies":[{"name":"wp","href":"https:\/\/api.w.org\/{rel}","templated":true}]}}