{"id":31774,"date":"2024-05-22T15:31:12","date_gmt":"2024-05-22T13:31:12","guid":{"rendered":"https:\/\/www.chiavariturismo.it\/?page_id=31774"},"modified":"2024-05-22T15:31:12","modified_gmt":"2024-05-22T13:31:12","slug":"les-journees-de-chiavari","status":"publish","type":"page","link":"https:\/\/www.chiavariturismo.it\/fr\/les-journees-de-chiavari\/","title":{"rendered":"Les Journ\u00e9es De Chiavari"},"content":{"rendered":"<div class=\"wpb-content-wrapper\">[vc_row][vc_column css_animation=&#8221;none&#8221;][vc_empty_space height=&#8221;20px&#8221; el_class=&#8221;none&#8221;][vc_row_inner][vc_column_inner width=&#8221;1\/6&#8243;][\/vc_column_inner][vc_column_inner width=&#8221;2\/3&#8243;][vc_single_image image=&#8221;31786&#8243; img_size=&#8221;full&#8221; alignment=&#8221;center&#8221; css=&#8221;&#8221;][\/vc_column_inner][vc_column_inner width=&#8221;1\/6&#8243;][\/vc_column_inner][\/vc_row_inner][vc_column_text css=&#8221;&#8221; css_animation=&#8221;none&#8221;]Ce festival culturel, \u00e0 sa premi\u00e8re \u00e9diton, est d\u00e9di\u00e9e \u00e0 la promotion et au d\u00e9veloppement de l\u2019art, de l\u2019histoire, de la recherche scientifique, de la protection du paysage et du patrimoine historique et artistique.\r\n\r\nTh\u00e8mes indiqu\u00e9s dans l\u2019article 9 de la Constitution, fil conducteur de la manifestation.\r\n\r\nOccasion unique pour c\u00e9l\u00e9brer la culture et la beaut\u00e9 de Chiavari. Du 30 mai au 2 juin 2024.\r\n\r\nL\u2019\u00e9v\u00e8nement est organis\u00e9 par l\u2019Assessorat au Tourisme.[\/vc_column_text][vc_empty_space height=&#8221;20px&#8221; el_class=&#8221;none&#8221;][\/vc_column][\/vc_row]<\/div>","protected":false},"excerpt":{"rendered":"<p>[vc_row][vc_column css_animation=&#8221;none&#8221;][vc_empty_space height=&#8221;20px&#8221; el_class=&#8221;none&#8221;][vc_row_inner][vc_column_inner width=&#8221;1\/6&#8243;][\/vc_column_inner][vc_column_inner width=&#8221;2\/3&#8243;][vc_single_image image=&#8221;31786&#8243; img_size=&#8221;full&#8221; alignment=&#8221;center&#8221; css=&#8221;&#8221;][\/vc_column_inner][vc_column_inner width=&#8221;1\/6&#8243;][\/vc_column_inner][\/vc_row_inner][vc_column_text css=&#8221;&#8221; css_animation=&#8221;none&#8221;]Ce festival culturel, \u00e0 sa premi\u00e8re \u00e9diton, est&#8230;<\/p>\n","protected":false},"author":2,"featured_media":35356,"parent":0,"menu_order":0,"comment_status":"closed","ping_status":"closed","template":"","meta":{"footnotes":""},"class_list":["post-31774","page","type-page","status-publish","has-post-thumbnail"],"yoast_head":"<!-- This site is optimized with the Yoast SEO plugin v25.6 - https:\/\/yoast.com\/wordpress\/plugins\/seo\/ -->\n<title>Les Journ\u00e9es De Chiavari | Portale Ufficiale del Turismo Comune di Chiavari<\/title>\n<meta name=\"description\" content=\"Ce festival culturel, \u00e0 sa premi\u00e8re \u00e9diton, est d\u00e9di\u00e9e \u00e0 la promotion et au d\u00e9veloppement de l\u2019art, de l\u2019histoire, de la recherche scientifique, de la protection du paysage et du patrimoine historique et artistique.\" \/>\n<meta name=\"robots\" content=\"index, follow, max-snippet:-1, max-image-preview:large, max-video-preview:-1\" \/>\n<link rel=\"canonical\" href=\"https:\/\/www.chiavariturismo.it\/fr\/les-journees-de-chiavari\/\" \/>\n<meta property=\"og:locale\" content=\"fr_FR\" \/>\n<meta property=\"og:type\" content=\"article\" \/>\n<meta property=\"og:title\" content=\"Les Journ\u00e9es De Chiavari | Portale Ufficiale del Turismo Comune di Chiavari\" \/>\n<meta property=\"og:description\" content=\"Ce festival culturel, \u00e0 sa premi\u00e8re \u00e9diton, est d\u00e9di\u00e9e \u00e0 la promotion et au d\u00e9veloppement de l\u2019art, de l\u2019histoire, de la recherche scientifique, de la protection du paysage et du patrimoine historique et artistique.\" \/>\n<meta property=\"og:url\" content=\"https:\/\/www.chiavariturismo.it\/fr\/les-journees-de-chiavari\/\" \/>\n<meta property=\"og:site_name\" content=\"Portale Ufficiale del Turismo Comune di Chiavari\" \/>\n<meta property=\"article:publisher\" content=\"https:\/\/www.facebook.com\/comune.chiavari\/\" \/>\n<meta name=\"twitter:card\" content=\"summary_large_image\" \/>\n<meta name=\"twitter:label1\" content=\"Dur\u00e9e de lecture estim\u00e9e\" \/>\n\t<meta name=\"twitter:data1\" content=\"1 minute\" \/>\n<script type=\"application\/ld+json\" class=\"yoast-schema-graph\">{\"@context\":\"https:\/\/schema.org\",\"@graph\":[{\"@type\":\"WebPage\",\"@id\":\"https:\/\/www.chiavariturismo.it\/fr\/les-journees-de-chiavari\/\",\"url\":\"https:\/\/www.chiavariturismo.it\/fr\/les-journees-de-chiavari\/\",\"name\":\"Les Journ\u00e9es De Chiavari | Portale Ufficiale del Turismo Comune di Chiavari\",\"isPartOf\":{\"@id\":\"https:\/\/www.chiavariturismo.it\/fr\/#website\"},\"primaryImageOfPage\":{\"@id\":\"https:\/\/www.chiavariturismo.it\/fr\/les-journees-de-chiavari\/#primaryimage\"},\"image\":{\"@id\":\"https:\/\/www.chiavariturismo.it\/fr\/les-journees-de-chiavari\/#primaryimage\"},\"thumbnailUrl\":\"https:\/\/www.chiavariturismo.it\/wp-content\/uploads\/2025\/05\/PROGRAMMA_Giornate-di-Chiavari_page-0001.jpg\",\"datePublished\":\"2024-05-22T13:31:12+00:00\",\"description\":\"Ce festival culturel, \u00e0 sa premi\u00e8re \u00e9diton, est d\u00e9di\u00e9e \u00e0 la promotion et au d\u00e9veloppement de l\u2019art, de l\u2019histoire, de la recherche scientifique, de la protection du paysage et du patrimoine historique et artistique.\",\"breadcrumb\":{\"@id\":\"https:\/\/www.chiavariturismo.it\/fr\/les-journees-de-chiavari\/#breadcrumb\"},\"inLanguage\":\"fr-FR\",\"potentialAction\":[{\"@type\":\"ReadAction\",\"target\":[\"https:\/\/www.chiavariturismo.it\/fr\/les-journees-de-chiavari\/\"]}]},{\"@type\":\"ImageObject\",\"inLanguage\":\"fr-FR\",\"@id\":\"https:\/\/www.chiavariturismo.it\/fr\/les-journees-de-chiavari\/#primaryimage\",\"url\":\"https:\/\/www.chiavariturismo.it\/wp-content\/uploads\/2025\/05\/PROGRAMMA_Giornate-di-Chiavari_page-0001.jpg\",\"contentUrl\":\"https:\/\/www.chiavariturismo.it\/wp-content\/uploads\/2025\/05\/PROGRAMMA_Giornate-di-Chiavari_page-0001.jpg\",\"width\":1755,\"height\":1241},{\"@type\":\"BreadcrumbList\",\"@id\":\"https:\/\/www.chiavariturismo.it\/fr\/les-journees-de-chiavari\/#breadcrumb\",\"itemListElement\":[{\"@type\":\"ListItem\",\"position\":1,\"name\":\"Home\",\"item\":\"https:\/\/www.chiavariturismo.it\/fr\/\"},{\"@type\":\"ListItem\",\"position\":2,\"name\":\"Les Journ\u00e9es De Chiavari\"}]},{\"@type\":\"WebSite\",\"@id\":\"https:\/\/www.chiavariturismo.it\/fr\/#website\",\"url\":\"https:\/\/www.chiavariturismo.it\/fr\/\",\"name\":\"Portale Ufficiale del Turismo Comune di Chiavari\",\"description\":\"Chiavari Turismo: scopri la nostra citt\u00e0\",\"publisher\":{\"@id\":\"https:\/\/www.chiavariturismo.it\/fr\/#organization\"},\"potentialAction\":[{\"@type\":\"SearchAction\",\"target\":{\"@type\":\"EntryPoint\",\"urlTemplate\":\"https:\/\/www.chiavariturismo.it\/fr\/?s={search_term_string}\"},\"query-input\":{\"@type\":\"PropertyValueSpecification\",\"valueRequired\":true,\"valueName\":\"search_term_string\"}}],\"inLanguage\":\"fr-FR\"},{\"@type\":\"Organization\",\"@id\":\"https:\/\/www.chiavariturismo.it\/fr\/#organization\",\"name\":\"Comune di Chiavari\",\"url\":\"https:\/\/www.chiavariturismo.it\/fr\/\",\"logo\":{\"@type\":\"ImageObject\",\"inLanguage\":\"fr-FR\",\"@id\":\"https:\/\/www.chiavariturismo.it\/fr\/#\/schema\/logo\/image\/\",\"url\":\"https:\/\/www.chiavariturismo.it\/wp-content\/uploads\/2018\/10\/Chiavari-Stemma-logo.jpg\",\"contentUrl\":\"https:\/\/www.chiavariturismo.it\/wp-content\/uploads\/2018\/10\/Chiavari-Stemma-logo.jpg\",\"width\":100,\"height\":96,\"caption\":\"Comune di Chiavari\"},\"image\":{\"@id\":\"https:\/\/www.chiavariturismo.it\/fr\/#\/schema\/logo\/image\/\"},\"sameAs\":[\"https:\/\/www.facebook.com\/comune.chiavari\/\"]}]}<\/script>\n<!-- \/ Yoast SEO plugin. -->","yoast_head_json":{"title":"Les Journ\u00e9es De Chiavari | Portale Ufficiale del Turismo Comune di Chiavari","description":"Ce festival culturel, \u00e0 sa premi\u00e8re \u00e9diton, est d\u00e9di\u00e9e \u00e0 la promotion et au d\u00e9veloppement de l\u2019art, de l\u2019histoire, de la recherche scientifique, de la protection du paysage et du patrimoine historique et artistique.","robots":{"index":"index","follow":"follow","max-snippet":"max-snippet:-1","max-image-preview":"max-image-preview:large","max-video-preview":"max-video-preview:-1"},"canonical":"https:\/\/www.chiavariturismo.it\/fr\/les-journees-de-chiavari\/","og_locale":"fr_FR","og_type":"article","og_title":"Les Journ\u00e9es De Chiavari | Portale Ufficiale del Turismo Comune di Chiavari","og_description":"Ce festival culturel, \u00e0 sa premi\u00e8re \u00e9diton, est d\u00e9di\u00e9e \u00e0 la promotion et au d\u00e9veloppement de l\u2019art, de l\u2019histoire, de la recherche scientifique, de la protection du paysage et du patrimoine historique et artistique.","og_url":"https:\/\/www.chiavariturismo.it\/fr\/les-journees-de-chiavari\/","og_site_name":"Portale Ufficiale del Turismo Comune di Chiavari","article_publisher":"https:\/\/www.facebook.com\/comune.chiavari\/","twitter_card":"summary_large_image","twitter_misc":{"Dur\u00e9e de lecture estim\u00e9e":"1 minute"},"schema":{"@context":"https:\/\/schema.org","@graph":[{"@type":"WebPage","@id":"https:\/\/www.chiavariturismo.it\/fr\/les-journees-de-chiavari\/","url":"https:\/\/www.chiavariturismo.it\/fr\/les-journees-de-chiavari\/","name":"Les Journ\u00e9es De Chiavari | Portale Ufficiale del Turismo Comune di Chiavari","isPartOf":{"@id":"https:\/\/www.chiavariturismo.it\/fr\/#website"},"primaryImageOfPage":{"@id":"https:\/\/www.chiavariturismo.it\/fr\/les-journees-de-chiavari\/#primaryimage"},"image":{"@id":"https:\/\/www.chiavariturismo.it\/fr\/les-journees-de-chiavari\/#primaryimage"},"thumbnailUrl":"https:\/\/www.chiavariturismo.it\/wp-content\/uploads\/2025\/05\/PROGRAMMA_Giornate-di-Chiavari_page-0001.jpg","datePublished":"2024-05-22T13:31:12+00:00","description":"Ce festival culturel, \u00e0 sa premi\u00e8re \u00e9diton, est d\u00e9di\u00e9e \u00e0 la promotion et au d\u00e9veloppement de l\u2019art, de l\u2019histoire, de la recherche scientifique, de la protection du paysage et du patrimoine historique et artistique.","breadcrumb":{"@id":"https:\/\/www.chiavariturismo.it\/fr\/les-journees-de-chiavari\/#breadcrumb"},"inLanguage":"fr-FR","potentialAction":[{"@type":"ReadAction","target":["https:\/\/www.chiavariturismo.it\/fr\/les-journees-de-chiavari\/"]}]},{"@type":"ImageObject","inLanguage":"fr-FR","@id":"https:\/\/www.chiavariturismo.it\/fr\/les-journees-de-chiavari\/#primaryimage","url":"https:\/\/www.chiavariturismo.it\/wp-content\/uploads\/2025\/05\/PROGRAMMA_Giornate-di-Chiavari_page-0001.jpg","contentUrl":"https:\/\/www.chiavariturismo.it\/wp-content\/uploads\/2025\/05\/PROGRAMMA_Giornate-di-Chiavari_page-0001.jpg","width":1755,"height":1241},{"@type":"BreadcrumbList","@id":"https:\/\/www.chiavariturismo.it\/fr\/les-journees-de-chiavari\/#breadcrumb","itemListElement":[{"@type":"ListItem","position":1,"name":"Home","item":"https:\/\/www.chiavariturismo.it\/fr\/"},{"@type":"ListItem","position":2,"name":"Les Journ\u00e9es De Chiavari"}]},{"@type":"WebSite","@id":"https:\/\/www.chiavariturismo.it\/fr\/#website","url":"https:\/\/www.chiavariturismo.it\/fr\/","name":"Portale Ufficiale del Turismo Comune di Chiavari","description":"Chiavari Turismo: scopri la nostra citt\u00e0","publisher":{"@id":"https:\/\/www.chiavariturismo.it\/fr\/#organization"},"potentialAction":[{"@type":"SearchAction","target":{"@type":"EntryPoint","urlTemplate":"https:\/\/www.chiavariturismo.it\/fr\/?s={search_term_string}"},"query-input":{"@type":"PropertyValueSpecification","valueRequired":true,"valueName":"search_term_string"}}],"inLanguage":"fr-FR"},{"@type":"Organization","@id":"https:\/\/www.chiavariturismo.it\/fr\/#organization","name":"Comune di Chiavari","url":"https:\/\/www.chiavariturismo.it\/fr\/","logo":{"@type":"ImageObject","inLanguage":"fr-FR","@id":"https:\/\/www.chiavariturismo.it\/fr\/#\/schema\/logo\/image\/","url":"https:\/\/www.chiavariturismo.it\/wp-content\/uploads\/2018\/10\/Chiavari-Stemma-logo.jpg","contentUrl":"https:\/\/www.chiavariturismo.it\/wp-content\/uploads\/2018\/10\/Chiavari-Stemma-logo.jpg","width":100,"height":96,"caption":"Comune di Chiavari"},"image":{"@id":"https:\/\/www.chiavariturismo.it\/fr\/#\/schema\/logo\/image\/"},"sameAs":["https:\/\/www.facebook.com\/comune.chiavari\/"]}]}},"_links":{"self":[{"href":"https:\/\/www.chiavariturismo.it\/fr\/wp-json\/wp\/v2\/pages\/31774","targetHints":{"allow":["GET"]}}],"collection":[{"href":"https:\/\/www.chiavariturismo.it\/fr\/wp-json\/wp\/v2\/pages"}],"about":[{"href":"https:\/\/www.chiavariturismo.it\/fr\/wp-json\/wp\/v2\/types\/page"}],"author":[{"embeddable":true,"href":"https:\/\/www.chiavariturismo.it\/fr\/wp-json\/wp\/v2\/users\/2"}],"replies":[{"embeddable":true,"href":"https:\/\/www.chiavariturismo.it\/fr\/wp-json\/wp\/v2\/comments?post=31774"}],"version-history":[{"count":3,"href":"https:\/\/www.chiavariturismo.it\/fr\/wp-json\/wp\/v2\/pages\/31774\/revisions"}],"predecessor-version":[{"id":32192,"href":"https:\/\/www.chiavariturismo.it\/fr\/wp-json\/wp\/v2\/pages\/31774\/revisions\/32192"}],"wp:featuredmedia":[{"embeddable":true,"href":"https:\/\/www.chiavariturismo.it\/fr\/wp-json\/wp\/v2\/media\/35356"}],"wp:attachment":[{"href":"https:\/\/www.chiavariturismo.it\/fr\/wp-json\/wp\/v2\/media?parent=31774"}],"curies":[{"name":"wp","href":"https:\/\/api.w.org\/{rel}","templated":true}]}}